{"id":713,"date":"2019-01-22T14:38:39","date_gmt":"2019-01-22T14:38:39","guid":{"rendered":"http:\/\/www.zitlaudatosi.cz\/?page_id=713"},"modified":"2025-07-19T07:57:52","modified_gmt":"2025-07-19T07:57:52","slug":"slaveni","status":"publish","type":"page","link":"https:\/\/www.zitlaudatosi.cz\/index.php\/slaveni\/","title":{"rendered":"Slaven\u00ed"},"content":{"rendered":"<p>[et_pb_section fb_built=&#8220;1&#8243; _builder_version=&#8220;4.16&#8243; bottom_divider_height=&#8220;0px&#8220; global_colors_info=&#8220;{}&#8220;][et_pb_row _builder_version=&#8220;4.19.4&#8243; custom_padding=&#8220;24px|0px|0|0px|false|false&#8220; global_colors_info=&#8220;{}&#8220;][et_pb_column type=&#8220;4_4&#8243; _builder_version=&#8220;4.16&#8243; custom_padding=&#8220;|||&#8220; global_colors_info=&#8220;{}&#8220; custom_padding__hover=&#8220;|||&#8220;][et_pb_text _builder_version=&#8220;4.27.4&#8243; text_font=&#8220;||||||||&#8220; text_line_height=&#8220;1.4em&#8220; global_colors_info=&#8220;{}&#8220;]<\/p>\n<p><span style=\"font-size: large; color: #28bf1a;\">Zat\u00edmco slaven\u00ed doby adventn\u00ed, doby v\u00e1no\u010dn\u00ed, doby postn\u00ed a doby velikono\u010dn\u00ed se v c\u00edrkvi ust\u00e1lilo ji\u017e ve st\u0159edov\u011bku, &#8222;doba stvo\u0159en\u00ed&#8220; se v k\u0159es\u0165ansk\u00fdch c\u00edrkv\u00edch slav\u00ed zhruba od roku 2000. Je to n\u011bkolik t\u00fddn\u016f po\u010d\u00ednaje Dnem modliteb za p\u00e9\u010di o stvo\u0159en\u00ed 1. z\u00e1\u0159\u00ed do sv\u00e1tku sv. Franti\u0161ka z Assisi 4. \u0159\u00edjna, kdy mohou k\u0159es\u0165an\u00e9 slavit Bo\u017e\u00ed d\u00edlo stvo\u0159en\u00ed, d\u011bkovat za n\u011bj a v\u011bnovat zvl\u00e1\u0161tn\u00ed pozornost vztah\u016fm mezi sebou navz\u00e1jem a s cel\u00fdm stvo\u0159en\u00fdm sv\u011btem. B\u011bhem t\u011bchto n\u011bkolika t\u00fddn\u016f se k\u0159es\u0165an\u00e9 nejr\u016fzn\u011bj\u0161\u00edch tradic shroma\u017e\u010fuj\u00ed k modlitb\u011b za stvo\u0159en\u00ed a spole\u010dn\u011b jednaj\u00ed v jeho prosp\u011bch. Desetitis\u00edce k\u0159es\u0165an\u016f na \u0161esti sv\u011btad\u00edlech slav\u00ed tuto dobu p\u0159i rozmanit\u00fdch ud\u00e1lostech po\u0159\u00e1dan\u00fdch dobrovoln\u00edky, od modlitebn\u00edch setk\u00e1n\u00ed p\u0159es besedy po spole\u010dn\u00fd \u00faklid zelen\u011b. Je to doba ekumenick\u00e9 solidarity, b\u011bhem n\u00ed\u017e si hloub\u011bji uv\u011bdomujeme, \u017ee sd\u00edl\u00edme jeden spole\u010dn\u00fd domov a jsme povol\u00e1ni spole\u010dn\u011b ho chr\u00e1nit.<\/span><\/p>\n<p><span style=\"font-size: large;\"><\/span><\/p>\n<p>[\/et_pb_text][\/et_pb_column][\/et_pb_row][et_pb_row column_structure=&#8220;1_3,2_3&#8243; _builder_version=&#8220;4.27.4&#8243; _module_preset=&#8220;default&#8220; global_colors_info=&#8220;{}&#8220;][et_pb_column type=&#8220;1_3&#8243; _builder_version=&#8220;4.27.4&#8243; _module_preset=&#8220;default&#8220; global_colors_info=&#8220;{}&#8220;][et_pb_text _builder_version=&#8220;4.27.4&#8243; _module_preset=&#8220;default&#8220; global_colors_info=&#8220;{}&#8220;]<\/p>\n<p><span style=\"color: #0c71c3;\"><span style=\"font-size: large;\">Kdy\u017e se doba stvo\u0159en\u00ed slav\u00ed ve farnostech, propojuje se slaven\u00ed m\u0161e svat\u00e9 s t\u00e9maty ohro\u017een\u00ed stvo\u0159en\u00e9ho sv\u011bta a jeho obyvatel. Kdy\u017e se slav\u00ed v ekumenick\u00e9m kontextu, propojuje se t\u00e9ma ohro\u017een\u00ed sv\u011bta s t\u00e9matem jednoty k\u0159es\u0165an\u016f, kte\u0159\u00ed jsou spol<\/span><span style=\"font-size: large;\">e\u010dn\u011b povol\u00e1ni o sv\u011bt pe\u010dovat. Vhodnou formou slaven\u00ed m\u016f\u017ee b\u00fdt m\u0161e svat\u00e1 slaven\u00e1 venku, spole\u010dn\u00e1 pou\u0165, nebo programy, kter\u00e9 otev\u0159ou srdce p\u0159\u00edtomn\u00fdch pro pon\u00ed\u017een\u00ed stvo\u0159en\u00e9ho sv\u011bta a jeho obyvatel.<\/span><\/span><\/p>\n<p>[\/et_pb_text][\/et_pb_column][et_pb_column type=&#8220;2_3&#8243; _builder_version=&#8220;4.27.4&#8243; _module_preset=&#8220;default&#8220; global_colors_info=&#8220;{}&#8220;][et_pb_image src=&#8220;https:\/\/www.zitlaudatosi.cz\/wp-content\/uploads\/2025\/05\/Budouci-generace-nam-nikdy-neodpusti.jpg&#8220; title_text=&#8220;Budouc\u00ed generace n\u00e1m nikdy neodpust\u00ed&#8220; _builder_version=&#8220;4.27.4&#8243; _module_preset=&#8220;default&#8220; global_colors_info=&#8220;{}&#8220;][\/et_pb_image][\/et_pb_column][\/et_pb_row][et_pb_row column_structure=&#8220;1_2,1_2&#8243; _builder_version=&#8220;4.27.4&#8243; _module_preset=&#8220;default&#8220; custom_margin=&#8220;|auto|-36px|auto||&#8220; custom_padding=&#8220;57px|0px|0px|0px|false|false&#8220; global_colors_info=&#8220;{}&#8220;][et_pb_column type=&#8220;1_2&#8243; _builder_version=&#8220;4.27.4&#8243; _module_preset=&#8220;default&#8220; global_colors_info=&#8220;{}&#8220;][et_pb_text _builder_version=&#8220;4.27.4&#8243; _module_preset=&#8220;default&#8220; global_colors_info=&#8220;{}&#8220;]<\/p>\n<p><span style=\"color: #36ba1f; font-size: large;\">R\u016fzn\u00e9 formy modlitebn\u00edch \u010di medita\u010dn\u00edch setk\u00e1n\u00ed, besed a spole\u010dn\u00e9ho jedn\u00e1n\u00ed mohou po\u0159\u00e1dat sbory, farnosti, spole\u010denstv\u00ed, spolky, form\u00e1ln\u00ed i neform\u00e1ln\u00ed uskupen\u00ed. Jednotlivci mohou p\u0159ijmout z\u00e1vazky k zm\u011bn\u00e1m sm\u011b\u0159uj\u00edc\u00edm k udr\u017eitelnosti.<\/span><\/p>\n<p><span style=\"color: #36ba1f; font-size: large;\">Historick\u00e1 a teologick\u00e1 v\u00fdchodiska slaven\u00ed shrnuje video v \u010de\u0161tin\u011b, kter\u00e9 najdete na <a href=\"https:\/\/www.zitlaudatosi.cz\/\">\u00favodn\u00ed stran\u011b<\/a>\u00a0 tohoto webu. Dal\u0161\u00ed materi\u00e1ly v angli\u010dtin\u011b najdete na <a href=\"https:\/\/seasonofcreation.org\/resources\/\">Resources &#8211; Season of Creation<\/a>.<\/span><span style=\"color: #36ba1f; font-size: large;\"><\/span><\/p>\n<p><span style=\"color: #36ba1f; font-size: large;\"><\/span><\/p>\n<p>[\/et_pb_text][\/et_pb_column][et_pb_column type=&#8220;1_2&#8243; _builder_version=&#8220;4.27.4&#8243; _module_preset=&#8220;default&#8220; global_colors_info=&#8220;{}&#8220;][et_pb_text _builder_version=&#8220;4.27.4&#8243; _module_preset=&#8220;default&#8220; global_colors_info=&#8220;{}&#8220;]<\/p>\n<p><span style=\"color: #ed2700;\"><span style=\"font-size: large;\"><span style=\"color: #36ba1f; font-size: large;\"><span style=\"color: #f98500;\">Abychom spole\u010denstv\u00edm, farnostem a sbor\u016fm v \u010cesk\u00e9 republice usnadnili zapojen\u00ed do sv\u011btov\u00fdch oslav, p\u0159in\u00e1\u0161\u00edme aktu\u00e1ln\u00ed informace a p\u0159eklady.<\/span><\/span><\/span><\/span><\/p>\n<p><span style=\"color: #ed2700;\"><span style=\"font-size: large;\"><span style=\"color: #36ba1f; font-size: large;\"><span style=\"color: #f98500;\"><span style=\"font-size: large; color: #ed2700;\">Budeme vd\u011b\u010dni, kdy\u017e n\u00e1m d\u00e1te zpr\u00e1vu o sv\u00e9 oslav\u011b! Napi\u0161te n\u00e1m na amen@zitlaudatosi.cz.<\/span><\/span><\/span><\/span><\/span><\/p>\n<p><span style=\"color: #e09900;\"><span style=\"font-size: large;\">Pod\u011blte se o to, jak jste pro\u017eili svou pou\u0165, spole\u010dn\u00fd \u00faklid \u010di zasazen\u00ed stromu. <\/span><span style=\"font-size: large;\">Va\u0161e p\u0159\u00edb\u011bhy a fotografie zve\u0159ejn\u00edme pro inspiraci dal\u0161\u00edm lidem.<\/span><\/span><\/p>\n<p>[\/et_pb_text][\/et_pb_column][\/et_pb_row][et_pb_row _builder_version=&#8220;4.27.4&#8243; _module_preset=&#8220;default&#8220; min_height=&#8220;251px&#8220; custom_margin=&#8220;-18px|auto|-42px|auto||&#8220; global_colors_info=&#8220;{}&#8220;][et_pb_column type=&#8220;4_4&#8243; _builder_version=&#8220;4.27.4&#8243; _module_preset=&#8220;default&#8220; global_colors_info=&#8220;{}&#8220;][et_pb_image src=&#8220;https:\/\/www.zitlaudatosi.cz\/wp-content\/uploads\/2025\/05\/logo-CZ.png&#8220; title_text=&#8220;logo CZ&#8220; align=&#8220;center&#8220; _builder_version=&#8220;4.27.4&#8243; _module_preset=&#8220;default&#8220; min_height=&#8220;236px&#8220; custom_margin=&#8220;2px||22px|||&#8220; custom_padding=&#8220;0px|||||&#8220; global_colors_info=&#8220;{}&#8220;][\/et_pb_image][\/et_pb_column][\/et_pb_row][et_pb_row column_structure=&#8220;1_3,2_3&#8243; _builder_version=&#8220;4.27.4&#8243; _module_preset=&#8220;default&#8220; global_colors_info=&#8220;{}&#8220;][et_pb_column type=&#8220;1_3&#8243; _builder_version=&#8220;4.27.4&#8243; _module_preset=&#8220;default&#8220; global_colors_info=&#8220;{}&#8220;][et_pb_image src=&#8220;https:\/\/www.zitlaudatosi.cz\/wp-content\/uploads\/2025\/07\/title-page-2025.jpg&#8220; title_text=&#8220;title page 2025&#8243; url=&#8220;https:\/\/www.zitlaudatosi.cz\/wp-content\/uploads\/2025\/07\/Pruvodce-slavenim-2025.pdf&#8220; url_new_window=&#8220;on&#8220; admin_label=&#8220;Pr\u016fvodce slaven\u00edm 2025&#8243; _builder_version=&#8220;4.27.4&#8243; _module_preset=&#8220;default&#8220; global_colors_info=&#8220;{}&#8220;][\/et_pb_image][\/et_pb_column][et_pb_column type=&#8220;2_3&#8243; _builder_version=&#8220;4.27.4&#8243; _module_preset=&#8220;default&#8220; global_colors_info=&#8220;{}&#8220;][et_pb_text _builder_version=&#8220;4.27.4&#8243; _module_preset=&#8220;default&#8220; global_colors_info=&#8220;{}&#8220;]<\/p>\n<p><span style=\"color: #08b200;\"><span style=\"font-size: large;\">Celosv\u011btov\u00fdm t\u00e9matem oslav roku 2025 je M\u00edr se stvo\u0159en\u00edm. Stav\u00ed na ver\u0161\u00edch knihy proroka Izaj\u00e1\u0161e 32, 14-18, upozor\u0148uje na prob\u00edhaj\u00edc\u00ed v\u00e1lku, ji\u017e lid\u00e9 vedou proti stvo\u0159en\u00ed, a zve k nad\u011bji na obnoven\u00ed m\u00edru a spravedlnosti. <\/span><\/span><\/p>\n<p><span style=\"color: #08b200;\"><span style=\"font-size: large;\">Na rok 2025 p\u0159ipad\u00e1 1700. v\u00fdro\u010d\u00ed 1 nikajsk\u00e9ho koncilu, na n\u011bm\u017e bylo zformulov\u00e1no vyzn\u00e1n\u00ed v\u00edry, je\u017e sd\u00edl\u00ed v\u0161echny k\u0159es\u0165ansk\u00e9 denominace. V\u00fdro\u010d\u00ed je pozv\u00e1n\u00edm k obnoven\u00ed pout mezi k\u0159es\u0165any a k spole\u010dn\u00e9mu sv\u011bdectv\u00ed o v\u00ed\u0159e uprost\u0159ed neklidn\u00e9ho, nerovn\u00e9ho a rozd\u011blen\u00e9ho sv\u011bta.<\/span><\/span><\/p>\n<p><span style=\"color: #08b200;\"><span style=\"font-size: large;\">Podrobn\u00fd v\u00fdklad leto\u0161n\u00edho t\u00e9matu a jeho symbolu si m\u016f\u017eete p\u0159e\u010d\u00edst \u010desky zde:\u00a0 <a href=\"https:\/\/www.zitlaudatosi.cz\/wp-content\/uploads\/2025\/05\/predstaveni-tematu-soc-2025.pdf\">V\u00ddKLAD SYMBOLU 2025<\/a>. <\/span><\/span><span style=\"color: #08b200;\"><span style=\"font-size: large;\"><\/span><\/span><span style=\"color: #08b200;\"><span style=\"font-size: large;\">Cel\u00fd Pr\u016fvodce slaven\u00edm m\u016f\u017eete st\u00e1hnout pod obr\u00e1zkem jeho tituln\u00ed strany vlevo.<\/span><\/span><\/p>\n<p><span style=\"color: #08b200;\"><span style=\"font-size: large;\"> Hlavn\u00edm podporovan\u00fdm soci\u00e1ln\u00edm t\u00e9matem je letos <a href=\"https:\/\/turndebtintohope.caritas.org\/\">kampa\u0148 Caritas International<\/a> usiluj\u00edc\u00ed o oddlu\u017een\u00ed nejchud\u0161\u00edch zem\u00ed, kter\u00e1 navazuje na &#8222;Milostiv\u00fd rok&#8220; vyhl\u00e1\u0161en\u00fd bulou <a href=\"https:\/\/www.vatican.va\/content\/francesco\/sk\/bulls\/documents\/20240509_spes-non-confundit_bolla-giubileo2025\">Spes non confundit<\/a>. V jej\u00edm 16. odstavci pape\u017e Franti\u0161ek vyzval k p\u0159ijet\u00ed <span>z\u00e1vazku &#8222;k odstran\u011bn\u00ed vzd\u00e1len\u00fdch p\u0159\u00ed\u010din nespravedlnosti, vyrovn\u00e1n\u00ed nespravedliv\u00fdch a nesplatiteln\u00fdch dluh\u016f.&#8220;<\/span><\/span><\/span><\/p>\n<p><span style=\"color: #08b200;\"><span style=\"font-size: large;\"><span><a href=\"https:\/\/www.zitlaudatosi.cz\/wp-content\/uploads\/2025\/07\/modlitba-doby-stvoreni-2025-scaled.jpg\">Modlitbu doby stvo\u0159en\u00ed 2025<\/a> najdete na z\u00e1lo\u017ece <a href=\"https:\/\/www.zitlaudatosi.cz\/index.php\/modlitby\/\">Modlitby<\/a>.<\/span><\/span><\/span><span style=\"color: #08b200;\"><span style=\"font-size: large;\"><span><\/span><\/span><\/span><\/p>\n<p><span style=\"color: #f98500;\"><\/span><\/p>\n<p>[\/et_pb_text][\/et_pb_column][\/et_pb_row][et_pb_row column_structure=&#8220;3_4,1_4&#8243; _builder_version=&#8220;4.19.4&#8243; min_height=&#8220;286.2px&#8220; custom_padding=&#8220;30px|0px|14px|0px|false|false&#8220; global_colors_info=&#8220;{}&#8220;][et_pb_column type=&#8220;3_4&#8243; _builder_version=&#8220;4.16&#8243; custom_padding=&#8220;|||&#8220; global_colors_info=&#8220;{}&#8220; custom_padding__hover=&#8220;|||&#8220;][et_pb_text _builder_version=&#8220;4.27.4&#8243; _module_preset=&#8220;default&#8220; custom_margin=&#8220;||-1px|||&#8220; global_colors_info=&#8220;{}&#8220;]<\/p>\n<p><span style=\"color: #f98500;\"><span style=\"font-size: large;\"><\/span><\/span><\/p>\n<p><span style=\"color: #f98500;\"><span style=\"font-size: large;\"><\/span><\/span><\/p>\n<p><span style=\"color: #f98500;\"><span style=\"font-size: large;\"><\/span><\/span><\/p>\n<p><span style=\"color: #f98500;\"><span style=\"font-size: large;\"><\/span><\/span><\/p>\n<p><span style=\"color: #f98500;\"><\/span><\/p>\n<p><span style=\"color: #f98500;\"><span style=\"font-size: large;\"><\/span><\/span><\/p>\n<p><span style=\"color: #f98500;\"><span style=\"font-size: large;\">Celosv\u011btov\u00fdm t\u00e9matem oslav roku 2024 bylo <strong>Doufat a jednat se stvo\u0159en\u00edm<\/strong>. Symbolem oslav byly &#8222;prvn\u00ed plody nad\u011bje&#8220;, kter\u00e9 odkazuj\u00ed k slov\u016fm listu \u0158\u00edman\u016fm 8, 19-25. Pr\u016fvodce slaven\u00edm 2024 m\u016f\u017eete st\u00e1hnout pod jeho obr\u00e1zkem vpravo. V\u00edce informac\u00ed o oslav\u00e1ch v \u010cR najdete v aktualit\u011b <a href=\"https:\/\/www.zitlaudatosi.cz\/index.php\/2024\/10\/04\/doba-stvoreni-2024\/\">Ohl\u00e9dnut\u00ed za dobou stvo\u0159en\u00ed 2024 | zitlaudatosi.cz<\/a>.<\/span><\/span><\/p>\n<p>[\/et_pb_text][\/et_pb_column][et_pb_column type=&#8220;1_4&#8243; _builder_version=&#8220;4.16&#8243; custom_padding=&#8220;|||&#8220; global_colors_info=&#8220;{}&#8220; custom_padding__hover=&#8220;|||&#8220;][et_pb_image src=&#8220;https:\/\/www.zitlaudatosi.cz\/wp-content\/uploads\/2024\/07\/title-page.png&#8220; title_text=&#8220;title page&#8220; url=&#8220;https:\/\/www.zitlaudatosi.cz\/wp-content\/uploads\/2024\/07\/Pruvodce-slavenim-2024.pdf&#8220; url_new_window=&#8220;on&#8220; align_tablet=&#8220;center&#8220; align_phone=&#8220;center&#8220; align_last_edited=&#8220;on|desktop&#8220; admin_label=&#8220;Pr\u016fvodce slaven\u00edm 2023&#8243; _builder_version=&#8220;4.25.2&#8243; global_colors_info=&#8220;{}&#8220;][\/et_pb_image][\/et_pb_column][\/et_pb_row][et_pb_row column_structure=&#8220;1_4,3_4&#8243; _builder_version=&#8220;4.19.4&#8243; _module_preset=&#8220;default&#8220; min_height=&#8220;331.2px&#8220; custom_padding=&#8220;3px|0px|3px|0px|false|false&#8220; global_colors_info=&#8220;{}&#8220;][et_pb_column type=&#8220;1_4&#8243; _builder_version=&#8220;4.19.4&#8243; _module_preset=&#8220;default&#8220; global_colors_info=&#8220;{}&#8220;][et_pb_image src=&#8220;https:\/\/www.zitlaudatosi.cz\/wp-content\/uploads\/2023\/07\/CZ-SoC-2023-GUIDE-TITULNI-STRANA.jpg&#8220; title_text=&#8220;CZ SoC 2023 GUIDE TITULN\u00cd STRANA&#8220; url=&#8220;https:\/\/www.zitlaudatosi.cz\/wp-content\/uploads\/2023\/07\/CZ-SoC-2023-GUIDE.pdf&#8220; url_new_window=&#8220;on&#8220; admin_label=&#8220;Pr\u016fvodce slaven\u00edm 2022&#8243; _builder_version=&#8220;4.25.2&#8243; _module_preset=&#8220;default&#8220; global_colors_info=&#8220;{}&#8220;][\/et_pb_image][\/et_pb_column][et_pb_column type=&#8220;3_4&#8243; _builder_version=&#8220;4.19.4&#8243; _module_preset=&#8220;default&#8220; global_colors_info=&#8220;{}&#8220;][et_pb_text _builder_version=&#8220;4.19.4&#8243; _module_preset=&#8220;default&#8220; custom_margin=&#8220;-2px|||||&#8220; custom_padding=&#8220;1px|||||&#8220; global_colors_info=&#8220;{}&#8220;]<\/p>\n<p><span style=\"color: #f98500;\"><span style=\"font-size: large;\"><\/span><\/span><\/p>\n<p><span style=\"color: #f98500;\"><\/span><\/p>\n<p><span style=\"color: #f98500;\"><span style=\"font-size: large;\"><\/span><\/span><\/p>\n<p><span style=\"color: #f98500;\"><span style=\"font-size: large;\"><\/span><\/span><\/p>\n<p><span style=\"color: #f98500;\"><span style=\"font-size: large;\">Celosv\u011btov\u00fdm t\u00e9matem oslav roku 2023 bylo &#8222;A\u0165 proud\u00ed spravedlnost a pokoj&#8220;. Symbolem byla mohutn\u00e1 \u0159eka, kter\u00e1 odkazuje k slov\u016fm knihy proroka \u00c1mose: <\/span><\/span><\/p>\n<p><span style=\"color: #f98500;\"><span style=\"font-size: large;\">&#8222;A\u0165 se val\u00ed pr\u00e1vo jako vody, spravedlnost jak proud\u00edc\u00ed potok.&#8220;<\/span><\/span><\/p>\n<p><span style=\"color: #f98500;\"><span style=\"font-size: large;\">Pr\u016fvodce slaven\u00edm 2023 m\u016f\u017eete st\u00e1hnou pod obr\u00e1zkem vlevo. V\u00edce informac\u00ed najdete v aktualit\u011b <a href=\"https:\/\/www.zitlaudatosi.cz\/index.php\/2023\/10\/15\/ohlednuti-za-dobou-stvoreni-2023\/\">Ohl\u00e9dnut\u00ed za dobou stvo\u0159en\u00ed 2023 | zitlaudatosi.cz<\/a>.<\/span><\/span><\/p>\n<p><span style=\"color: #f98500;\"><span style=\"font-size: large;\"><\/span><\/span><\/p>\n<p><span style=\"font-size: large; color: #c96400;\"><\/span><\/p>\n<p>[\/et_pb_text][\/et_pb_column][\/et_pb_row][et_pb_row column_structure=&#8220;3_4,1_4&#8243; _builder_version=&#8220;4.19.4&#8243; _module_preset=&#8220;default&#8220; global_colors_info=&#8220;{}&#8220;][et_pb_column type=&#8220;3_4&#8243; _builder_version=&#8220;4.25.2&#8243; _module_preset=&#8220;default&#8220; global_colors_info=&#8220;{}&#8220;][et_pb_text _builder_version=&#8220;4.19.4&#8243; _module_preset=&#8220;default&#8220; custom_padding=&#8220;25px|||||&#8220; global_colors_info=&#8220;{}&#8220;]<\/p>\n<p>&nbsp;<\/p>\n<p>&nbsp;<\/p>\n<p>&nbsp;<\/p>\n<p><span style=\"font-size: large; color: #c96400;\">\u010cesk\u00fd p\u0159eklad Pr\u016fvodce slaven\u00edm Doby stvo\u0159en\u00ed 2022 m\u016f\u017eete st\u00e1hnout pod obr\u00e1zkem jeho ob\u00e1lky vpravo, v\u00edce informac\u00ed k t\u00e9matu 2022 najdete v aktualit\u011b <a href=\"https:\/\/www.zitlaudatosi.cz\/index.php\/2022\/08\/26\/slavime-dobu-stvoreni\/\">Slav\u00edme Dobu stvo\u0159en\u00ed | zitlaudatosi.<\/a><\/span><span style=\"font-size: large; color: #c96400;\"><\/span><\/p>\n<p><span style=\"font-size: large; color: #c96400;\"><\/span><\/p>\n<p><span style=\"font-size: large; color: #c96400;\"><\/span><\/p>\n<p><span style=\"font-size: large; color: #c96400;\"><\/span><\/p>\n<p><span style=\"font-size: large; color: #c96400;\"><strong style=\"font-size: 14px;\"><span style=\"font-size: large; color: #0e30f2;\"><\/span><\/strong><\/span><\/p>\n<p><span style=\"font-size: large; color: #c96400;\"><strong style=\"font-size: 14px;\"><span style=\"font-size: large; color: #0e30f2;\"><\/span><\/strong><\/span><\/p>\n<p><span style=\"font-size: large; color: #c96400;\"><strong style=\"font-size: 14px;\"><span style=\"font-size: large; color: #0e30f2;\"><\/span><\/strong><\/span><\/p>\n<p><span style=\"font-size: large; color: #c96400;\"><strong style=\"font-size: 14px;\"><span style=\"font-size: large; color: #0e30f2;\"><\/span><\/strong><\/span><\/p>\n<p><span style=\"font-size: large; color: #c96400;\"><strong style=\"font-size: 14px;\"><span style=\"font-size: large; color: #0e30f2;\">B\u011bhem Doby stvo\u0159en\u00ed 2021 se v \u010cR uskute\u010dnily tyto ud\u00e1losti:<\/span><\/strong><\/span><span style=\"font-size: large; color: #c96400;\"><strong style=\"font-size: 14px;\"><span style=\"font-size: large; color: #0e30f2;\"><\/span><\/strong><\/span><span style=\"font-size: large; color: #c96400;\"><\/span><\/p>\n<p><span style=\"font-size: large; color: #c96400;\"><\/span><\/p>\n<p><span style=\"font-size: large; color: #c96400;\"><\/span><\/p>\n<p>[\/et_pb_text][\/et_pb_column][et_pb_column type=&#8220;1_4&#8243; _builder_version=&#8220;4.25.2&#8243; _module_preset=&#8220;default&#8220; global_colors_info=&#8220;{}&#8220;][et_pb_image src=&#8220;https:\/\/www.zitlaudatosi.cz\/wp-content\/uploads\/2022\/07\/Pruvodce-slavenim-2022.jpg&#8220; title_text=&#8220;Pr\u016fvodce slaven\u00edm 2022&#8243; url=&#8220;https:\/\/www.zitlaudatosi.cz\/wp-content\/uploads\/2022\/07\/Pruvodce-slavenim-2022-1.pdf&#8220; url_new_window=&#8220;on&#8220; admin_label=&#8220;Pr\u016fvodce slaven\u00edm 2022&#8243; _builder_version=&#8220;4.19.4&#8243; _module_preset=&#8220;default&#8220; global_colors_info=&#8220;{}&#8220;][\/et_pb_image][\/et_pb_column][\/et_pb_row][et_pb_row _builder_version=&#8220;4.19.4&#8243; custom_margin=&#8220;|auto|18px|auto||&#8220; global_colors_info=&#8220;{}&#8220;][et_pb_column type=&#8220;4_4&#8243; _builder_version=&#8220;4.16&#8243; custom_padding=&#8220;|||&#8220; global_colors_info=&#8220;{}&#8220; custom_padding__hover=&#8220;|||&#8220;][et_pb_image src=&#8220;https:\/\/www.zitlaudatosi.cz\/wp-content\/uploads\/2021\/08\/ABRAHAM_TENT_program.png&#8220; title_text=&#8220;ABRAHAM_TENT_program&#8220; _builder_version=&#8220;4.19.4&#8243; _module_preset=&#8220;default&#8220; custom_margin=&#8220;-3px||37px|||&#8220; global_colors_info=&#8220;{}&#8220;][\/et_pb_image][\/et_pb_column][\/et_pb_row][et_pb_row column_structure=&#8220;3_4,1_4&#8243; _builder_version=&#8220;4.19.4&#8243; custom_margin=&#8220;|auto|18px|auto||&#8220; global_colors_info=&#8220;{}&#8220;][et_pb_column type=&#8220;3_4&#8243; _builder_version=&#8220;4.16&#8243; custom_padding=&#8220;|||&#8220; global_colors_info=&#8220;{}&#8220; custom_padding__hover=&#8220;|||&#8220;][et_pb_text _builder_version=&#8220;4.19.4&#8243; _module_preset=&#8220;default&#8220; global_colors_info=&#8220;{}&#8220;]<\/p>\n<p><span style=\"color: #0d20e8;\"><strong><span style=\"font-size: large;\">B\u011bhem Doby stvo\u0159en\u00ed 2020 se v \u010cesk\u00e9 republice uskute\u010dnily tyto ud\u00e1losti:<\/span><\/strong><\/span><\/p>\n<p><span style=\"font-size: large;\">\u00a0 29. srpna 2020 &#8211; <a href=\"http:\/\/www.sfr.cz\/clanek.aspx?a=3344\">Franti\u0161k\u00e1nsk\u00e1 stezka<\/a> ke Dni modliteb za p\u00e9\u010di o stvo\u0159en\u00ed<\/span><\/p>\n<p><span style=\"font-size: large;\">\u00a0 \u00a0 4. z\u00e1\u0159\u00ed 2020 &#8211;<\/span><span style=\"font-size: large;\"><a href=\"https:\/\/www.zitlaudatosi.cz\/index.php\/ekumenicka-bohosluzba-za-klimatickou-spravedlnost\/\">\u00a0Ekumenick\u00e1 bohoslu\u017eba za klimatickou spravedlnost<\/a><\/span><\/p>\n<p><span style=\"font-size: large;\">\u00a0 10. z\u00e1\u0159\u00ed 2020 &#8211; setk\u00e1n\u00ed u <a href=\"https:\/\/www.zitlaudatosi.cz\/index.php\/slaveni\/oslavy-2020-na-jizni-morave\/\">duchovn\u00ed poezie<\/a> s hudebn\u00edm doprovodem &#8222;Opadan\u00e1 r\u016f\u017ee&#8220;, 15h-18h ve Velk\u00fdch B\u00edlovic\u00edch<\/span><\/p>\n<p><span style=\"font-size: large;\">\u00a0 19.-20. z\u00e1\u0159\u00ed 2020 &#8211; akce <a href=\"http:\/\/www.dokostelanakole.cz\/\">Do kostela na kole<\/a><\/span><span style=\"font-size: large;\">, po\u0159\u00e1d\u00e1 Poradn\u00ed odbor pro ot\u00e1zky \u017eivotn\u00edho prost\u0159ed\u00ed p\u0159i SR \u010cCE, Ekologick\u00e1 sekce \u010cKA a \u010cesk\u00e1 k\u0159es\u0165ansk\u00e1 environment\u00e1ln\u00ed s\u00ed\u0165<\/span><\/p>\n<p><span style=\"font-size: large;\">\u00a0 20. z\u00e1\u0159\u00ed 2020 &#8211; farn\u00ed <a href=\"https:\/\/www.zitlaudatosi.cz\/index.php\/slaveni\/oslava-2020-praha-kobylisy\/\">oslava v Praze-Kobylis\u00edch<\/a><\/span><\/p>\n<p><span style=\"font-size: large;\">\u00a0 25. z\u00e1\u0159\u00ed 2020 &#8211; m\u0161e svat\u00e1 za ekologick\u00e9 obr\u00e1cen\u00ed sv\u011bta a ochranu v\u0161eho \u017eiv\u00e9ho v kostele sv. V\u00e1clava v B\u0159eclavi od 18h, n\u00e1sledn\u011b od 19h p\u0159edn\u00e1\u0161ka Marka Orko V\u00e1chy: &#8222;<a href=\"https:\/\/www.zitlaudatosi.cz\/index.php\/slaveni\/oslavy-2020-na-jizni-morave\/\">Milostiv\u00fd rok pro Zemi: Nov\u00e9 rytmy, nov\u00e1 nad\u011bje<\/a>&#8222;<\/span><\/p>\n<p><span>\u00a0 \u00a0<span style=\"font-size: large;\">29. z\u00e1\u0159\u00ed 2020 &#8211; <a href=\"https:\/\/www.facebook.com\/events\/376472510019050\">Ekumenick\u00e1 bohoslu\u017eba za obnovu stvo\u0159en\u00e9ho sv\u011bta<\/a>, 15:15-16:00, zelen\u00e9 prostranstv\u00ed v Praze na Kl\u00e1rov\u011b, vede P. Ladislav Heryan<\/span><\/span><span style=\"font-size: large;\"><\/span><\/p>\n<p><span style=\"font-size: large;\">\u00a0 \u00a02.-4. \u0159\u00edjna 2020 &#8211; Kreativn\u00ed <a href=\"https:\/\/www.bip.cz\/cs\/akce\/2020-02-kreativni-vikend-pro-matku-a-dceru\">v\u00edkend pro matku a dceru<\/a> na fa\u0159e v T\u011bnovic\u00edch<\/span>\u00a0<\/p>\n<p>[\/et_pb_text][\/et_pb_column][et_pb_column type=&#8220;1_4&#8243; _builder_version=&#8220;4.16&#8243; custom_padding=&#8220;|||&#8220; global_colors_info=&#8220;{}&#8220; custom_padding__hover=&#8220;|||&#8220;][et_pb_image src=&#8220;https:\/\/www.zitlaudatosi.cz\/wp-content\/uploads\/2020\/08\/tituln\u00ed-strana.jpg&#8220; title_text=&#8220;tituln\u00ed strana&#8220; _builder_version=&#8220;4.19.4&#8243; _module_preset=&#8220;default&#8220; global_colors_info=&#8220;{}&#8220;][\/et_pb_image][et_pb_text _builder_version=&#8220;4.19.4&#8243; _module_preset=&#8220;default&#8220; custom_margin=&#8220;||6px|||&#8220; global_colors_info=&#8220;{}&#8220;]<\/p>\n<p><span style=\"font-size: medium; color: #e09900;\">Pr\u016fvodce slaven\u00edm Doby stvo\u0159en\u00ed 2020 je mo\u017en\u00e9 st\u00e1hnout zde:\u00a0<\/span><\/p>\n<p>[\/et_pb_text][et_pb_button button_url=&#8220;https:\/\/www.zitlaudatosi.cz\/wp-content\/uploads\/2020\/08\/Pr\u016fvodce-slaven\u00edm-Doby-stvo\u0159en\u00ed-2020.pdf&#8220; url_new_window=&#8220;on&#8220; button_text=&#8220;Pr\u016fvodce slaven\u00edm 2020&#8243; _builder_version=&#8220;4.19.4&#8243; _module_preset=&#8220;default&#8220; custom_button=&#8220;on&#8220; button_text_size=&#8220;14px&#8220; global_colors_info=&#8220;{}&#8220;][\/et_pb_button][\/et_pb_column][\/et_pb_row][et_pb_row _builder_version=&#8220;4.19.4&#8243; custom_margin=&#8220;|auto|18px|auto||&#8220; global_colors_info=&#8220;{}&#8220;][et_pb_column type=&#8220;4_4&#8243; _builder_version=&#8220;4.16&#8243; custom_padding=&#8220;|||&#8220; global_colors_info=&#8220;{}&#8220; custom_padding__hover=&#8220;|||&#8220;][et_pb_text _builder_version=&#8220;4.19.4&#8243; _module_preset=&#8220;default&#8220; custom_margin=&#8220;37px|||||&#8220; global_colors_info=&#8220;{}&#8220;]<\/p>\n<p><span style=\"color: #0d10db;\"><strong><span style=\"font-size: large;\">1. z\u00e1\u0159\u00ed 2019 se uskute\u010dnila oslava Dne modliteb za p\u00e9\u010di o stvo\u0159en\u00ed v Praze Kobylis\u00edch s t\u00edmto programem:<\/span><\/strong><\/span><\/p>\n<p>[\/et_pb_text][et_pb_image src=&#8220;https:\/\/www.zitlaudatosi.cz\/wp-content\/uploads\/2020\/06\/Den-modliteb-banner.png&#8220; title_text=&#8220;Den modliteb banner&#8220; _builder_version=&#8220;4.19.4&#8243; _module_preset=&#8220;default&#8220; global_colors_info=&#8220;{}&#8220;][\/et_pb_image][et_pb_divider show_divider=&#8220;off&#8220; _builder_version=&#8220;4.19.4&#8243; _module_preset=&#8220;default&#8220; global_colors_info=&#8220;{}&#8220;][\/et_pb_divider][\/et_pb_column][\/et_pb_row][\/et_pb_section]<\/p>\n","protected":false},"excerpt":{"rendered":"<p>Zat\u00edmco slaven\u00ed doby adventn\u00ed, doby v\u00e1no\u010dn\u00ed, doby postn\u00ed a doby velikono\u010dn\u00ed se v c\u00edrkvi ust\u00e1lilo ji\u017e ve st\u0159edov\u011bku, &#8222;doba stvo\u0159en\u00ed&#8220; se v k\u0159es\u0165ansk\u00fdch c\u00edrkv\u00edch slav\u00ed zhruba od roku 2000. Je to n\u011bkolik t\u00fddn\u016f po\u010d\u00ednaje Dnem modliteb za p\u00e9\u010di o stvo\u0159en\u00ed 1. z\u00e1\u0159\u00ed do sv\u00e1tku sv. Franti\u0161ka z Assisi 4. \u0159\u00edjna, kdy mohou k\u0159es\u0165an\u00e9 slavit Bo\u017e\u00ed [&hellip;]<\/p>\n","protected":false},"author":1,"featured_media":2814,"parent":0,"menu_order":0,"comment_status":"closed","ping_status":"closed","template":"","meta":{"_et_pb_use_builder":"on","_et_pb_old_content":"","_et_gb_content_width":""},"_links":{"self":[{"href":"https:\/\/www.zitlaudatosi.cz\/index.php\/wp-json\/wp\/v2\/pages\/713"}],"collection":[{"href":"https:\/\/www.zitlaudatosi.cz\/index.php\/wp-json\/wp\/v2\/pages"}],"about":[{"href":"https:\/\/www.zitlaudatosi.cz\/index.php\/wp-json\/wp\/v2\/types\/page"}],"author":[{"embeddable":true,"href":"https:\/\/www.zitlaudatosi.cz\/index.php\/wp-json\/wp\/v2\/users\/1"}],"replies":[{"embeddable":true,"href":"https:\/\/www.zitlaudatosi.cz\/index.php\/wp-json\/wp\/v2\/comments?post=713"}],"version-history":[{"count":121,"href":"https:\/\/www.zitlaudatosi.cz\/index.php\/wp-json\/wp\/v2\/pages\/713\/revisions"}],"predecessor-version":[{"id":3785,"href":"https:\/\/www.zitlaudatosi.cz\/index.php\/wp-json\/wp\/v2\/pages\/713\/revisions\/3785"}],"wp:featuredmedia":[{"embeddable":true,"href":"https:\/\/www.zitlaudatosi.cz\/index.php\/wp-json\/wp\/v2\/media\/2814"}],"wp:attachment":[{"href":"https:\/\/www.zitlaudatosi.cz\/index.php\/wp-json\/wp\/v2\/media?parent=713"}],"curies":[{"name":"wp","href":"https:\/\/api.w.org\/{rel}","templated":true}]}}