{"id":600,"date":"2019-01-14T20:01:57","date_gmt":"2019-01-14T20:01:57","guid":{"rendered":"http:\/\/www.zitlaudatosi.cz\/?page_id=600"},"modified":"2019-01-16T08:17:49","modified_gmt":"2019-01-16T08:17:49","slug":"spolecne-chvalit-stvoritele","status":"publish","type":"page","link":"https:\/\/www.zitlaudatosi.cz\/index.php\/texty\/spolecne-chvalit-stvoritele\/","title":{"rendered":"Spole\u010dn\u011b chv\u00e1lit stvo\u0159itele"},"content":{"rendered":"<p>[et_pb_section bb_built=&#8220;1&#8243; _builder_version=&#8220;3.0.47&#8243;][et_pb_row custom_padding=&#8220;4px|0px|4px|0px|false|false&#8220; _builder_version=&#8220;3.0.48&#8243; background_size=&#8220;initial&#8220; background_position=&#8220;top_left&#8220; background_repeat=&#8220;repeat&#8220;][et_pb_column type=&#8220;2_5&#8243;][et_pb_text _builder_version=&#8220;3.15&#8243;]<\/p>\n<p style=\"background-attachment: scroll; background-clip: border-box; background-color: transparent; background-image: none; background-origin: padding-box; background-position-x: 0px; background-position-y: 0px; background-repeat: repeat; background-size: auto; border-image-outset: 0; border-image-repeat: stretch; border-image-slice: 100%; border-image-source: none; border-image-width: 1; box-sizing: border-box; color: #666666; cursor: text; font-family: &amp;quot; open sans&amp;quot;,arial,sans-serif; font-size: 14px; font-style: normal; font-variant: normal; font-weight: 500; letter-spacing: normal; line-height: 23.8px; -ms-text-size-adjust: auto; orphans: 2; outline-color: invert; outline-style: none; outline-width: 0px; text-align: center; text-decoration: none; text-indent: 0px; text-transform: none; vertical-align: baseline; -webkit-text-stroke-width: 0px; white-space: normal; word-spacing: 0px; padding: 0px 0px 14px 0px; margin: 0px; border: 0px none #666666;\"><span style=\"background: 0px 0px; margin: 0px; padding: 0px; outline: 0px; border: 0px #666666; font-family: Verdana; font-size: large; font-weight: 400; vertical-align: baseline; cursor: text; box-sizing: border-box; -ms-text-size-adjust: auto;\"><strong style=\"background: 0px 0px; margin: 0px; padding: 0px; outline: 0px; border: 0px #666666; font-weight: bold; vertical-align: baseline; cursor: text; box-sizing: border-box; -ms-text-size-adjust: auto;\">Spole\u010dn\u011b chv\u00e1lit Stvo\u0159itele<\/strong><\/span><\/p>\n<p style=\"background-attachment: scroll; background-clip: border-box; background-color: transparent; background-image: none; background-origin: padding-box; background-position-x: 0px; background-position-y: 0px; background-repeat: repeat; background-size: auto; border-image-outset: 0; border-image-repeat: stretch; border-image-slice: 100%; border-image-source: none; border-image-width: 1; box-sizing: border-box; color: #666666; cursor: text; font-family: &amp;quot; open sans&amp;quot;,arial,sans-serif; font-size: 14px; font-style: normal; font-variant: normal; font-weight: 500; letter-spacing: normal; line-height: 23.8px; -ms-text-size-adjust: auto; orphans: 2; outline-color: invert; outline-style: none; outline-width: 0px; text-align: center; text-decoration: none; text-indent: 0px; text-transform: none; vertical-align: baseline; -webkit-text-stroke-width: 0px; white-space: normal; word-spacing: 0px; padding: 0px; margin: 0px; border: 0px none #666666;\">Sv\u011btla Hanke Jaro\u0161ov\u00e1<\/p>\n<p>&nbsp;<\/p>\n<p><span style=\"margin: 0px; line-height: 115%; font-family: 'Calibri','sans-serif'; font-size: 11pt;\"><span style=\"color: #000000;\">Kdy\u017e pape\u017e Franti\u0161ek p\u0159ed t\u0159emi lety vyhl\u00e1sil 1. z\u00e1\u0159\u00ed Sv\u011btov\u00fdm dnem modliteb za p\u00e9\u010di o stvo\u0159en\u00ed, roz\u0161\u00ed\u0159il t\u00edm iniciativu, kter\u00e1 vze\u0161la z\u00a0Pravoslavn\u00e9 c\u00edrkve (den byl v\u00a0roce 1989 vyhl\u00e1\u0161en ekumenick\u00fdm patriarchou Demetriem) na celou \u0158\u00edmskokatolickou c\u00edrkev a z\u00e1rove\u0148 p\u0159izval k\u00a0\u00fa\u010dasti na p\u00e9\u010di o\u00a0Bohem stvo\u0159en\u00fd sv\u011bt v\u0161echny n\u00e1bo\u017eensky zalo\u017een\u00e9 lidi, kte\u0159\u00ed se za sv\u016fj spole\u010dn\u00fd domov mohou modlit \u2013 a\u00a0tak\u00e9 k\u00a0jeho z\u00e1chran\u011b jednat \u2013 spole\u010dn\u011b. K\u0159es\u0165anstv\u00ed b\u00fdv\u00e1 p\u0159i\u010d\u00edt\u00e1n z\u00e1sadn\u00ed pod\u00edl na sou\u010dasn\u00e9m stavu poni\u010den\u00ed zem\u011b a druh\u016f, kter\u00e9 na n\u00ed \u017eij\u00ed, proto\u017ee dlouhodob\u011b podporovalo mentalitu a praxi vyu\u017e\u00edv\u00e1n\u00ed a ovl\u00e1d\u00e1n\u00ed stvo\u0159en\u00e9ho sv\u011bta, m\u00edsto aby k\u00a0n\u011bmu p\u0159istupovalo s\u00a0\u00factou a\u00a0vd\u011b\u010dnost\u00ed. I proto dnes teologov\u00e9\u00a0z\u00a0nejr\u016fzn\u011bj\u0161\u00edch k\u0159es\u0165ansk\u00fdch c\u00edrkv\u00ed nov\u011b prom\u00fd\u0161lej\u00ed, jak\u00fdm zp\u016fsobem by se k\u0159es\u0165an\u00e9 ke stvo\u0159en\u00e9mu sv\u011btu m\u011bli vztahovat, aby v\u00a0n\u011bm \u017eili k\u00a0chv\u00e1le jeho \u2013 a sv\u00e9ho \u2013 Stvo\u0159itele.<\/span><\/span><\/p>\n<p>[\/et_pb_text][\/et_pb_column][et_pb_column type=&#8220;3_5&#8243;][et_pb_text _builder_version=&#8220;3.15&#8243; inline_fonts=&#8220;Verdana&#8220;]<\/p>\n<p style=\"text-align: right;\"><span style=\"font-family: Verdana; font-size: medium; font-weight: normal;\">Ohro\u017een\u00ed stvo\u0159en\u00e9ho sv\u011bta je v\u00fdzvou k\u00a0prom\u011bn\u011b, <\/span><span style=\"font-family: Verdana; font-size: medium; font-weight: normal;\">pape\u017eov\u00e9 volaj\u00ed k\u00a0ekologick\u00e9mu obr\u00e1cen\u00ed, m\u00e1 se uskute\u010d\u0148ovat ve farnostech.<\/span><\/p>\n<p>[\/et_pb_text][et_pb_image src=&#8220;https:\/\/www.zitlaudatosi.cz\/wp-content\/uploads\/2019\/01\/catholics.png&#8220; show_bottom_space=&#8220;off&#8220; align=&#8220;center&#8220; force_fullwidth=&#8220;on&#8220; _builder_version=&#8220;3.15&#8243;]<\/p>\n<p>&nbsp;<\/p>\n<p>[\/et_pb_image][et_pb_code _builder_version=&#8220;3.15&#8243; text_orientation=&#8220;center&#8220;]Katol\u00edci se u\u010d\u00ed od sebe navz\u00e1jem na COP 24 v Katovic\u00edch.[\/et_pb_code][\/et_pb_column][\/et_pb_row][et_pb_row custom_padding=&#8220;0|0px|24px|0px|false|false&#8220; _builder_version=&#8220;3.0.48&#8243; background_size=&#8220;initial&#8220; background_position=&#8220;top_left&#8220; background_repeat=&#8220;repeat&#8220;][et_pb_column type=&#8220;4_4&#8243;][et_pb_text _builder_version=&#8220;3.15&#8243;]<\/p>\n<p><span style=\"font-size: large;\"><strong><span style=\"color: #000000; font-family: Calibri;\">Nov\u00e1 nal\u00e9havost probl\u00e9mu<\/span><\/strong><\/span><\/p>\n<p><span style=\"font-family: Calibri;\"><span style=\"color: #000000;\">Kdy\u017e pape\u017e Jan Pavel II. jako prvn\u00ed pape\u017e \u0158\u00edmskokatolick\u00e9 c\u00edrkve pou\u017eil p\u0159i gener\u00e1ln\u00ed audienci\u00a017. ledna 2001 v\u00fdraz \u201eekologick\u00e9 obr\u00e1cen\u00ed\u201c, nazval tak jev, kter\u00fd pozoroval ve sv\u011bt\u011b mimo c\u00edrkev, toti\u017e zv\u00fd\u0161en\u00fd z\u00e1jem o \u017eivotn\u00ed prost\u0159ed\u00ed a uv\u00e1\u017elivou p\u00e9\u010di o n\u011bj, a mluvil o n\u011bm jako o n\u011b\u010dem, co se d\u011bje mimo c\u00edrkev, je to dobr\u00e9 a je vhodn\u00e9, aby to c\u00edrkev podpo\u0159ila. Do\u00a0roku 2015, kdy pape\u017e Franti\u0161ek vydal encykliku Laudato si&#8216; o p\u00e9\u010di o stvo\u0159en\u00ed, se v\u0161ak situace z\u00e1sadn\u011b zm\u011bnila. O\u00a0environment\u00e1ln\u00ed krizi se u\u017e nemluvilo jako o n\u011b\u010dem, co podle n\u00e1zor\u016f n\u011bkter\u00fdch v\u011bdc\u016f hroz\u00ed, ale jako o tom, co u\u017e je tu a\u00a0bezprost\u0159edn\u011b to ovliv\u0148uje \u017eivoty cel\u00fdch lidsk\u00fdch spole\u010denstv\u00ed ob\u00fdvaj\u00edc\u00edch nejr\u016fzn\u011bj\u0161\u00ed \u010d\u00e1sti planety, zejm\u00e9na t\u011bch nejchud\u0161\u00edch. S touto situac\u00ed je pape\u017e Franti\u0161ek dob\u0159e obezn\u00e1men a\u00a0nal\u00e9hav\u00fdmi slovy vol\u00e1 k\u0159es\u0165any, v\u011b\u0159\u00edc\u00ed jin\u00fdch n\u00e1bo\u017eenstv\u00ed a v\u0161echny lidi k\u00a0tomu, aby na ni \u201ekolektivn\u011b a organizovan\u011b\u201c odpov\u00eddali. Ve sv\u00fdch ve\u0159ejn\u00fdch projevech oce\u0148uje \u010dinnost ob\u010dansk\u00fdch n\u00e1tlakov\u00fdch skupin, kter\u00e9 podle n\u011bj mohou pomoci \u201eprosadit kulturu a praxi integr\u00e1ln\u00ed ekologie\u201c t\u00edm, \u017ee tla\u010d\u00ed na vl\u00e1dy a\u00a0nadn\u00e1rodn\u00ed korporace, nap\u0159. aby dodr\u017eovaly z\u00e1vazky Pa\u0159\u00ed\u017esk\u00e9 dohody a neotev\u00edraly nov\u00e9 projekty t\u011b\u017eby fosiln\u00edch paliv. (V \u010cesk\u00e9 republice takto p\u016fsob\u00ed ob\u010dansk\u00e9 sdru\u017een\u00ed <i>Limity jsme my<\/i>, kter\u00e9 usiluje o co nejrychlej\u0161\u00ed ukon\u010den\u00ed t\u011b\u017eby uhl\u00ed v\u00a0\u010cR a p\u0159echod na obnoviteln\u00e9 zdroje energie.) Katolick\u00e9 k\u0159es\u0165any pak pape\u017e Franti\u0161ek d\u016frazn\u011b vol\u00e1 k\u00a0hlubok\u00e9 \u201eprom\u011bn\u011b mysl\u00ed a srdc\u00ed\u201c ve vztahu ke\u00a0stvo\u0159en\u00e9mu sv\u011btu.<\/span><\/span><\/p>\n<p><span style=\"font-size: large;\"><b><span style=\"color: #000000; font-family: Calibri;\">Komunitn\u00ed program prom\u011bny srdc\u00ed<\/span><\/b><\/span><\/p>\n<p><span style=\"color: #000000; font-family: Calibri;\">Jak ale takovou prom\u011bnu srdc\u00ed a mysl\u00ed uskute\u010dnit? Jak adekv\u00e1tn\u011b a opravdu k\u0159es\u0165ansky odpov\u00eddat na nal\u00e9hav\u00e9 ohro\u017een\u00ed sv\u011bta, v\u00a0n\u011bm\u017e \u017eijeme, kter\u00fd je spole\u010dn\u00fdm domovem na\u0161\u00edm, v\u0161ech ostatn\u00edch lid\u00ed, \u017eivo\u010dich\u016f, rostlin i v\u0161ech budouc\u00edch pokolen\u00ed? Domn\u00edv\u00e1m se, \u017ee takov\u00e1 prom\u011bna p\u0159edstavuje v\u00fdzvu, kter\u00e9 nesta\u010d\u00ed \u010delit tak, \u017ee ka\u017ed\u00fd za\u010dne s\u00e1m u sebe. Glob\u00e1ln\u00ed environment\u00e1ln\u00ed krize neohro\u017euje jednotlivce, ale cel\u00e1 spole\u010denstv\u00ed, a proto je pot\u0159eba jej\u00edm d\u016fsledk\u016fm ve sv\u011bt\u011b \u010delit a jej\u00ed p\u0159\u00ed\u010diny z\u00a0lidsk\u00fdch srdc\u00ed vyko\u0159e\u0148ovat \u2013 jak pape\u017e Franti\u0161ek v\u00edcekr\u00e1t opakoval \u2013 kolektivn\u011b a organizovan\u011b, co\u017e v\u00a0c\u00edrkvi znamen\u00e1 v prost\u0159ed\u00ed spole\u010denstv\u00ed, sbor\u016f, farnost\u00ed. Tradi\u010dn\u011b se program (nejen k\u0159es\u0165ansk\u00e9) duchovn\u00ed prom\u011bny op\u00edr\u00e1 o \u010dty\u0159i pil\u00ed\u0159e \u2013 modlitbu, p\u016fst, almu\u017enu a pou\u0165. Pokus\u00edm se nazna\u010dit, jak\u00fdmi zp\u016fsoby mohou tyto \u010dty\u0159i vz\u00e1jemn\u011b prov\u00e1zan\u00e9 aspekty cesty k\u00a0prom\u011bn\u011b vztahu ke stvo\u0159en\u00e9mu sv\u011btu uskute\u010d\u0148ovat farn\u00ed spole\u010denstv\u00ed v\u00a0na\u0161ich podm\u00ednk\u00e1ch.<\/span><\/p>\n<p><span style=\"font-size: large;\"><b><span style=\"color: #000000; font-family: Calibri;\">Modlit se spolu se stvo\u0159en\u00edm<\/span><\/b><\/span><\/p>\n<p><span style=\"font-family: Calibri;\"><span style=\"color: #000000;\">Encyklikou Laudato si&#8216; a zejm\u00e9na svou trinit\u00e1rn\u00ed modlitbou v\u00a0encyklice obsa\u017eenou p\u0159ipomn\u011bl pape\u017e Franti\u0161ek katolick\u00fdm k\u0159es\u0165an\u016fm, \u017ee je mo\u017en\u00e9 se k\u0159es\u0165ansky modlit nejen za stvo\u0159en\u00ed \u2013 chv\u00e1lit jeho Tv\u016frce, d\u011bkovat za n\u011bj a nov\u011b tak\u00e9 nal\u00e9hav\u011b prosit za jeho z\u00e1chranu \u2013, ale tak\u00e9 <i>spolu<\/i> se stvo\u0159en\u00edm, v\u00a0jednot\u011b se v\u0161\u00edm, co je. Aby toho byli schopni, pot\u0159ebuj\u00ed b\u00fdt dob\u0159e obezn\u00e1meni nejen s\u00a0kr\u00e1sou sv\u011bta, s\u00a0majest\u00e1tnost\u00ed hor, kter\u00e1 tradi\u010dn\u011b vyb\u00edz\u00ed k\u00a0modlitb\u011b klan\u011bn\u00ed, ale i s\u00a0jeho b\u00eddou, s\u00a0alespo\u0148 malou \u010d\u00e1st\u00ed utrpen\u00ed na n\u011bm a tak\u00e9 s\u00a0dramatick\u00fdm rozsahem zm\u011bn, k\u00a0nim\u017e v\u00a0posledn\u00edch desetilet\u00edch doch\u00e1z\u00ed. Podle zku\u0161enost\u00ed mnoha katolick\u00fdch farnost\u00ed ve sv\u011bt\u011b je jedn\u00edm z\u00a0nejlep\u0161\u00edch zp\u016fsob\u016f jak otev\u0159\u00edt t\u00e9mata z\u00a0Laudato si&#8216; a za\u010d\u00edt se modlit za stvo\u0159en\u00ed a\u00a0spolu s\u00a0n\u00edm filmov\u00fd ve\u010der, p\u0159i n\u011bm\u017e se prom\u00edt\u00e1 dokument p\u0159edstavuj\u00edc\u00ed\u00a0probl\u00e9my encyklikou popisovan\u00e9. N\u011bkter\u00e9 z\u00a0nich a tak\u00e9 n\u011bco z\u00a0Franti\u0161kovy \u201e<\/span>nad\u011bje, \u017ee starost o stav na\u0161eho spole\u010dn\u00e9ho domova se prom\u011bn\u00ed v\u00a0systematick\u00e9 a\u00a0koordinovan\u00e9 \u00fasil\u00ed zac\u00edlen\u00e9 na integr\u00e1ln\u00ed ekologii<span style=\"color: #000000;\">\u201c (Franti\u0161ek, projev k\u00a0\u00fa\u010dastn\u00edk\u016fm mezin\u00e1rodn\u00ed konference u\u00a0p\u0159\u00edle\u017eitosti t\u0159et\u00edho v\u00fdro\u010d\u00ed vyd\u00e1n\u00ed encykliky Laudato si&#8216; z 6. \u010dervence 2018), m\u016f\u017ee div\u00e1k\u016fm zprost\u0159edkovat film Naomi Klein <i>This Changes Everything<\/i> (T\u00edm se v\u0161echno m\u011bn\u00ed), k\u00a0n\u011bmu\u017e jsou nyn\u00ed ji\u017e dostupn\u00e9 \u010desk\u00e9 titulky. V\u00a0\u010desk\u00e9m kontextu je vhodn\u00fdm uveden\u00edm do t\u00e9mat Laudato si&#8216; filmov\u00fd dokument B\u0159etislava Rychl\u00edka<i> Kamenolom Bo\u017e\u00ed<\/i>. Na spole\u010dn\u00e9 sledov\u00e1n\u00ed dokumentu pak mohou p\u0159\u00edtomn\u00ed nav\u00e1zat diskus\u00ed, p\u0159\u00edmluvnou modlitbou, chv\u00e1lou a d\u011bkov\u00e1n\u00edm. Spole\u010dn\u011b se u\u010d\u00ed b\u00fdt vn\u00edmav\u00fdmi pro bolest, ji\u017e stvo\u0159en\u00e9mu sv\u011btu zp\u016fsobuje sobeck\u00e1 lidsk\u00e1 \u010dinnost, a nal\u00e9zat tv\u00e1\u0159 Uk\u0159i\u017eovan\u00e9ho v\u00a0zt\u00fdran\u00e9m stvo\u0159en\u00ed. Spole\u010dn\u011b se u\u010d\u00ed vyzn\u00e1vat sv\u016fj pod\u00edl na zneu\u017e\u00edv\u00e1n\u00ed sv\u011bta (pape\u017e Franti\u0161ek zve k\u0159es\u0165any mimo jin\u00e9 k\u00a0tomu, aby konali pok\u00e1n\u00ed z\u00a0cestov\u00e1n\u00ed vlastn\u00edmi auty tam, kde mohli pou\u017e\u00edt ve\u0159ejnou dopravu, z\u00a0pou\u017e\u00edv\u00e1n\u00ed jednor\u00e1zov\u00fdch plastov\u00fdch kel\u00edmk\u016f a\u00a0z\u00a0nez\u00e1jmu a\u00a0pohodlnosti, kv\u016fli nim\u017e net\u0159\u00eddili odpady). Spole\u010dn\u011b mohou tak\u00e9 prosit za odpu\u0161t\u011bn\u00ed, sm\u00ed\u0159en\u00ed a obr\u00e1cen\u00ed pro ty, kdo se n\u00e1sil\u00ed na stvo\u0159en\u00ed dopou\u0161t\u011bj\u00ed ve v\u011bt\u0161\u00edm rozsahu. Spole\u010dn\u011b se u\u010d\u00ed za stvo\u0159en\u00fd sv\u011bt d\u011bkovat, chv\u00e1lit jeho Tv\u016frce a\u00a0vypro\u0161ovat si nov\u00fd pohled, novou mysl a nov\u00e9 srdce, aby dovedli vid\u011bt, pozn\u00e1vat a\u00a0milovat tak, jak je a cel\u00fd stvo\u0159en\u00fd sv\u011bt vid\u00ed, pozn\u00e1v\u00e1 a miluje B\u016fh. <\/span><\/span><\/p>\n<p><span style=\"font-size: large;\"><b><span style=\"color: #000000; font-family: Calibri;\">Spole\u010dn\u011b se radostn\u011b postit<\/span><\/b><\/span><\/p>\n<p><span style=\"font-family: Calibri;\"><span style=\"color: #000000;\">Druh\u00fdm pil\u00ed\u0159em programu duchovn\u00ed prom\u011bny tradi\u010dn\u011b je p\u016fst. V\u00a0posledn\u00ed dob\u011b se \u010dasto mluv\u00ed o\u00a0tom, \u017ee nen\u00ed t\u0159eba postit se od masa, \u017ee jsou i jin\u00e9 formy postu, kter\u00fdmi se \u010dlov\u011bk uvoln\u00ed pro Boha a\u00a0pro sv\u00e9 bli\u017en\u00ed \u2013 t\u0159eba kdy\u017e se post\u00ed od televize \u010di soci\u00e1ln\u00edch s\u00edt\u00ed. Pr\u00e1v\u011b tradi\u010dn\u00ed p\u016fst od masa a\u00a0jin\u00fdch potravin \u017eivo\u010di\u0161n\u00e9ho p\u016fvodu (st\u0159edov\u011bk\u00e1 postn\u00ed praxe v\u00a0c\u00edrkvi zahrnovala \u00fajmu masa, ml\u00e9ka a\u00a0vajec) v\u0161ak m\u016f\u017ee b\u00fdt v\u00fdznamn\u00fdm hybn\u00fdm momentem ekologick\u00e9ho obr\u00e1cen\u00ed, k\u00a0n\u011bmu\u017e pape\u017eov\u00e9 od Jana Pavla II. katolick\u00e9 k\u0159es\u0165any volaj\u00ed. Podle zpr\u00e1vy Organizace pro v\u00fd\u017eivu a zem\u011bd\u011blstv\u00ed OSN <i>Livestock<\/i><i><span lang=\"EN-GB\">\u2019<\/span><\/i><i>s Long Shadow<\/i> (Dlouh\u00fd st\u00edn hospod\u00e1\u0159sk\u00fdch zv\u00ed\u0159at) je chov hospod\u00e1\u0159sk\u00fdch zv\u00ed\u0159at jedn\u00edm z\u00a0dvou \u010di t\u0159\u00ed hospod\u00e1\u0159sk\u00fdch odv\u011btv\u00ed, kter\u00e1 nejv\u00fdznamn\u011bji p\u0159isp\u00edvaj\u00ed k\u00a0nejv\u00e1\u017en\u011bj\u0161\u00edm environment\u00e1ln\u00edm probl\u00e9m\u016fm, jako je zhor\u0161ov\u00e1n\u00ed kvality p\u016fdy, zm\u011bna klimatu, zne\u010di\u0161t\u011bn\u00ed ovzdu\u0161\u00ed, zne\u010di\u0161t\u011bn\u00ed a\u00a0nedostatek vody, \u00fabytek biodiversity. Vzd\u00e1n\u00ed se potravin \u017eivo\u010di\u0161n\u00e9ho p\u016fvodu tedy m\u016f\u017ee b\u00fdt jedn\u00edm z\u00a0t\u011bch mal\u00fdch ka\u017edodenn\u00edch krok\u016f k ochran\u011b stvo\u0159en\u00e9ho sv\u011bta, k\u00a0nim\u017e pape\u017e Franti\u0161ek tak nal\u00e9hav\u011b vol\u00e1. P\u016fst pro stvo\u0159en\u00ed lze konat v\u00a0ur\u010dit\u00e9 dny \u010di ro\u010dn\u00ed doby, lze ho i p\u0159ijmout jako trval\u00fd \u017eivotn\u00ed styl sekul\u00e1rn\u011b naz\u00fdvan\u00fd \u201eenvironment\u00e1ln\u00ed veganstv\u00ed\u201c, kter\u00fd\u00a0p\u0159i hojn\u00e9m u\u017e\u00edv\u00e1n\u00ed lu\u0161t\u011bnin a dopl\u0148ov\u00e1n\u00ed vitam\u00ednu B12 nep\u0159edstavuje zdravotn\u00ed riziko. Ale i v\u00a0tom je nejlep\u0161\u00ed za\u010d\u00edt spole\u010dn\u011b a k\u00a0farn\u00ed oslav\u011b m\u00edsto obvykl\u00e9ho gul\u00e1\u0161e, uzen\u00e9ho \u010di\u00a0oblo\u017een\u00fdch s\u00fdrosal\u00e1mov\u00fdch m\u00eds p\u0159ipravit dobroty z\u00a0\u010derven\u00e9 \u010do\u010dky, rozmanit\u00fdch fazol\u00ed a zeleniny. T\u00edm cel\u00e9 spole\u010denstv\u00ed ud\u011bl\u00e1 konkr\u00e9tn\u00ed krok k\u00a0ochran\u011b zem\u011b a\u00a0\u017eivota na n\u00ed, solidarizuje se s\u00a0mili\u00f3ny chud\u00fdch, kte\u0159\u00ed by r\u00e1di jedli boby ka\u017ed\u00fd den, ale zdaleka ne v\u017edy mohou, a\u00a0z\u00e1rove\u0148 p\u0159ed Bohem spole\u010dn\u011b vyj\u00e1d\u0159\u00ed svou vrouc\u00ed touhu po zm\u011bn\u011b. S dobr\u00fdm ko\u0159en\u00edm bude ud\u011blat to radostn\u011b snadn\u00e9.<\/span><\/span><\/p>\n<p><span style=\"font-size: large;\"><b><span style=\"color: #000000; font-family: Calibri;\">Ukl\u00e1dat poklady v nebi<\/span><\/b><\/span><\/p>\n<p><span style=\"color: #000000; font-family: Calibri;\">\u201eKde je tv\u016fj poklad, tam bude i tv\u00e9 srdce,\u201c \u0159\u00edk\u00e1 Je\u017e\u00ed\u0161 v\u00a0\u0161est\u00e9 kapitole evangelia podle Matou\u0161e. Jedn\u00edm z\u00a0mo\u017en\u00fdch v\u00fdklad\u016f tohoto v\u00fdroku je, \u017ee kdy\u017e \u010dlov\u011bk do n\u011b\u010deho investuje sv\u00e9 pen\u00edze, otev\u00edr\u00e1 tomu sv\u00e9 srdce a dovoluje tomu, aby ho to ovl\u00e1dlo. Kdy\u017e k\u0159es\u0165an\u00e9 \u201ed\u00e1vaj\u00ed almu\u017enu\u201c, tj. obdarov\u00e1vaj\u00ed chud\u00e9 sv\u00fdmi pen\u011bzi, otev\u00edraj\u00ed t\u00edm z\u00e1rove\u0148 sv\u00e9 srdce nejprve p\u0159\u00edmo pro ty, kdo pen\u011b\u017en\u00ed dar p\u0159ij\u00edmaj\u00ed, z\u00e1stupn\u011b pak pro v\u0161echny chud\u00e9 a skrze n\u011b pro Je\u017e\u00ed\u0161e, kter\u00fd se pro n\u00e1s stal chud\u00fdm, abychom my mohli m\u00edt \u00fa\u010dast na jeho bohatstv\u00ed. Podobn\u011b je mo\u017en\u00e9 pou\u017e\u00edt soukrom\u00fdch i\u00a0komunitn\u00edch pen\u011bz k\u00a0tomu, aby se srdce k\u0159es\u0165an\u016f v\u00edce otev\u00edrala \u201est\u00e1le zoufalej\u0161\u00edmu n\u00e1\u0159ku zem\u011b a\u00a0jej\u00edch chud\u00fdch\u201c (Franti\u0161ek, projev z 6. \u010dervence 2018). To, co zemi, jej\u00ed ekosyst\u00e9my a lidi \u017eij\u00edc\u00ed na n\u00ed nejv\u00edce ohro\u017euje, je z\u00edsk\u00e1v\u00e1n\u00ed energie pro lidskou spot\u0159ebu spalov\u00e1n\u00edm fosiln\u00edch paliv. Proto mohou ti, kdo se cht\u011bj\u00ed p\u0159ipojit k\u00a0\u00fasil\u00ed o ochranu Bohem stvo\u0159en\u00e9ho sv\u011bta a z\u00e1rove\u0148 ukl\u00e1dat sv\u00e9 pen\u00edze tak, aby t\u00edm chv\u00e1lili Stvo\u0159itele spolu s\u00a0jeho d\u00edlem, za\u010d\u00edt t\u00edm, \u017ee nebudou d\u00e1vat pen\u00edze k\u00a0dispozici t\u011bm, kdo t\u011b\u017ebu a\u00a0spalov\u00e1n\u00ed fosiln\u00edch paliv provozuj\u00ed a maj\u00ed z\u00a0nich zisk. T\u00edm se p\u0159ipoj\u00ed k\u00a0celosv\u011btov\u00e9mu hnut\u00ed naz\u00fdvan\u00e9mu \u201edivestment\u201c, tedy odklon\u011bn\u00ed investic z podnik\u016f\u00a0t\u011b\u017eby a\u00a0spalov\u00e1n\u00ed fosiln\u00edch paliv, kter\u00e9ho se ji\u017e dnes \u00fa\u010dastn\u00ed \u0159ada americk\u00fdch penzijn\u00edch fond\u016f, velk\u00e1 \u010d\u00e1st americk\u00fdch i evropsk\u00fdch univerzit, mnoh\u00e1 m\u011bsta a od roku 2016 tak\u00e9 velk\u00fd po\u010det katolick\u00fdch instituc\u00ed jako je t\u0159eba Arcidiec\u00e9ze Kapsk\u00e9 m\u011bsto \u010di Biskupsk\u00e1 konference Belgie. (V \u010cesk\u00e9 republice dosud \u017e\u00e1dn\u00e1 ve\u0159ejn\u00e1 ani c\u00edrkevn\u00ed instituce divestment neohl\u00e1sila a je na ob\u010danech a v\u011b\u0159\u00edc\u00edch, aby to od nich vy\u017eadovali.) A\u00a0proto\u017ee k\u00a0udr\u017een\u00ed \u017eivotn\u00edho stylu, na jak\u00fd jsme zvykl\u00ed, je elektrick\u00e9 energie pot\u0159eba hodn\u011b, je vhodn\u00e9 pen\u00edze investovat do zp\u016fsob\u016f jak ji z\u00edsk\u00e1vat z\u00a0trvale udr\u017eiteln\u00fdch zdroj\u016f, t\u0159eba tak, \u017ee se na farn\u00ed st\u0159echu nechaj\u00ed nainstalovat sol\u00e1rn\u00ed panely. Nejedn\u00e1 se ov\u0161em o almu\u017enu v\u00a0prav\u00e9m slova smyslu, proto\u017ee pen\u00edze investovan\u00e9 do instalace sol\u00e1rn\u00edch panel\u016f \u010di jin\u00fdch trvale udr\u017eiteln\u00fdch zdroj\u016f se dosti rychle vr\u00e1t\u00ed a\u00a0za\u010dnou generovat zisk. I tak je to ale dobr\u00fd zp\u016fsob, jak se p\u0159ipojit k\u00a0Franti\u0161kov\u011b modlitb\u011b v\u00a0jednot\u011b se stvo\u0159en\u00edm.<\/span><\/p>\n<p><span style=\"font-size: large;\"><b><span style=\"color: #000000; font-family: Calibri;\">Doprov\u00e1zet jedn\u00e1n\u00ed mocn\u00fdch<\/span><\/b><\/span><\/p>\n<p><span style=\"color: #000000; font-family: Calibri;\">\u201eNa prvn\u00edm m\u00edst\u011b \u017e\u00e1d\u00e1m, aby se konaly \u2026 modlitby \u2026 za v\u0161echny, kte\u0159\u00ed maj\u00ed v\u00a0rukou moc, abychom mohli \u017e\u00edt tich\u00fdm a klidn\u00fdm \u017eivotem v\u00a0opravdov\u00e9 zbo\u017enosti a v\u00e1\u017enosti,\u201c p\u00ed\u0161e k\u0159es\u0165an\u016fm autor prvn\u00edho listu Timoteovi. Dnes je pot\u0159eba modlit se za mocn\u00e9, abychom my a na\u0161e d\u011bti mohli \u017e\u00edt ve sv\u011bt\u011b nep\u0159eh\u0159\u00e1t\u00e9m zplodinami spalov\u00e1n\u00ed. A\u017e budou v\u00a0prosinci 2018 \u00fa\u010dastn\u00edci R\u00e1mcov\u00e9 \u00famluvy OSN o\u00a0zm\u011bn\u011b klimatu jednat na Klimatick\u00e9 konferenci v Katowic\u00edch, budou jejich jedn\u00e1n\u00ed modlitbou doprov\u00e1zet mimo jin\u00e9 i mlad\u00ed katoli\u010dt\u00ed v\u011b\u0159\u00edc\u00ed, kte\u0159\u00ed do Katowic poputuj\u00ed p\u011b\u0161ky z\u00a0Vatik\u00e1nu. Ka\u017ed\u00fd k\u0159es\u0165an v\u00a0jak\u00e9mkoli \u017eivotn\u00edm postaven\u00ed je m\u016f\u017ee doprov\u00e1zet sv\u00fdm srdcem, v\u00a0touze, s\u00a0d\u016fv\u011brou.<\/span><\/p>\n<p>[\/et_pb_text][et_pb_text _builder_version=&#8220;3.15&#8243;]<\/p>\n<p style=\"text-align: right;\"><em>Katolick\u00fd t\u00fdden\u00edk<\/em> 2018\/36, Perspektivy, s. 7.<\/p>\n<p>[\/et_pb_text][\/et_pb_column][\/et_pb_row][\/et_pb_section]<\/p>\n","protected":false},"excerpt":{"rendered":"<p>Spole\u010dn\u011b chv\u00e1lit Stvo\u0159itele Sv\u011btla Hanke Jaro\u0161ov\u00e1 &nbsp; Kdy\u017e pape\u017e Franti\u0161ek p\u0159ed t\u0159emi lety vyhl\u00e1sil 1. z\u00e1\u0159\u00ed Sv\u011btov\u00fdm dnem modliteb za p\u00e9\u010di o stvo\u0159en\u00ed, roz\u0161\u00ed\u0159il t\u00edm iniciativu, kter\u00e1 vze\u0161la z\u00a0Pravoslavn\u00e9 c\u00edrkve (den byl v\u00a0roce 1989 vyhl\u00e1\u0161en ekumenick\u00fdm patriarchou Demetriem) na celou \u0158\u00edmskokatolickou c\u00edrkev a z\u00e1rove\u0148 p\u0159izval k\u00a0\u00fa\u010dasti na p\u00e9\u010di o\u00a0Bohem stvo\u0159en\u00fd sv\u011bt v\u0161echny n\u00e1bo\u017eensky zalo\u017een\u00e9 lidi, [&hellip;]<\/p>\n","protected":false},"author":1,"featured_media":0,"parent":464,"menu_order":0,"comment_status":"closed","ping_status":"closed","template":"","meta":{"_et_pb_use_builder":"on","_et_pb_old_content":"","_et_gb_content_width":""},"_links":{"self":[{"href":"https:\/\/www.zitlaudatosi.cz\/index.php\/wp-json\/wp\/v2\/pages\/600"}],"collection":[{"href":"https:\/\/www.zitlaudatosi.cz\/index.php\/wp-json\/wp\/v2\/pages"}],"about":[{"href":"https:\/\/www.zitlaudatosi.cz\/index.php\/wp-json\/wp\/v2\/types\/page"}],"author":[{"embeddable":true,"href":"https:\/\/www.zitlaudatosi.cz\/index.php\/wp-json\/wp\/v2\/users\/1"}],"replies":[{"embeddable":true,"href":"https:\/\/www.zitlaudatosi.cz\/index.php\/wp-json\/wp\/v2\/comments?post=600"}],"version-history":[{"count":27,"href":"https:\/\/www.zitlaudatosi.cz\/index.php\/wp-json\/wp\/v2\/pages\/600\/revisions"}],"predecessor-version":[{"id":672,"href":"https:\/\/www.zitlaudatosi.cz\/index.php\/wp-json\/wp\/v2\/pages\/600\/revisions\/672"}],"up":[{"embeddable":true,"href":"https:\/\/www.zitlaudatosi.cz\/index.php\/wp-json\/wp\/v2\/pages\/464"}],"wp:attachment":[{"href":"https:\/\/www.zitlaudatosi.cz\/index.php\/wp-json\/wp\/v2\/media?parent=600"}],"curies":[{"name":"wp","href":"https:\/\/api.w.org\/{rel}","templated":true}]}}