{"id":457,"date":"2018-12-31T10:20:58","date_gmt":"2018-12-31T10:20:58","guid":{"rendered":"http:\/\/www.zitlaudatosi.cz\/?page_id=457"},"modified":"2023-08-20T13:52:15","modified_gmt":"2023-08-20T13:52:15","slug":"filmy","status":"publish","type":"page","link":"https:\/\/www.zitlaudatosi.cz\/index.php\/filmy\/","title":{"rendered":"Filmy"},"content":{"rendered":"<p>[et_pb_section fb_built=&#8220;1&#8243; _builder_version=&#8220;4.16&#8243; global_colors_info=&#8220;{}&#8220;][et_pb_row _builder_version=&#8220;4.16&#8243; min_height=&#8220;96.2px&#8220; custom_padding=&#8220;5px||0px|||&#8220; global_colors_info=&#8220;{}&#8220;][et_pb_column type=&#8220;4_4&#8243; _builder_version=&#8220;4.16&#8243; custom_padding=&#8220;|||&#8220; global_colors_info=&#8220;{}&#8220; custom_padding__hover=&#8220;|||&#8220;][et_pb_text _builder_version=&#8220;4.16&#8243; inline_fonts=&#8220;Amiko&#8220; global_colors_info=&#8220;{}&#8220;]<\/p>\n<p><span style=\"font-family: Amiko; font-weight: normal; font-size: large; color: #188e1e;\">Mnoho farnost\u00ed po cel\u00e9m sv\u011bt\u011b zji\u0161\u0165uje, \u017ee nejvhodn\u011bj\u0161\u00ed zp\u016fsob, jak otev\u00edrat t\u00e9mata encykliky Laudato si&#8216;, jsou filmov\u00e9 projekce. Na t\u00e9to str\u00e1nce shroma\u017e\u010fujeme odkazy na vhodn\u00e9 filmy dostupn\u00e9 v \u010de\u0161tin\u011b. <\/span><span style=\"font-family: Amiko; font-weight: normal; font-size: large; color: #188e1e;\">Pokud v\u00edte o vhodn\u00e9m filmu, kter\u00fd tu chyb\u00ed, dejte n\u00e1m v\u011bd\u011bt na <a href=\"mailto:amen@zitlaudatosi.cz\">amen@zitlaudatosi.cz<\/a>.<\/span><\/p>\n<p><span style=\"font-family: Amiko; font-weight: normal; font-size: large; color: #188e1e;\"><\/span><\/p>\n<p>[\/et_pb_text][\/et_pb_column][\/et_pb_row][et_pb_row column_structure=&#8220;3_5,2_5&#8243; _builder_version=&#8220;4.18.0&#8243; _module_preset=&#8220;default&#8220; min_height=&#8220;322.4px&#8220; custom_padding=&#8220;1px||0px|||&#8220; global_colors_info=&#8220;{}&#8220;][et_pb_column type=&#8220;3_5&#8243; _builder_version=&#8220;4.18.0&#8243; _module_preset=&#8220;default&#8220; global_colors_info=&#8220;{}&#8220;][et_pb_text _builder_version=&#8220;4.18.0&#8243; _module_preset=&#8220;default&#8220; inline_fonts=&#8220;Aladin,Abyssinica SIL&#8220; global_colors_info=&#8220;{}&#8220;]<\/p>\n<p><span><span style=\"font-family: Aleo; font-weight: normal; font-size: large; color: #934500;\">Nov\u00fd film p\u0159\u00edmo vytvo\u0159en\u00fd k p\u0159edstaven\u00ed my\u0161lenek encykliky Laudato si&#8216; div\u00e1cky vst\u0159\u00edcn\u00fdm zp\u016fsobem se jmenuje The Letter (&#8222;Okru\u017en\u00ed list&#8220;). Vystupuj\u00ed v n\u011bm lid\u00e9, kte\u0159\u00ed v r\u016fzn\u00fdch \u010d\u00e1stech sv\u011bta h\u00e1j\u00ed vizi integr\u00e1ln\u00ed ekologie mezn\u00edmi zp\u016fsoby. Ka\u017ed\u00e1 postava p\u0159edstavuje jeden z hlas\u016f, kter\u00e9 nedoch\u00e1zej\u00ed ve sv\u011bt\u011b dostate\u010dn\u00e9ho vysly\u0161en\u00ed \u2013 hlas domorod\u00fdch obyvatel odlehl\u00fdch oblast\u00ed, hlas mlad\u00fdch, hlas chud\u00fdch, hlas p\u0159\u00edrody. Film sleduje, jak tito lid\u00e9 vstupuj\u00ed do dialogu jeden s druh\u00fdm a s pape\u017eem Franti\u0161kem.<\/span><\/span><\/p>\n<p><span style=\"font-family: 'Abyssinica SIL'; font-weight: normal; font-size: medium; color: #c9001a;\">Film The Letter lze nyn\u00ed prom\u00edtat ve spole\u010denstv\u00edch, kde se nevyb\u00edr\u00e1 vstupn\u00e9, s kvalitn\u00edmi \u010desk\u00fdmi titulky. Pro v\u00edce informac\u00ed n\u00e1m napi\u0161te na <a href=\"mailto:amen@zitlaudatosi.cz\">amen@zitlaudatosi.cz<\/a> nebo se zaregistrujte na <a href=\"https:\/\/www.theletterfilm.org\/screenings\/\">Screenings &#8211; The Letter (theletterfilm.org)<\/a>.\u00a0<\/span><\/p>\n<p>[\/et_pb_text][\/et_pb_column][et_pb_column type=&#8220;2_5&#8243; _builder_version=&#8220;4.18.0&#8243; _module_preset=&#8220;default&#8220; global_colors_info=&#8220;{}&#8220;][et_pb_video src=&#8220;https:\/\/www.youtube.com\/watch?v=l3EBHebH17Y&#8220; _builder_version=&#8220;4.19.4&#8243; _module_preset=&#8220;default&#8220; global_colors_info=&#8220;{}&#8220;][\/et_pb_video][\/et_pb_column][\/et_pb_row][et_pb_row _builder_version=&#8220;4.16&#8243; min_height=&#8220;129.9px&#8220; custom_margin=&#8220;-42px|auto|-42px|auto||&#8220; custom_padding=&#8220;5px||2px|||&#8220; global_colors_info=&#8220;{}&#8220;][et_pb_column type=&#8220;4_4&#8243; _builder_version=&#8220;4.16&#8243; custom_padding=&#8220;|||&#8220; global_colors_info=&#8220;{}&#8220; custom_padding__hover=&#8220;|||&#8220;][et_pb_text _builder_version=&#8220;4.18.0&#8243; custom_margin=&#8220;-18px|||||&#8220; custom_padding=&#8220;0px|||||&#8220; inline_fonts=&#8220;Aleo,Advent Pro&#8220; global_colors_info=&#8220;{}&#8220;]<\/p>\n<p><span style=\"font-family: Aleo; font-weight: normal; font-size: large; color: #934500;\">Hlavn\u00ed hv\u011bzdou filmu je pape\u017e Franti\u0161ek, kter\u00fd tr\u00e1vil \u010das s tv\u016frci filmu a d\u011blil se s nimi o moudrost. Film p\u0159edstavuje hlasy z periferi\u00ed ekologick\u00e9 krize. Vystupuje v n\u011bm n\u00e1ctilet\u00e1 aktivistka z Indie, domorod\u00fd v\u016fdce z Amazonie, klimatick\u00fd uprchl\u00edk ze Senegalu a v\u011bdci z Hawaje. Ridhima, n\u00e1\u010deln\u00edk Dada, Arouna a Robin a Greg jsou skute\u010dn\u00ed hrdinov\u00e9 skute\u010dn\u00e9ho \u017eivota. Ve filmu se s v\u00e1mi pod\u011bl\u00ed o sv\u00e9 p\u0159\u00edb\u011bhy a budete moci b\u00fdt sv\u011bdky jejich osobn\u00edch rozhovor\u016f s pape\u017eem. V\u00edce info <a href=\"https:\/\/www.zitlaudatosi.cz\/wp-content\/uploads\/2022\/10\/okruzni-list.pptx\">v t\u00e9to prezentaci<\/a>.<\/span><\/p>\n<p><span style=\"color: #00ba03;\"><span style=\"font-family: Aleo; font-weight: normal; font-size: large;\">Premi\u00e9ra filmu se konala 4. \u0159\u00edjna 2022 v Synodn\u00edm s\u00e1le ve Vatik\u00e1nu, 19. \u0159\u00edjna 2022 jsme poprv\u00e9 prom\u00edtali v Praze.<\/span><\/span><\/p>\n<p><span><\/span><\/p>\n<p>[\/et_pb_text][\/et_pb_column][\/et_pb_row][et_pb_row column_structure=&#8220;3_5,2_5&#8243; _builder_version=&#8220;4.18.0&#8243; _module_preset=&#8220;default&#8220; custom_padding=&#8220;0px|||||&#8220; global_colors_info=&#8220;{}&#8220;][et_pb_column type=&#8220;3_5&#8243; _builder_version=&#8220;4.18.0&#8243; _module_preset=&#8220;default&#8220; global_colors_info=&#8220;{}&#8220;][et_pb_image src=&#8220;https:\/\/www.zitlaudatosi.cz\/wp-content\/uploads\/2022\/09\/pozvanka-1.jpg&#8220; title_text=&#8220;pozv\u00e1nka+&#8220; _builder_version=&#8220;4.18.0&#8243; _module_preset=&#8220;default&#8220; global_colors_info=&#8220;{}&#8220;][\/et_pb_image][\/et_pb_column][et_pb_column type=&#8220;2_5&#8243; _builder_version=&#8220;4.19.4&#8243; _module_preset=&#8220;default&#8220; global_colors_info=&#8220;{}&#8220;][et_pb_text _builder_version=&#8220;4.18.0&#8243; _module_preset=&#8220;default&#8220; global_colors_info=&#8220;{}&#8220;]<\/p>\n<p><span style=\"font-size: 14px; color: #23a81c;\"><\/span><\/p>\n<p><span style=\"font-size: 14px; color: #23a81c;\">Film byl p\u0159edstaven v po\u0159adu \u010cRo Vertik\u00e1la 16. 10. 2022, <\/span><span style=\"font-size: 14px;\"><span style=\"color: #23a81c;\">kdy se mj. \u0159e\u0161ila ot\u00e1zka, zda z r\u016fzn\u00fdch n\u00e1bo\u017eenstv\u00ed mohou vzej\u00edt \u00fa\u010dinn\u00e9 apely k \u0159e\u0161en\u00ed probl\u00e9m\u016f v dne\u0161n\u00edm sv\u011bt\u011b. Podcast vyslechnete <a href=\"https:\/\/plus.rozhlas.cz\/spory-nevznikaji-kvuli-nabozenstvim-ale-lidem-kteri-si-je-interpretuji-podle-8847198\">na tomto odkazu<\/a>:<\/span><\/span><span style=\"color: #23a81c;\"><\/span><\/p>\n<p>[\/et_pb_text][et_pb_text _builder_version=&#8220;4.19.4&#8243; _module_preset=&#8220;default&#8220; global_colors_info=&#8220;{}&#8220;]<\/p>\n<p><span style=\"font-family: Amiko; font-weight: normal; font-size: medium; color: #218fc6;\"><\/span><\/p>\n<p><span style=\"font-family: Amiko; font-weight: normal; font-size: medium; color: #218fc6;\">Zvukov\u00fd z\u00e1znam z osobn\u00ed reflexe encykliky Laudato si&#8216;, kterou p\u0159ed prom\u00edt\u00e1n\u00edm v Praze-Kobylis\u00edch pronesl RNDr. David Pithart, CSc., si m\u016f\u017eete poslechnout zde:<\/span><\/p>\n<p>[\/et_pb_text][et_pb_audio title=&#8220;Jak m\u011b zm\u011bnila encyklika Laudato si'&#8220; artist_name=&#8220;David Pithart&#8220; admin_label=&#8220;David Pithart audio&#8220; _builder_version=&#8220;4.18.0&#8243; _module_preset=&#8220;default&#8220; min_height=&#8220;6.2px&#8220; custom_margin=&#8220;||-40px|||&#8220; custom_padding=&#8220;13px||1px|||&#8220; link_option_url=&#8220;https:\/\/www.zitlaudatosi.cz\/wp-content\/uploads\/2022\/10\/221019OkruzniListDPithart.mp3&#8243; link_option_url_new_window=&#8220;on&#8220; global_colors_info=&#8220;{}&#8220;][\/et_pb_audio][\/et_pb_column][\/et_pb_row][et_pb_row column_structure=&#8220;1_3,1_3,1_3&#8243; _builder_version=&#8220;4.18.0&#8243; _module_preset=&#8220;default&#8220; custom_margin=&#8220;27px|auto|-42px|auto||&#8220; custom_padding=&#8220;1px|||||&#8220; global_colors_info=&#8220;{}&#8220;][et_pb_column type=&#8220;1_3&#8243; _builder_version=&#8220;4.18.0&#8243; _module_preset=&#8220;default&#8220; global_colors_info=&#8220;{}&#8220;][\/et_pb_column][et_pb_column type=&#8220;1_3&#8243; _builder_version=&#8220;4.18.0&#8243; _module_preset=&#8220;default&#8220; global_colors_info=&#8220;{}&#8220;][\/et_pb_column][et_pb_column type=&#8220;1_3&#8243; _builder_version=&#8220;4.18.0&#8243; _module_preset=&#8220;default&#8220; global_colors_info=&#8220;{}&#8220;][et_pb_text _builder_version=&#8220;4.18.0&#8243; _module_preset=&#8220;default&#8220; min_height=&#8220;106.4px&#8220; custom_margin=&#8220;||3px|||&#8220; inline_fonts=&#8220;Amiko&#8220; global_colors_info=&#8220;{}&#8220;][\/et_pb_text][\/et_pb_column][\/et_pb_row][et_pb_row column_structure=&#8220;2_5,3_5&#8243; _builder_version=&#8220;4.16&#8243; global_colors_info=&#8220;{}&#8220;][et_pb_column type=&#8220;2_5&#8243; _builder_version=&#8220;4.16&#8243; custom_padding=&#8220;|||&#8220; global_colors_info=&#8220;{}&#8220; custom_padding__hover=&#8220;|||&#8220;][et_pb_text _builder_version=&#8220;4.16&#8243; global_colors_info=&#8220;{}&#8220;]<\/p>\n<p><a href=\"https:\/\/promitejity.cz\/detail-filmu\/41-thuletuvalu\">ThuleTuvalu<\/a>, re\u017eie Matthias von Gunten, 2014.<\/p>\n<p><a href=\"https:\/\/promitejity.cz\/detail-filmu\/70-zemrit-pro-design\">Zem\u0159\u00edt pro design<\/a>, re\u017eie Sue Williams, 2016.<\/p>\n<p><a href=\"https:\/\/www.youtube.com\/watch?v=gMrRZlELG6s&amp;t=162s\">Sem\u00ednka svobody<\/a>, re\u017eie Diego Cutilli, 2014.<\/p>\n<p><a href=\"https:\/\/www.youtube.com\/watch?v=H3kxKVx72_k\">Planeta pln\u00e1 plast\u016f<\/a>, 95 minut, 2010.<\/p>\n<p>[\/et_pb_text][\/et_pb_column][et_pb_column type=&#8220;3_5&#8243; _builder_version=&#8220;4.16&#8243; custom_padding=&#8220;|||&#8220; global_colors_info=&#8220;{}&#8220; custom_padding__hover=&#8220;|||&#8220;][et_pb_text _builder_version=&#8220;4.16&#8243; global_colors_info=&#8220;{}&#8220;]<\/p>\n<p>Kamenolom Bo\u017e\u00ed, re\u017eie B\u0159etislav rychl\u00edk, 2004.<\/p>\n<p><a href=\"http:\/\/www.tvprogram.cz\/domov-aneb-kam-smeruje-nase-cesta-1-2\/1240128606\">Domov aneb Kam sm\u011b\u0159uje na\u0161e cesta<\/a>, sn\u00edmky Yann-Arthus Bertrand, 2009.<\/p>\n<p><a href=\"https:\/\/www.youtube.com\/results?search_query=silva+gabreta\">Silva Gabreta<\/a> &#8211; jak se rod\u00ed \u0161umavsk\u00fd horsk\u00fd les.<\/p>\n<p>V\u00fdb\u011br deseti film\u016f o klimatu, v\u00fdb\u011br z filmov\u00e9 tvorby v\u011bnuj\u00edc\u00ed se zm\u011bn\u011b klimatu a jej\u00edm dopad\u016fm na lidi\u00a0<a href=\"https:\/\/naformat.cz\/2021\/04\/format-x-klimatista-10-filmu-o-klimatu\/\">https:\/\/naformat.cz\/2021\/04\/format-x-klimatista-10-filmu-o-klimatu\/<\/a><\/p>\n<p>&nbsp;<\/p>\n<p>&nbsp;<\/p>\n<p>[\/et_pb_text][\/et_pb_column][\/et_pb_row][et_pb_row _builder_version=&#8220;4.16&#8243; global_colors_info=&#8220;{}&#8220;][et_pb_column type=&#8220;4_4&#8243; _builder_version=&#8220;4.16&#8243; custom_padding=&#8220;|||&#8220; global_colors_info=&#8220;{}&#8220; custom_padding__hover=&#8220;|||&#8220;][et_pb_text _builder_version=&#8220;4.16&#8243; global_colors_info=&#8220;{}&#8220;]<span style=\"display: inline !important; float: none; background-color: transparent; color: #666666; cursor: text; font-family: 'Open Sans',Arial,sans-serif; font-size: 14px; font-style: normal; font-variant: normal; font-weight: 500; letter-spacing: normal; -ms-text-size-adjust: auto; orphans: 2; text-align: left; text-decoration: none; text-indent: 0px; text-transform: none; -webkit-text-stroke-width: 0px; white-space: normal; word-spacing: 0px;\">P\u0159ipravujeme \u010desk\u00e9 titulky k dokument\u00e1rn\u00edmu filmu z prost\u0159ed\u00ed environment\u00e1ln\u011b motivovan\u00e9 n\u00e1bo\u017eensk\u00e9 obnovy <\/span><a href=\"http:\/\/www.renewalproject.net\/\">Renewal<\/a><span style=\"display: inline !important; float: none; background-color: transparent; color: #666666; cursor: text; font-family: 'Open Sans',Arial,sans-serif; font-size: 14px; font-style: normal; font-variant: normal; font-weight: 500; letter-spacing: normal; -ms-text-size-adjust: auto; orphans: 2; text-align: left; text-decoration: none; text-indent: 0px; text-transform: none; -webkit-text-stroke-width: 0px; white-space: normal; word-spacing: 0px;\">.<\/span><br \/>\n[\/et_pb_text][\/et_pb_column][\/et_pb_row][\/et_pb_section]<\/p>\n","protected":false},"excerpt":{"rendered":"<p>Mnoho farnost\u00ed po cel\u00e9m sv\u011bt\u011b zji\u0161\u0165uje, \u017ee nejvhodn\u011bj\u0161\u00ed zp\u016fsob, jak otev\u00edrat t\u00e9mata encykliky Laudato si&#8216;, jsou filmov\u00e9 projekce. Na t\u00e9to str\u00e1nce shroma\u017e\u010fujeme odkazy na vhodn\u00e9 filmy dostupn\u00e9 v \u010de\u0161tin\u011b. Pokud v\u00edte o vhodn\u00e9m filmu, kter\u00fd tu chyb\u00ed, dejte n\u00e1m v\u011bd\u011bt na amen@zitlaudatosi.cz. Nov\u00fd film p\u0159\u00edmo vytvo\u0159en\u00fd k p\u0159edstaven\u00ed my\u0161lenek encykliky Laudato si&#8216; div\u00e1cky vst\u0159\u00edcn\u00fdm zp\u016fsobem [&hellip;]<\/p>\n","protected":false},"author":1,"featured_media":0,"parent":0,"menu_order":0,"comment_status":"closed","ping_status":"closed","template":"","meta":{"_et_pb_use_builder":"on","_et_pb_old_content":"","_et_gb_content_width":""},"_links":{"self":[{"href":"https:\/\/www.zitlaudatosi.cz\/index.php\/wp-json\/wp\/v2\/pages\/457"}],"collection":[{"href":"https:\/\/www.zitlaudatosi.cz\/index.php\/wp-json\/wp\/v2\/pages"}],"about":[{"href":"https:\/\/www.zitlaudatosi.cz\/index.php\/wp-json\/wp\/v2\/types\/page"}],"author":[{"embeddable":true,"href":"https:\/\/www.zitlaudatosi.cz\/index.php\/wp-json\/wp\/v2\/users\/1"}],"replies":[{"embeddable":true,"href":"https:\/\/www.zitlaudatosi.cz\/index.php\/wp-json\/wp\/v2\/comments?post=457"}],"version-history":[{"count":40,"href":"https:\/\/www.zitlaudatosi.cz\/index.php\/wp-json\/wp\/v2\/pages\/457\/revisions"}],"predecessor-version":[{"id":3313,"href":"https:\/\/www.zitlaudatosi.cz\/index.php\/wp-json\/wp\/v2\/pages\/457\/revisions\/3313"}],"wp:attachment":[{"href":"https:\/\/www.zitlaudatosi.cz\/index.php\/wp-json\/wp\/v2\/media?parent=457"}],"curies":[{"name":"wp","href":"https:\/\/api.w.org\/{rel}","templated":true}]}}