{"id":2434,"date":"2021-04-20T16:39:52","date_gmt":"2021-04-20T16:39:52","guid":{"rendered":"http:\/\/www.zitlaudatosi.cz\/?page_id=2434"},"modified":"2023-12-08T19:30:01","modified_gmt":"2023-12-08T19:30:01","slug":"online","status":"publish","type":"page","link":"https:\/\/www.zitlaudatosi.cz\/index.php\/spolecenstvi\/online\/","title":{"rendered":"Online"},"content":{"rendered":"<p>[et_pb_section fb_built=&#8220;1&#8243; _builder_version=&#8220;4.16&#8243; global_colors_info=&#8220;{}&#8220;][et_pb_row column_structure=&#8220;2_5,3_5&#8243; _builder_version=&#8220;4.16&#8243; custom_padding=&#8220;0px|||||&#8220; global_colors_info=&#8220;{}&#8220;][et_pb_column type=&#8220;2_5&#8243; _builder_version=&#8220;4.16&#8243; custom_padding=&#8220;|||&#8220; global_colors_info=&#8220;{}&#8220; custom_padding__hover=&#8220;|||&#8220;][et_pb_text _builder_version=&#8220;4.16&#8243; custom_padding=&#8220;||0px|||&#8220; inline_fonts=&#8220;Arial,Verdana&#8220; global_colors_info=&#8220;{}&#8220;]<\/p>\n<p><span style=\"font-size: large; font-family: Arial; font-weight: normal; color: #0a7a00;\">Setk\u00e1v\u00e1me se nyn\u00ed v\u017edy <strong>v \u00fater\u00fd ve 21:30<\/strong>, abychom se spole\u010dn\u011b modlili <a href=\"https:\/\/www.zitlaudatosi.cz\/wp-content\/uploads\/2021\/04\/Korunka-Laudato-si.pdf\">v duchu Laudato si&#8216;. <\/a><\/span><span style=\"font-size: large; font-family: Arial; font-weight: normal; color: #0a7a00;\"><span style=\"font-family: Arial; font-weight: normal; font-size: large;\"><span style=\"color: #307714;\">P\u0159ipojit se m\u016f\u017ee<span style=\"font-family: inherit; font-weight: normal;\">te r<\/span>ozkliknut\u00edm odkazu\u00a0<\/span><a href=\"https:\/\/meet.jit.si\/ZitLaudatoSiCeskaRepublika\">Zit Laudato Si Ceska Republika | Jitsi Meet<\/a><a href=\"https:\/\/www.zitlaudatosi.cz\/index.php\/spolecenstvi\/online\/\"><span style=\"color: #2ea3f2;\">.<\/span><\/a><\/span><\/span><span style=\"font-size: large; font-family: Arial; font-weight: normal; color: #0a7a00;\"><span style=\"font-family: Arial; font-weight: normal; font-size: large;\"><span style=\"color: #2ea3f2;\"><\/span><\/span><\/span><\/p>\n<p><span style=\"font-size: large; font-family: Arial; font-weight: normal; color: #0a7a00;\"><span style=\"font-family: Arial; font-weight: normal; font-size: large;\"><span style=\"color: #2ea3f2;\"><\/span><\/span><\/span><\/p>\n<p>[\/et_pb_text][et_pb_divider _builder_version=&#8220;4.19.4&#8243; _module_preset=&#8220;default&#8220; global_colors_info=&#8220;{}&#8220;][\/et_pb_divider][et_pb_text _builder_version=&#8220;4.16&#8243; custom_margin=&#8220;-10px|||||&#8220; custom_padding=&#8220;||0px|||&#8220; inline_fonts=&#8220;Arial,Verdana&#8220; global_colors_info=&#8220;{}&#8220;]<\/p>\n<p><span style=\"font-size: medium; font-family: inherit; font-weight: normal; color: #0a7a00;\">Ve \u010dtvrtek 22. dubna 2021, na n\u011bj\u017e p\u0159ipadl Den Zem\u011b, jsme slavili <a href=\"https:\/\/www.zitlaudatosi.cz\/wp-content\/uploads\/2021\/04\/Den-Zem\u011b-2021.pptx\">online bohoslu\u017ebu<\/a>, jej\u00ed\u017e texty jsou <a href=\"https:\/\/www.zitlaudatosi.cz\/wp-content\/uploads\/2021\/04\/Den-Zem\u011b-2021.pptx\">ke sta\u017een\u00ed zde<\/a>.<\/span><\/p>\n<p><span style=\"font-size: medium; font-family: Arial; font-weight: normal; color: #0a7a00;\"><span style=\"font-family: Arial; font-weight: normal;\"><span style=\"color: #2ea3f2;\"><\/span><\/span><\/span><\/p>\n<p><span style=\"font-size: medium; font-family: Arial; font-weight: normal; color: #178c19;\">V sobotu 22. kv\u011btna 2021 jsme vyslechli <a href=\"https:\/\/www.zitlaudatosi.cz\/index.php\/spolecenstvi\/online\/co-se-muzeme-naucit-od-alberta-schweitzera\/\">online p\u0159edn\u00e1\u0161ku Jana Z\u00e1me\u010dn\u00edka<\/a>, b\u011bhem n\u00ed\u017e jsme se dozv\u011bd\u011bli, co se dnes m\u016f\u017eeme nau\u010dit od Alberta Schweitzera. Z\u00e1znam je dostupn\u00fd zde:<\/span><span style=\"font-size: large; font-family: Arial; font-weight: normal; color: #0a7a00;\"><\/span><span style=\"font-size: large; font-family: Arial; font-weight: normal; color: #178c19;\"><\/span><\/p>\n<p>[\/et_pb_text][et_pb_audio audio=&#8220;https:\/\/www.zitlaudatosi.cz\/wp-content\/uploads\/2021\/06\/Schweitzer.mp3&#8243; title=&#8220;%22Co se dnes m\u016f\u017eeme nau\u010dit od Alberta Schweitzera%22&#8243; artist_name=&#8220;Jan Z\u00e1me\u010dn\u00edk&#8220; _builder_version=&#8220;4.19.4&#8243; _module_preset=&#8220;default&#8220; title_font_size=&#8220;17px&#8220; title_line_height=&#8220;1.2em&#8220; width=&#8220;100%&#8220; min_height=&#8220;178px&#8220; link_option_url=&#8220;https:\/\/www.zitlaudatosi.cz\/wp-content\/uploads\/2021\/06\/Schweitzer.mp3&#8243; link_option_url_new_window=&#8220;on&#8220; box_shadow_style=&#8220;preset6&#8243; global_colors_info=&#8220;{}&#8220;][\/et_pb_audio][et_pb_divider show_divider=&#8220;off&#8220; _builder_version=&#8220;4.16&#8243; _module_preset=&#8220;default&#8220; global_colors_info=&#8220;{}&#8220;][\/et_pb_divider][et_pb_text _builder_version=&#8220;4.19.4&#8243; _module_preset=&#8220;default&#8220; inline_fonts=&#8220;Abhaya Libre&#8220; global_colors_info=&#8220;{}&#8220;]<\/p>\n<p><span style=\"font-size: medium; font-family: inherit; font-weight: normal; color: #631809;\">Ve dnech 20. &#8211; 28. z\u00e1\u0159\u00ed 2021 jsme se modlili nov\u00e9nu k Pann\u011b Marii rozvazuj\u00edc\u00ed uzly na podporu hnut\u00ed Fridays for Future \u010cesk\u00e1 republika, kter\u00e9 se v t\u011bch dnech mobilizovalo. Pro mlad\u00e9 lidi, kte\u0159\u00ed voli\u010d\u016fm i politik\u016fm p\u0159ipom\u00ednaj\u00ed nal\u00e9havost klimatick\u00e9 krize, jsme se dev\u011bt po sob\u011b jdouc\u00edch dn\u016f modlili bolestn\u00fd r\u016f\u017eenec a modlitbu, j\u00ed\u017e se k Pann\u011b Marii rozvazuj\u00edc\u00ed uzly obrac\u00ed pape\u017e Franti\u0161ek:\u00a0<\/span><\/p>\n<p>[\/et_pb_text][et_pb_image src=&#8220;https:\/\/www.zitlaudatosi.cz\/wp-content\/uploads\/2021\/09\/Modlitba-papeze-Frantiska-k-Panne-Marii-rozvazujici-uzly.png&#8220; title_text=&#8220;Modlitba pape\u017ee Franti\u0161ka k Pann\u011b Marii rozvazuj\u00edc\u00ed uzly&#8220; _builder_version=&#8220;4.19.4&#8243; _module_preset=&#8220;default&#8220; min_height=&#8220;475.9px&#8220; custom_margin=&#8220;-22px|||||&#8220; custom_padding=&#8220;4px|||||&#8220; global_colors_info=&#8220;{}&#8220;][\/et_pb_image][et_pb_divider show_divider=&#8220;off&#8220; _builder_version=&#8220;4.16&#8243; _module_preset=&#8220;default&#8220; global_colors_info=&#8220;{}&#8220;][\/et_pb_divider][\/et_pb_column][et_pb_column type=&#8220;3_5&#8243; _builder_version=&#8220;4.16&#8243; custom_padding=&#8220;|||&#8220; global_colors_info=&#8220;{}&#8220; custom_padding__hover=&#8220;|||&#8220;][et_pb_text _builder_version=&#8220;4.19.4&#8243; _module_preset=&#8220;default&#8220; min_height=&#8220;133.2px&#8220; custom_padding=&#8220;||0px|||&#8220; hover_enabled=&#8220;0&#8243; inline_fonts=&#8220;Abhaya Libre,Amiko&#8220; global_colors_info=&#8220;{}&#8220; sticky_enabled=&#8220;0&#8243;]<\/p>\n<p><span style=\"font-size: large;\"><strong><span style=\"font-family: Amiko; color: #c65a1b;\">T\u0159ikr\u00e1t t\u00fddn\u011b se modl\u00edme r\u016f\u017eenec za m\u00edr<\/span><\/strong><\/span><\/p>\n<div class=\"-wm-xdj266r -wm-x11i5rnm -wm-xat24cr -wm-x1mh8g0r -wm-x1vvkbs\"><span style=\"font-family: Amiko; font-weight: normal; font-size: medium; color: #c65a1b;\">Pros\u00edme za m\u00edr na Bl\u00edzk\u00e9m v\u00fdchod\u011b, na Ukrajin\u011b, ale tak\u00e9 za uti\u0161en\u00ed nepokoj\u016f v S\u00fdrii, Jemenu, Etiopii, za m\u00edr pro cel\u00e9 stvo\u0159en\u00ed.<\/span><\/div>\n<div class=\"-wm-x11i5rnm -wm-xat24cr -wm-x1mh8g0r -wm-x1vvkbs -wm-xtlvy1s\">\n<p><span style=\"font-family: Amiko; font-weight: normal; font-size: medium; color: #c65a1b;\">Pokra\u010dujeme v modlitb\u011b r\u016f\u017eence ka\u017ed\u00e9 pond\u011bl\u00ed, st\u0159edu a p\u00e1tek 20:45-20.15. <\/span><span style=\"font-family: Amiko; font-weight: normal; font-size: medium; color: #c65a1b;\">M\u016f\u017eete se k n\u00e1m p\u0159ipojit soukrom\u011b nebo ve virtu\u00e1ln\u00ed m\u00edstnosti <a href=\"https:\/\/meet.jit.si\/MariaReginaPacis\">Maria Regina Pacis | Jitsi Meet<\/a><\/span><span style=\"font-size: 14px;\">.<\/span><\/p>\n<\/div>\n<p><span style=\"font-size: large;\"><span style=\"color: #4caa08;\"><\/span><\/span><\/p>\n<p><span style=\"font-size: large;\"><span style=\"color: #4caa08;\"><\/span><\/span><\/p>\n<p>[\/et_pb_text][et_pb_divider _builder_version=&#8220;4.19.4&#8243; _module_preset=&#8220;default&#8220; custom_margin=&#8220;||0px|||&#8220; global_colors_info=&#8220;{}&#8220;][\/et_pb_divider][et_pb_text _builder_version=&#8220;4.16&#8243; _module_preset=&#8220;default&#8220; min_height=&#8220;56.5px&#8220; custom_margin=&#8220;||0px|||&#8220; custom_padding=&#8220;0px|||||&#8220; inline_fonts=&#8220;Abhaya Libre,Amiko,ABeeZee,Aboreto&#8220; global_colors_info=&#8220;{}&#8220;]<\/p>\n<div class=\"-wm-x11i5rnm -wm-xat24cr -wm-x1mh8g0r -wm-x1vvkbs -wm-xtlvy1s\"><\/div>\n<p><span style=\"font-size: large;\"><span style=\"color: #4caa08;\"><\/span><\/span><\/p>\n<p><span style=\"font-size: medium;\"><span style=\"font-family: inherit; color: #4caa08;\">14. ledna 2022 jsme konali online ekumenickou bohoslu\u017ebu na podporu t\u011bch, kdo r\u016fzn\u00fdmi zp\u016fsoby protestuj\u00ed proti povrchov\u00e9mu dolu Tur\u00f3w, a t\u011bch, kdo oblasti j\u00edm po\u0161kozovan\u00e9 ob\u00fdvaj\u00ed. V\u00edce na<\/span><span style=\"font-family: inherit;\"> <\/span><a href=\"https:\/\/www.zitlaudatosi.cz\/index.php\/2022\/01\/06\/ecumenical-service-for-turow\/\" style=\"font-family: inherit;\">Prayer Service for Tur\u00f3w | zitlaudatosi.cz<\/a><\/span><span style=\"font-family: inherit; font-size: large;\">\u00a0<\/span><\/p>\n<p><span style=\"font-size: large; font-family: inherit; font-weight: normal; color: #631809;\"><\/span><\/p>\n<p>[\/et_pb_text][et_pb_image src=&#8220;https:\/\/www.zitlaudatosi.cz\/wp-content\/uploads\/2022\/01\/turow.jpg&#8220; title_text=&#8220;turow&#8220; _builder_version=&#8220;4.16&#8243; _module_preset=&#8220;default&#8220; custom_padding=&#8220;3px|||||&#8220; global_colors_info=&#8220;{}&#8220;][\/et_pb_image][et_pb_divider _builder_version=&#8220;4.19.4&#8243; _module_preset=&#8220;default&#8220; custom_margin=&#8220;||7px|||&#8220; global_colors_info=&#8220;{}&#8220;][\/et_pb_divider][et_pb_text _builder_version=&#8220;4.19.4&#8243; _module_preset=&#8220;default&#8220; min_height=&#8220;235.8px&#8220; custom_margin=&#8220;-7px||1px|||&#8220; global_colors_info=&#8220;{}&#8220;]<\/p>\n<p><span style=\"font-family: inherit; font-weight: normal; font-size: medium; color: #0d1edb;\">Ve dnech 28.-30. \u0159\u00edjna 2021 jsme se zapojili do mezin\u00e1rodn\u00edho modlitebn\u00edho \u00fasil\u00ed ve prosp\u011bch COP 26. T\u0159i ve\u010dery po sob\u011b jsme d\u011bkovali za v\u0161echny, kdo se pod\u00edlej\u00ed na \u00fasil\u00ed o udr\u017een\u00ed mo\u017enosti d\u016fstojn\u00e9ho \u017eivota na Zemi, a prosili o to, aby st\u00e1ty zapojen\u00e9 do klimatick\u00e9 konference COP26 p\u0159ijaly a dodr\u017eely nov\u00e9 z\u00e1vazky. P\u0159itom jsme p\u0159ednesli \u010desk\u00fd p\u0159eklad souboru modliteb, kter\u00e9 jako p\u0159\u00edpravu k\u0159es\u0165ansk\u00e9ho spole\u010denstv\u00ed na bl\u00ed\u017e\u00edc\u00ed se konferenci zapsal Rev. Jon Swales. <\/span><span style=\"font-family: inherit; font-weight: normal; font-size: medium; color: #0d1edb;\">Texty modliteb jsou dostupn\u00e9 z <a href=\"https:\/\/atyourservice.arocha.org\/en\/26-prayers-for-the-climate-and-ecological-emergency\/\">26 Prayers for the Climate and Ecological Emergency \u2013 At your service (arocha.org)<\/a> a <a href=\"https:\/\/www.zitlaudatosi.cz\/wp-content\/uploads\/2021\/06\/26-modliteb-za-klima-a-stav-ekologicke-nouze.pdf\">Prayers for the Climate and Ecological Emergency (zitlaudatosi.cz)<\/a>.<\/span><span style=\"font-family: inherit; font-weight: normal; font-size: medium; color: #0d1edb;\"><\/span><\/p>\n<p><span style=\"font-family: inherit; font-weight: normal; font-size: medium; color: #0d1edb;\"><\/span><\/p>\n<p>[\/et_pb_text][et_pb_image src=&#8220;https:\/\/www.zitlaudatosi.cz\/wp-content\/uploads\/2021\/11\/taize.jpg&#8220; title_text=&#8220;taiz\u00e9&#8220; _builder_version=&#8220;4.19.4&#8243; _module_preset=&#8220;default&#8220; custom_margin=&#8220;-27px|||||&#8220; global_colors_info=&#8220;{}&#8220;][\/et_pb_image][\/et_pb_column][\/et_pb_row][\/et_pb_section]<\/p>\n","protected":false},"excerpt":{"rendered":"<p>Setk\u00e1v\u00e1me se nyn\u00ed v\u017edy v \u00fater\u00fd ve 21:30, abychom se spole\u010dn\u011b modlili v duchu Laudato si&#8216;. P\u0159ipojit se m\u016f\u017eete rozkliknut\u00edm odkazu\u00a0Zit Laudato Si Ceska Republika | Jitsi Meet. Ve \u010dtvrtek 22. dubna 2021, na n\u011bj\u017e p\u0159ipadl Den Zem\u011b, jsme slavili online bohoslu\u017ebu, jej\u00ed\u017e texty jsou ke sta\u017een\u00ed zde. V sobotu 22. kv\u011btna 2021 jsme vyslechli [&hellip;]<\/p>\n","protected":false},"author":1,"featured_media":2436,"parent":212,"menu_order":0,"comment_status":"closed","ping_status":"closed","template":"","meta":{"_et_pb_use_builder":"on","_et_pb_old_content":"","_et_gb_content_width":""},"_links":{"self":[{"href":"https:\/\/www.zitlaudatosi.cz\/index.php\/wp-json\/wp\/v2\/pages\/2434"}],"collection":[{"href":"https:\/\/www.zitlaudatosi.cz\/index.php\/wp-json\/wp\/v2\/pages"}],"about":[{"href":"https:\/\/www.zitlaudatosi.cz\/index.php\/wp-json\/wp\/v2\/types\/page"}],"author":[{"embeddable":true,"href":"https:\/\/www.zitlaudatosi.cz\/index.php\/wp-json\/wp\/v2\/users\/1"}],"replies":[{"embeddable":true,"href":"https:\/\/www.zitlaudatosi.cz\/index.php\/wp-json\/wp\/v2\/comments?post=2434"}],"version-history":[{"count":50,"href":"https:\/\/www.zitlaudatosi.cz\/index.php\/wp-json\/wp\/v2\/pages\/2434\/revisions"}],"predecessor-version":[{"id":3493,"href":"https:\/\/www.zitlaudatosi.cz\/index.php\/wp-json\/wp\/v2\/pages\/2434\/revisions\/3493"}],"up":[{"embeddable":true,"href":"https:\/\/www.zitlaudatosi.cz\/index.php\/wp-json\/wp\/v2\/pages\/212"}],"wp:featuredmedia":[{"embeddable":true,"href":"https:\/\/www.zitlaudatosi.cz\/index.php\/wp-json\/wp\/v2\/media\/2436"}],"wp:attachment":[{"href":"https:\/\/www.zitlaudatosi.cz\/index.php\/wp-json\/wp\/v2\/media?parent=2434"}],"curies":[{"name":"wp","href":"https:\/\/api.w.org\/{rel}","templated":true}]}}