{"id":2415,"date":"2021-04-08T18:03:01","date_gmt":"2021-04-08T18:03:01","guid":{"rendered":"http:\/\/www.zitlaudatosi.cz\/?page_id=2415"},"modified":"2021-05-09T06:37:02","modified_gmt":"2021-05-09T06:37:02","slug":"ke-dni-zeme-2021","status":"publish","type":"page","link":"https:\/\/www.zitlaudatosi.cz\/index.php\/spolecenstvi\/online\/ke-dni-zeme-2021\/","title":{"rendered":"Ekumenick\u00e1 bohoslu\u017eba ke Dni Zem\u011b 2021"},"content":{"rendered":"<p>[et_pb_section fb_built=&#8220;1&#8243; _builder_version=&#8220;3.0.47&#8243;][et_pb_row custom_padding=&#8220;24px|0px|1px|0px|false|false&#8220; _builder_version=&#8220;3.0.48&#8243; background_size=&#8220;initial&#8220; background_position=&#8220;top_left&#8220; background_repeat=&#8220;repeat&#8220;][et_pb_column type=&#8220;4_4&#8243; _builder_version=&#8220;3.0.47&#8243;][et_pb_text _builder_version=&#8220;3.21&#8243; inline_fonts=&#8220;Verdana,ABeeZee&#8220;]<\/p>\n<p style=\"text-align: center;\"><span style=\"font-size: large; color: #1ba038;\"><strong><span style=\"font-family: Verdana;\">Ekumenick\u00e1 bohoslu\u017eba za klimatickou spravedlnost<\/span><\/strong><\/span><\/p>\n<p style=\"text-align: center;\"><span style=\"color: #e09900;\"><strong><em>slaven\u00e1 v Den Zem\u011b 2021<\/em><\/strong><\/span><span style=\"font-size: large; color: #1ba038;\"><strong><span style=\"font-family: Verdana;\"><\/span><\/strong><\/span><\/p>\n<p><span style=\"color: #20bf23; font-size: medium; font-family: Verdana;\"><span style=\"background-color: #ffffff;\">22<strong style=\"font-weight: normal;\">. dubna 2021 v 18h se setk\u00e1me ve virtu\u00e1ln\u00ed m\u00edstnosti\u00a0<a href=\"https:\/\/meet.jit.si\/ZitLaudatoSiCeskaRepublika\">Zit Laudato Si Ceska Republika | Jitsi Meet<\/a><\/strong>.\u00a0Budeme d\u011bkovat, naslouchat a prosit Toho, kter\u00fd tvo\u0159\u00ed p\u0159\u00edrodn\u00ed spole\u010denstva, lidsk\u00e9 spole\u010dnosti i n\u00e1s p\u0159\u00edtomn\u00e9. Otev\u0159eme mu sv\u00e1 srdce Ba pozveme ho, aby z\u00e1pas o klimatickou spravedlnost, o ni\u017e dnes st\u00e1le v\u00edce lid\u00ed usiluje, vedl k c\u00edli, j\u00edm\u017e je On s\u00e1m.<\/span><\/span><\/p>\n<p><span style=\"font-size: medium; color: #a32b00;\">Bohoslu\u017eba se kon\u00e1 v sou\u010dinnosti s Extinction Rebellion \u010cesk\u00e1 republika.<\/span><\/p>\n<p><span style=\"color: #e09900; font-size: medium;\">K \u00fa\u010dasti nen\u00ed pot\u0159eba se registrovat, mus\u00edte jen m\u00edt nainstalovan\u00fd Chrome a v dob\u011b setk\u00e1n\u00ed se p\u0159ipojit rozkliknut\u00edm odkazu.<\/span><br \/><span style=\"background-color: #ffffff; font-size: 16px; white-space: pre-wrap; color: #22c92a; font-family: Verdana;\"><\/span><\/p>\n<p><span style=\"background-color: #ffffff; font-size: 16px; white-space: pre-wrap; color: #22c92a; font-family: Verdana;\">Pro dal\u0161\u00ed informace n\u00e1m napi\u0161te na <\/span><a href=\"mailto:amen@zitlaudatosi.cz\" style=\"font-size: 16px; white-space: pre-wrap; font-family: Verdana; color: #22c92a;\">amen@zitlaudatosi.cz<\/a><span style=\"background-color: #ffffff; font-size: 16px; white-space: pre-wrap; color: #22c92a; font-family: Verdana;\">.<\/span><\/p>\n<p>[\/et_pb_text][et_pb_image src=&#8220;https:\/\/www.zitlaudatosi.cz\/wp-content\/uploads\/2021\/04\/na-cest\u011b.jpg&#8220; align=&#8220;center&#8220; _builder_version=&#8220;3.21&#8243;][\/et_pb_image][\/et_pb_column][\/et_pb_row][\/et_pb_section]<\/p>\n","protected":false},"excerpt":{"rendered":"<p>Ekumenick\u00e1 bohoslu\u017eba za klimatickou spravedlnost slaven\u00e1 v Den Zem\u011b 2021 22. dubna 2021 v 18h se setk\u00e1me ve virtu\u00e1ln\u00ed m\u00edstnosti\u00a0Zit Laudato Si Ceska Republika | Jitsi Meet.\u00a0Budeme d\u011bkovat, naslouchat a prosit Toho, kter\u00fd tvo\u0159\u00ed p\u0159\u00edrodn\u00ed spole\u010denstva, lidsk\u00e9 spole\u010dnosti i n\u00e1s p\u0159\u00edtomn\u00e9. Otev\u0159eme mu sv\u00e1 srdce Ba pozveme ho, aby z\u00e1pas o klimatickou spravedlnost, o ni\u017e [&hellip;]<\/p>\n","protected":false},"author":1,"featured_media":0,"parent":2434,"menu_order":0,"comment_status":"closed","ping_status":"closed","template":"","meta":{"_et_pb_use_builder":"on","_et_pb_old_content":"","_et_gb_content_width":""},"_links":{"self":[{"href":"https:\/\/www.zitlaudatosi.cz\/index.php\/wp-json\/wp\/v2\/pages\/2415"}],"collection":[{"href":"https:\/\/www.zitlaudatosi.cz\/index.php\/wp-json\/wp\/v2\/pages"}],"about":[{"href":"https:\/\/www.zitlaudatosi.cz\/index.php\/wp-json\/wp\/v2\/types\/page"}],"author":[{"embeddable":true,"href":"https:\/\/www.zitlaudatosi.cz\/index.php\/wp-json\/wp\/v2\/users\/1"}],"replies":[{"embeddable":true,"href":"https:\/\/www.zitlaudatosi.cz\/index.php\/wp-json\/wp\/v2\/comments?post=2415"}],"version-history":[{"count":8,"href":"https:\/\/www.zitlaudatosi.cz\/index.php\/wp-json\/wp\/v2\/pages\/2415\/revisions"}],"predecessor-version":[{"id":2432,"href":"https:\/\/www.zitlaudatosi.cz\/index.php\/wp-json\/wp\/v2\/pages\/2415\/revisions\/2432"}],"up":[{"embeddable":true,"href":"https:\/\/www.zitlaudatosi.cz\/index.php\/wp-json\/wp\/v2\/pages\/2434"}],"wp:attachment":[{"href":"https:\/\/www.zitlaudatosi.cz\/index.php\/wp-json\/wp\/v2\/media?parent=2415"}],"curies":[{"name":"wp","href":"https:\/\/api.w.org\/{rel}","templated":true}]}}