{"id":124,"date":"2018-12-18T08:11:16","date_gmt":"2018-12-18T08:11:16","guid":{"rendered":"http:\/\/www.zitlaudatosi.cz\/?page_id=124"},"modified":"2025-08-17T11:19:51","modified_gmt":"2025-08-17T11:19:51","slug":"o-nas","status":"publish","type":"page","link":"https:\/\/www.zitlaudatosi.cz\/index.php\/o-nas\/","title":{"rendered":"O n\u00e1s"},"content":{"rendered":"<p>[et_pb_section fb_built=&#8220;1&#8243; _builder_version=&#8220;4.16&#8243; global_colors_info=&#8220;{}&#8220;][et_pb_row _builder_version=&#8220;4.16&#8243; global_colors_info=&#8220;{}&#8220;][et_pb_column type=&#8220;4_4&#8243; _builder_version=&#8220;4.16&#8243; custom_padding=&#8220;|||&#8220; global_colors_info=&#8220;{}&#8220; custom_padding__hover=&#8220;|||&#8220;][et_pb_text _builder_version=&#8220;4.16&#8243; global_colors_info=&#8220;{}&#8220;]<\/p>\n<p><strong><span style=\"color: #000000;\"><span style=\"margin: 0px; line-height: 115%; font-family: 'Calibri','sans-serif'; font-size: 11pt;\">Iniciativa \u017d\u00edt <i>Laudato si&#8216;<\/i><\/span><span style=\"margin: 0px; line-height: 115%; font-family: 'Calibri','sans-serif'; font-size: 11pt;\"> \u010cesk\u00e1 republika propojuje t\u00e9mata c\u00edrkve a ekologie a praktick\u00fdmi zp\u016fsoby rozv\u00edj\u00ed podn\u011bty, kter\u00e9 v encyklice <i>Laudato si&#8216;<\/i> p\u0159edkl\u00e1d\u00e1 pape\u017e Franti\u0161ek. C\u00edlem iniciativy je, aby ekologick\u00e9 obr\u00e1cen\u00ed, k n\u011bmu\u017e encyklika <em>Laudato si&#8216;<\/em> tak nal\u00e9hav\u011b vyz\u00fdv\u00e1, bylo v \u010desk\u00e9 c\u00edrkvi zjevn\u00e9 a prom\u011b\u0148ovalo ji. Hlavn\u00edmi t\u00e9maty jsou lidmi zp\u016fsoben\u00e1 klimatick\u00e1 zm\u011bna a klimatick\u00e1 (ne)spravedlnost, soun\u00e1le\u017eitost s cel\u00fdm sv\u011btem, kter\u00fd je stvo\u0159en v Kristu a sd\u00edl\u00ed jeho osud, a hled\u00e1n\u00ed zp\u016fsob\u016f trvale udr\u017eiteln\u00e9ho \u017eivota a spravedliv\u00e9 budoucnosti pro v\u0161echny. Tato t\u00e9mata otev\u00edr\u00e1me \u010dinnost\u00ed mal\u00fdch m\u00edstn\u00edch spole\u010denstv\u00ed, slaven\u00edm Doby stvo\u0159en\u00ed, besedami, v\u00fdstavami a filmov\u00fdmi projekcemi.<\/span><\/span><\/strong><\/p>\n<p>[\/et_pb_text][\/et_pb_column][\/et_pb_row][et_pb_row column_structure=&#8220;1_3,2_3&#8243; _builder_version=&#8220;4.16&#8243; custom_padding=&#8220;0|0px|36px|0px|false|false&#8220; global_colors_info=&#8220;{}&#8220;][et_pb_column type=&#8220;1_3&#8243; _builder_version=&#8220;4.16&#8243; custom_padding=&#8220;|||&#8220; global_colors_info=&#8220;{}&#8220; custom_padding__hover=&#8220;|||&#8220;][et_pb_divider show_divider=&#8220;off&#8220; _builder_version=&#8220;4.25.0&#8243; global_colors_info=&#8220;{}&#8220;][\/et_pb_divider][et_pb_divider show_divider=&#8220;off&#8220; _builder_version=&#8220;4.16&#8243; global_colors_info=&#8220;{}&#8220;][\/et_pb_divider][et_pb_image src=&#8220;https:\/\/www.zitlaudatosi.cz\/wp-content\/uploads\/2018\/12\/flower.jpg&#8220; align_tablet=&#8220;center&#8220; align_phone=&#8220;center&#8220; align_last_edited=&#8220;on|desktop&#8220; _builder_version=&#8220;4.16&#8243; min_height=&#8220;161.4px&#8220; custom_margin=&#8220;15px|||||&#8220; global_colors_info=&#8220;{}&#8220;][\/et_pb_image][\/et_pb_column][et_pb_column type=&#8220;2_3&#8243; _builder_version=&#8220;4.16&#8243; custom_padding=&#8220;|||&#8220; global_colors_info=&#8220;{}&#8220; custom_padding__hover=&#8220;|||&#8220;][et_pb_text _builder_version=&#8220;4.16&#8243; custom_padding=&#8220;0px|||||&#8220; global_colors_info=&#8220;{}&#8220;]<\/p>\n<p><strong><\/strong><\/p>\n<p><strong>Zdroje<\/strong><\/p>\n<p><strong><span style=\"color: #000000;\"><span style=\"margin: 0px; line-height: 115%; font-family: 'Calibri','sans-serif'; font-size: 11pt;\">Jsme<\/span><span style=\"margin: 0px; line-height: 115%; font-family: 'Calibri','sans-serif'; font-size: 11pt;\"> sou\u010d\u00e1st\u00ed celosv\u011btov\u00e9ho hnut\u00ed obnovy, kter\u00e1 v posledn\u00edch desetilet\u00edch prob\u00edh\u00e1 v\u00a0c\u00edrkv\u00edch mnoha denominac\u00ed i\u00a0v\u00a0spole\u010denstv\u00edch jin\u00fdch n\u00e1bo\u017eenstv\u00ed v reakci na glob\u00e1ln\u00ed environment\u00e1ln\u00ed krizi a\u00a0lidmi zp\u016fsobenou klimatickou zm\u011bnu. Tato obnova spo\u010d\u00edv\u00e1 ve snaze o n\u00e1pravu vztahu k\u00a0stvo\u0159en\u00e9mu sv\u011btu a projevuje se v\u00a0\u017eivotech m\u00edstn\u00edch spole\u010denstv\u00ed (srov. nap\u0159. \u010dinnost organizace GreenFaith, kter\u00e1 ve spolupr\u00e1ci se spole\u010denstv\u00edmi r\u016fzn\u00fdch n\u00e1bo\u017eenstv\u00ed p\u016fsob\u00ed od roku 1992) i\u00a0v\u00a0dokumentech celosv\u011btov\u00fdch \u00fast\u0159ed\u00ed c\u00edrkv\u00ed a federac\u00ed c\u00edrkv\u00ed (srov. nap\u0159. dokument <\/span><i><span style=\"margin: 0px; line-height: 115%; font-family: 'Calibri','sans-serif'; font-size: 11pt;\">Odpov\u011bdn\u00e9 spr\u00e1vcovstv\u00ed Bo\u017e\u00edho stvo\u0159en\u00ed<\/span><\/i><span style=\"margin: 0px; line-height: 115%; font-family: 'Calibri','sans-serif'; font-size: 11pt;\"> vydan\u00fd Sv\u011btovou evangelik\u00e1ln\u00ed alianc\u00ed v roce 2004 a dokument <i>B\u016fh, stvo\u0159en\u00ed a zm\u011bna klimatu<\/i> vydan\u00fd Sv\u011btovou luter\u00e1nskou federac\u00ed v roce 2009). Encyklika <i>Laudato si<\/i><\/span><i><span style=\"margin: 0px; line-height: 115%; font-family: 'Calibri','sans-serif'; font-size: 11pt;\">&#8218;<\/span> <\/i><span style=\"margin: 0px; line-height: 115%; font-family: 'Calibri','sans-serif'; font-size: 11pt;\">vydan\u00e1 v\u00a0roce 2015 Apo\u0161tolsk\u00fdm stolcem je v\u00fdznamn\u00fdm vyvrcholen\u00edm t\u00e9to obnovy.<\/span><span style=\"margin: 0px; line-height: 115%; font-family: 'Calibri','sans-serif'; font-size: 11pt;\"> Po jej\u00edm promulgov\u00e1n\u00ed bylo ustaveno Laudato Si&#8216; Movement (LSM) s c\u00edlem \u0161\u00ed\u0159it my\u0161lenky v n\u00ed obsa\u017een\u00e9 po cel\u00e9m sv\u011bt\u011b a podn\u011bcovat dal\u0161\u00ed lidi, aby ji p\u0159ijali za sv\u016fj \u017eivotn\u00ed program. Web zitlaudatosi.cz byl spu\u0161ten v roce 2018 k podpo\u0159e m\u00edstn\u00edch iniciativ v duchu encykliky v \u010cesk\u00e9 republice.<\/span><\/span><\/strong><\/p>\n<p>[\/et_pb_text][\/et_pb_column][\/et_pb_row][et_pb_row column_structure=&#8220;2_3,1_3&#8243; _builder_version=&#8220;4.16&#8243; custom_padding=&#8220;0|0px|36px|0px|false|false&#8220; global_colors_info=&#8220;{}&#8220;][et_pb_column type=&#8220;2_3&#8243; _builder_version=&#8220;4.16&#8243; custom_padding=&#8220;|||&#8220; global_colors_info=&#8220;{}&#8220; custom_padding__hover=&#8220;|||&#8220;][et_pb_text _builder_version=&#8220;4.16&#8243; global_colors_info=&#8220;{}&#8220;]<\/p>\n<p style=\"text-align: left;\"><strong><\/strong><\/p>\n<p style=\"text-align: left;\"><strong><\/strong><\/p>\n<p style=\"text-align: left;\"><strong>Vize<\/strong><\/p>\n<p style=\"text-align: left;\"><strong><span style=\"color: #000000;\"><span style=\"margin: 0px; line-height: 115%; font-family: 'Calibri','sans-serif'; font-size: 11pt;\">Zat\u00edmco jin\u00e1 sdru\u017een\u00ed reaguj\u00ed na v\u00fdzvy glob\u00e1ln\u00ed environment\u00e1ln\u00ed krize snahou tvo\u0159it, propagovat a\u00a0politicky\u00a0prosazovat technologick\u00e1 \u0159e\u0161en\u00ed, kter\u00e1 umo\u017en\u00ed uchovat materi\u00e1ln\u00ed sv\u011bt ve stavu, v\u00a0jak\u00e9m nyn\u00ed je, v\u00a0<\/span><span style=\"margin: 0px; line-height: 115%; font-family: 'Calibri','sans-serif'; font-size: 11pt;\">\u017d\u00edt <i>Laudato si<span style=\"background-attachment: scroll; background-clip: border-box; background-color: transparent; background-image: none; background-origin: padding-box; background-position-x: 0px; background-position-y: 0px; background-repeat: repeat; background-size: auto; border-image-outset: 0; border-image-repeat: stretch; border-image-slice: 100%; border-image-source: none; border-image-width: 1; box-sizing: border-box; color: #000000; cursor: text; font-size: 14px; -ms-text-size-adjust: auto; outline-color: invert; outline-style: none; outline-width: 0px; vertical-align: baseline; padding: 0px; margin: 0px; border: 0px none #000000;\"><span style=\"background-attachment: scroll; background-clip: border-box; background-color: transparent; background-image: none; background-origin: padding-box; background-position-x: 0px; background-position-y: 0px; background-repeat: repeat; background-size: auto; border-image-outset: 0; border-image-repeat: stretch; border-image-slice: 100%; border-image-source: none; border-image-width: 1; box-sizing: border-box; cursor: text; font-family: &amp;quot; calibri&amp;quot;,&amp;quot;sans-serif&amp;quot;; font-size: 14.66px; line-height: 17.33px; -ms-text-size-adjust: auto; outline-color: invert; outline-style: none; outline-width: 0px; vertical-align: baseline; padding: 0px; margin: 0px; border: 0px none #000000;\"><i style=\"background-attachment: scroll; background-clip: border-box; background-color: transparent; background-image: none; background-origin: padding-box; background-position-x: 0px; background-position-y: 0px; background-repeat: repeat; background-size: auto; border-image-outset: 0; border-image-repeat: stretch; border-image-slice: 100%; border-image-source: none; border-image-width: 1; box-sizing: border-box; cursor: text; font-size: 14.66px; font-style: italic; -ms-text-size-adjust: auto; outline-color: invert; outline-style: none; outline-width: 0px; vertical-align: baseline; padding: 0px; margin: 0px; border: 0px none #000000;\">&#8218;<\/i><\/span><\/span><\/i><\/span><span style=\"margin: 0px; line-height: 115%; font-family: 'Calibri','sans-serif'; font-size: 11pt;\"> \u010cesk\u00e1 republika usilujeme p\u0159edev\u0161\u00edm o prom\u011bnu lidsk\u00fdch srdc\u00ed a mysl\u00ed, proto\u017ee jsme p\u0159esv\u011bd\u010deni, \u017ee schopnost nal\u00e9zat a\u00a0ochota vyu\u017e\u00edvat sv\u011btu p\u0159\u00edzniv\u00e1 technologick\u00e1 \u0159e\u0161en\u00ed je v\u00fdrazem lidsk\u00e9ho ducha \u017eij\u00edc\u00edho v\u00a0souladu s\u00a0Bo\u017e\u00edm stvo\u0159itelsk\u00fdm z\u00e1m\u011brem. Jsme p\u0159esv\u011bd\u010deni, \u017ee jevy, jako je vym\u00edr\u00e1n\u00ed \u017eivo\u010di\u0161n\u00fdch druh\u016f a glob\u00e1ln\u00ed oteplov\u00e1n\u00ed, jsou d\u016fsledkem lidmi zp\u016fsoben\u00e9ho naru\u0161en\u00ed vztah\u016f, proto se zam\u011b\u0159ujeme na rozv\u00edjen\u00ed a n\u00e1pravu vztah\u016f k\u00a0Bohu, k\u00a0bli\u017en\u00edm, k\u00a0sob\u011b sam\u00fdm a\u00a0k\u00a0p\u0159\u00edrodn\u00edmu sv\u011btu a pros\u00edme za sebe i za v\u0161echny lidi, abychom ve sv\u011btle Bo\u017e\u00ed milosti pozn\u00e1vali, jak tyto vztahy napravovat a pe\u010dovat o n\u011b. Z\u00a0n\u00e1pravy vztah\u016f pak mohou vyv\u011brat skute\u010dn\u011b \u00fa\u010dinn\u00e1 \u0159e\u0161en\u00ed technologick\u00e1 a politick\u00e1.<\/span><\/span><\/strong><\/p>\n<p>[\/et_pb_text][\/et_pb_column][et_pb_column type=&#8220;1_3&#8243; _builder_version=&#8220;4.16&#8243; custom_padding=&#8220;|||&#8220; global_colors_info=&#8220;{}&#8220; custom_padding__hover=&#8220;|||&#8220;][et_pb_divider show_divider=&#8220;off&#8220; _builder_version=&#8220;4.16&#8243; global_colors_info=&#8220;{}&#8220;][\/et_pb_divider][et_pb_divider show_divider=&#8220;off&#8220; _builder_version=&#8220;4.19.4&#8243; _module_preset=&#8220;default&#8220; global_colors_info=&#8220;{}&#8220;][\/et_pb_divider][et_pb_image src=&#8220;https:\/\/www.zitlaudatosi.cz\/wp-content\/uploads\/2018\/12\/future-1.jpg&#8220; align_tablet=&#8220;center&#8220; align_phone=&#8220;center&#8220; align_last_edited=&#8220;on|desktop&#8220; _builder_version=&#8220;4.16&#8243; global_colors_info=&#8220;{}&#8220;][\/et_pb_image][\/et_pb_column][\/et_pb_row][et_pb_row _builder_version=&#8220;4.16&#8243; custom_padding=&#8220;0|0px|22px|0px|false|false&#8220; global_colors_info=&#8220;{}&#8220;][et_pb_column type=&#8220;4_4&#8243; _builder_version=&#8220;4.16&#8243; custom_padding=&#8220;|||&#8220; global_colors_info=&#8220;{}&#8220; custom_padding__hover=&#8220;|||&#8220;][et_pb_text _builder_version=&#8220;4.16&#8243; global_colors_info=&#8220;{}&#8220;]<\/p>\n<p><strong><\/strong><\/p>\n<p><strong><\/strong><\/p>\n<p><strong>Mise<\/strong><\/p>\n<p><strong><span style=\"color: #000000;\"><span style=\"margin: 0px; line-height: 115%; font-family: 'Calibri','sans-serif'; font-size: 11pt;\">V<\/span><span style=\"margin: 0px; line-height: 115%; font-family: 'Calibri','sans-serif'; font-size: 11pt;\">ytv\u00e1\u0159\u00edme on-line prostor k\u00a0propojov\u00e1n\u00ed jednotlivc\u016f a m\u00edstn\u00edch spole\u010denstv\u00ed, aby tak lid\u00e9, kte\u0159\u00ed cht\u011bj\u00ed ve sv\u00fdch \u017eivotech uskute\u010d\u0148ovat prom\u011bnu srdc\u00ed a\u00a0mysl\u00ed, v\u00a0n\u00ed\u017e ekologick\u00e9 obr\u00e1cen\u00ed spo\u010d\u00edv\u00e1, o sob\u011b navz\u00e1jem v\u011bd\u011bli a\u00a0mohli se modlit a\u00a0jednat spole\u010dn\u011b. Podporujeme vznik m\u00edstn\u00edch spole\u010denstv\u00ed, jejich\u017e \u010dlenov\u00e9 se pravideln\u011b sch\u00e1zej\u00ed, spole\u010dn\u011b prohlubuj\u00ed sv\u016fj vztah k\u00a0Bohu Stvo\u0159iteli, navz\u00e1jem se podporuj\u00ed na cest\u011b ekologick\u00e9ho obr\u00e1cen\u00ed a p\u0159ipravuj\u00ed pro sv\u00e9 farnosti oslavy a jin\u00e9 p\u0159\u00edle\u017eitosti k\u00a0otev\u00edr\u00e1n\u00ed ot\u00e1zek souvisej\u00edc\u00edch s ohro\u017een\u00edm stvo\u0159en\u00e9ho sv\u011bta, kter\u00fd je na\u0161\u00edm spole\u010dn\u00fdm domovem. <\/span><span style=\"margin: 0px; line-height: 115%; font-family: 'Calibri','sans-serif'; font-size: 11pt;\">Zapojen\u00fdm spole\u010denstv\u00edm a jednotlivc\u016fm poskytujeme podporu formou podn\u011bt\u016f a aktualit a z\u00e1rove\u0148 se t\u011b\u0161\u00edme, \u017ee n\u00e1m nov\u011b vznikl\u00e1 nebo zapojen\u00e1 spole\u010denstv\u00ed i jednotlivci, kte\u0159\u00ed sv\u00e9 geografick\u00e9 spole\u010denstv\u00ed zat\u00edm nena\u0161li, uk\u00e1\u017e\u00ed, co jsme opomenuli, co a jak bychom mohli spole\u010dn\u011b d\u011blat l\u00e9pe, budou se s n\u00e1mi vz\u00e1jemn\u011b podporovat naslouch\u00e1n\u00edm a modlitbou a spole\u010dn\u011b se staneme tolik pot\u0159ebnou zm\u011bnou, novou vl\u00e1hou pro \u017e\u00edzniv\u00fd sv\u011bt kolem n\u00e1s.<\/span><\/span><\/strong><\/p>\n<p>[\/et_pb_text][et_pb_divider show_divider=&#8220;off&#8220; _builder_version=&#8220;4.16&#8243; global_colors_info=&#8220;{}&#8220;][\/et_pb_divider][et_pb_text _builder_version=&#8220;4.16&#8243; global_colors_info=&#8220;{}&#8220;]<\/p>\n<p style=\"text-align: center;\"><span style=\"color: #25af1d; font-size: large;\">Kontaktovat n\u00e1s m\u016f\u017eete na <span style=\"color: #e09900;\">amen@zitlaudatosi.cz<\/span>.<\/span><\/p>\n<p style=\"text-align: center;\"><span style=\"color: #25af1d; font-size: large;\">D\u011bkujeme.<\/span><\/p>\n<p>[\/et_pb_text][et_pb_text _builder_version=&#8220;4.19.4&#8243; custom_padding=&#8220;||2px|||&#8220; global_colors_info=&#8220;{}&#8220;]<\/p>\n<p style=\"text-align: center;\"><span style=\"color: #0c71c3; font-size: large;\">Za \u017d\u00edt <em>Laudato si&#8216;<\/em> \u010cesk\u00e1 republika<\/span><\/p>\n<p style=\"text-align: center;\"><span style=\"color: #0c71c3;\"><\/span><\/p>\n<p>[\/et_pb_text][\/et_pb_column][\/et_pb_row][et_pb_row column_structure=&#8220;1_4,1_4,1_4,1_4&#8243; _builder_version=&#8220;4.16&#8243; min_height=&#8220;438.7px&#8220; custom_padding=&#8220;3px|0px|24px|0px|false|false&#8220; global_colors_info=&#8220;{}&#8220;][et_pb_column type=&#8220;1_4&#8243; _builder_version=&#8220;4.16&#8243; custom_padding=&#8220;|||&#8220; global_colors_info=&#8220;{}&#8220; custom_padding__hover=&#8220;|||&#8220;][et_pb_image src=&#8220;https:\/\/www.zitlaudatosi.cz\/wp-content\/uploads\/2025\/08\/blanka.png&#8220; title_text=&#8220;blanka&#8220; force_fullwidth=&#8220;on&#8220; align_tablet=&#8220;center&#8220; align_phone=&#8220;center&#8220; align_last_edited=&#8220;on|desktop&#8220; admin_label=&#8220;Veronika Osi\u010dkov\u00e1&#8220; _builder_version=&#8220;4.27.4&#8243; global_colors_info=&#8220;{}&#8220;][\/et_pb_image][et_pb_text _builder_version=&#8220;4.27.4&#8243; _module_preset=&#8220;default&#8220; global_colors_info=&#8220;{}&#8220;]<\/p>\n<p style=\"text-align: center;\"><span style=\"font-size: large; color: #20991a;\">Blanka Ledvinkov\u00e1<\/span><\/p>\n<p style=\"text-align: center;\"><span style=\"color: #8300e9; font-family: 'Abyssinica SIL'; font-weight: normal; font-size: large;\">Praha, <\/span><span style=\"color: #8300e9; font-family: 'Abyssinica SIL'; font-weight: normal; font-size: large;\"><span style=\"color: #20991a;\">pr\u00e1ce s d\u011btmi<\/span><\/span><\/p>\n<p style=\"text-align: center;\"><span style=\"color: #8300e9; font-family: 'Abyssinica SIL'; font-weight: normal; font-size: large;\"><\/span><\/p>\n<p>[\/et_pb_text][\/et_pb_column][et_pb_column type=&#8220;1_4&#8243; _builder_version=&#8220;4.16&#8243; custom_padding=&#8220;|||&#8220; global_colors_info=&#8220;{}&#8220; custom_padding__hover=&#8220;|||&#8220;][et_pb_image src=&#8220;https:\/\/www.zitlaudatosi.cz\/wp-content\/uploads\/2025\/06\/veronika-.jpg&#8220; title_text=&#8220;veronika +++&#8220; force_fullwidth=&#8220;on&#8220; align_tablet=&#8220;center&#8220; align_phone=&#8220;center&#8220; align_last_edited=&#8220;on|desktop&#8220; admin_label=&#8220;Veronika Osi\u010dkov\u00e1&#8220; _builder_version=&#8220;4.27.4&#8243; global_colors_info=&#8220;{}&#8220;][\/et_pb_image][et_pb_text _builder_version=&#8220;4.19.4&#8243; _module_preset=&#8220;default&#8220; global_colors_info=&#8220;{}&#8220;]<\/p>\n<p style=\"text-align: center;\"><span style=\"font-size: large; color: #20991a;\">Veronika Osi\u010dkov\u00e1<\/span><\/p>\n<p style=\"text-align: center;\"><span style=\"color: #8300e9; font-family: 'Abyssinica SIL'; font-weight: normal; font-size: large;\">Velk\u00e9 B\u00edlovice, <\/span><span style=\"color: #8300e9; font-family: 'Abyssinica SIL'; font-weight: normal; font-size: large;\"><span style=\"color: #20991a;\">kampan\u011b<\/span><\/span><\/p>\n<p style=\"text-align: center;\"><span style=\"color: #8300e9; font-family: 'Abyssinica SIL'; font-weight: normal; font-size: large;\"><\/span><\/p>\n<p>[\/et_pb_text][\/et_pb_column][et_pb_column type=&#8220;1_4&#8243; _builder_version=&#8220;4.27.4&#8243; _module_preset=&#8220;default&#8220; global_colors_info=&#8220;{}&#8220;][et_pb_image src=&#8220;https:\/\/www.zitlaudatosi.cz\/wp-content\/uploads\/2025\/06\/eva.jpg&#8220; title_text=&#8220;eva+&#8220; force_fullwidth=&#8220;on&#8220; align_tablet=&#8220;center&#8220; align_phone=&#8220;center&#8220; align_last_edited=&#8220;on|desktop&#8220; admin_label=&#8220;Radek H\u00fdl&#8220; _builder_version=&#8220;4.27.4&#8243; global_colors_info=&#8220;{}&#8220;][\/et_pb_image][et_pb_text _builder_version=&#8220;4.19.4&#8243; _module_preset=&#8220;default&#8220; global_colors_info=&#8220;{}&#8220;]<\/p>\n<p style=\"text-align: center;\"><span style=\"font-size: large; color: #20991a;\">Eva \u0160nevajsov\u00e1<\/span><\/p>\n<p style=\"text-align: center;\"><span style=\"color: #8300e9; font-family: 'Abyssinica SIL'; font-weight: normal; font-size: large;\">Olomouc, <\/span><span style=\"color: #8300e9; font-family: 'Abyssinica SIL'; font-weight: normal; font-size: large;\"><span style=\"color: #20991a;\">p\u00e9\u010de<\/span><\/span><\/p>\n<p style=\"text-align: center;\"><span style=\"color: #8300e9; font-family: 'Abyssinica SIL'; font-weight: normal; font-size: large;\"><\/span><\/p>\n<p>[\/et_pb_text][\/et_pb_column][et_pb_column type=&#8220;1_4&#8243; _builder_version=&#8220;4.27.4&#8243; _module_preset=&#8220;default&#8220; global_colors_info=&#8220;{}&#8220;][et_pb_image src=&#8220;https:\/\/www.zitlaudatosi.cz\/wp-content\/uploads\/2025\/06\/Jitka-Venhudova-1.jpeg&#8220; title_text=&#8220;Jitka Venhudov\u00e1&#8220; _builder_version=&#8220;4.27.4&#8243; _module_preset=&#8220;default&#8220; global_colors_info=&#8220;{}&#8220;][\/et_pb_image][et_pb_text _builder_version=&#8220;4.27.4&#8243; _module_preset=&#8220;default&#8220; global_colors_info=&#8220;{}&#8220;]<\/p>\n<p style=\"text-align: center;\"><span style=\"font-size: large; color: #20991a;\">Jitka Venhudov\u00e1<\/span><\/p>\n<p style=\"text-align: center;\"><span style=\"color: #8300e9; font-family: 'Abyssinica SIL'; font-weight: normal; font-size: large;\">Brno<\/span><span style=\"color: #20991a; font-size: 18px; font-family: 'Abyssinica SIL';\">, kv\u011btinov\u00e1 v\u00fdzdoba<\/span><\/p>\n<p>[\/et_pb_text][\/et_pb_column][\/et_pb_row][et_pb_row column_structure=&#8220;1_3,1_3,1_3&#8243; _builder_version=&#8220;4.16&#8243; custom_padding=&#8220;3px|0px|24px|0px|false|false&#8220; global_colors_info=&#8220;{}&#8220;][et_pb_column type=&#8220;1_3&#8243; _builder_version=&#8220;4.16&#8243; custom_padding=&#8220;|||&#8220; global_colors_info=&#8220;{}&#8220; custom_padding__hover=&#8220;|||&#8220;][\/et_pb_column][et_pb_column type=&#8220;1_3&#8243; _builder_version=&#8220;4.16&#8243; custom_padding=&#8220;|||&#8220; global_colors_info=&#8220;{}&#8220; custom_padding__hover=&#8220;|||&#8220;][et_pb_image src=&#8220;https:\/\/www.zitlaudatosi.cz\/wp-content\/uploads\/2021\/01\/listopad-2020.jpg&#8220; align=&#8220;center&#8220; align_tablet=&#8220;center&#8220; align_phone=&#8220;center&#8220; align_last_edited=&#8220;on|desktop&#8220; admin_label=&#8220;Sv\u011btla Hanke Jaro\u0161ov\u00e1 &#8211; fotka&#8220; _builder_version=&#8220;4.16&#8243; max_width=&#8220;108%&#8220; global_colors_info=&#8220;{}&#8220;][\/et_pb_image][et_pb_text _builder_version=&#8220;4.16&#8243; inline_fonts=&#8220;Abyssinica SIL&#8220; global_colors_info=&#8220;{}&#8220;]<\/p>\n<p style=\"text-align: center;\"><span style=\"font-size: large; color: #25b21e;\">Sv\u011btla Hanke Jaro\u0161ov\u00e1<\/span><\/p>\n<p style=\"text-align: center;\"><span style=\"color: #8300e9; font-family: 'Abyssinica SIL'; font-weight: normal; font-size: large;\">Praha, <span style=\"color: #20991a; font-size: 18px; font-family: 'Abyssinica SIL';\">koordinace<\/span><\/span><\/p>\n<p style=\"text-align: center;\"><a href=\"https:\/\/www.zitlaudatosi.cz\/wp-content\/uploads\/2019\/01\/animator-certificate.pdf\">Laudato Si&#8216; Animator<\/a><\/p>\n<p style=\"text-align: center;\"><a href=\"https:\/\/www.laudatosi.org\/laudato-si\/laudato-si-movement\/\">Laudato Si&#8216; Movement<\/a><\/p>\n<p>[\/et_pb_text][\/et_pb_column][et_pb_column type=&#8220;1_3&#8243; _builder_version=&#8220;4.27.4&#8243; _module_preset=&#8220;default&#8220; global_colors_info=&#8220;{}&#8220;][et_pb_text _builder_version=&#8220;4.16&#8243; inline_fonts=&#8220;Abyssinica SIL&#8220; global_colors_info=&#8220;{}&#8220;]<\/p>\n<p style=\"text-align: center;\"><a href=\"https:\/\/www.laudatosi.org\/laudato-si\/laudato-si-movement\/\"><\/a><\/p>\n<p>[\/et_pb_text][\/et_pb_column][\/et_pb_row][\/et_pb_section]<\/p>\n","protected":false},"excerpt":{"rendered":"<p>Iniciativa \u017d\u00edt Laudato si&#8216; \u010cesk\u00e1 republika propojuje t\u00e9mata c\u00edrkve a ekologie a praktick\u00fdmi zp\u016fsoby rozv\u00edj\u00ed podn\u011bty, kter\u00e9 v encyklice Laudato si&#8216; p\u0159edkl\u00e1d\u00e1 pape\u017e Franti\u0161ek. C\u00edlem iniciativy je, aby ekologick\u00e9 obr\u00e1cen\u00ed, k n\u011bmu\u017e encyklika Laudato si&#8216; tak nal\u00e9hav\u011b vyz\u00fdv\u00e1, bylo v \u010desk\u00e9 c\u00edrkvi zjevn\u00e9 a prom\u011b\u0148ovalo ji. Hlavn\u00edmi t\u00e9maty jsou lidmi zp\u016fsoben\u00e1 klimatick\u00e1 zm\u011bna a klimatick\u00e1 [&hellip;]<\/p>\n","protected":false},"author":1,"featured_media":117,"parent":0,"menu_order":0,"comment_status":"closed","ping_status":"closed","template":"","meta":{"_et_pb_use_builder":"on","_et_pb_old_content":"","_et_gb_content_width":""},"_links":{"self":[{"href":"https:\/\/www.zitlaudatosi.cz\/index.php\/wp-json\/wp\/v2\/pages\/124"}],"collection":[{"href":"https:\/\/www.zitlaudatosi.cz\/index.php\/wp-json\/wp\/v2\/pages"}],"about":[{"href":"https:\/\/www.zitlaudatosi.cz\/index.php\/wp-json\/wp\/v2\/types\/page"}],"author":[{"embeddable":true,"href":"https:\/\/www.zitlaudatosi.cz\/index.php\/wp-json\/wp\/v2\/users\/1"}],"replies":[{"embeddable":true,"href":"https:\/\/www.zitlaudatosi.cz\/index.php\/wp-json\/wp\/v2\/comments?post=124"}],"version-history":[{"count":64,"href":"https:\/\/www.zitlaudatosi.cz\/index.php\/wp-json\/wp\/v2\/pages\/124\/revisions"}],"predecessor-version":[{"id":3799,"href":"https:\/\/www.zitlaudatosi.cz\/index.php\/wp-json\/wp\/v2\/pages\/124\/revisions\/3799"}],"wp:featuredmedia":[{"embeddable":true,"href":"https:\/\/www.zitlaudatosi.cz\/index.php\/wp-json\/wp\/v2\/media\/117"}],"wp:attachment":[{"href":"https:\/\/www.zitlaudatosi.cz\/index.php\/wp-json\/wp\/v2\/media?parent=124"}],"curies":[{"name":"wp","href":"https:\/\/api.w.org\/{rel}","templated":true}]}}