{"id":1117,"date":"2019-06-14T16:14:03","date_gmt":"2019-06-14T16:14:03","guid":{"rendered":"http:\/\/www.zitlaudatosi.cz\/?page_id=1117"},"modified":"2019-06-14T16:44:28","modified_gmt":"2019-06-14T16:44:28","slug":"modlit-se-a-jednat-solidarne","status":"publish","type":"page","link":"https:\/\/www.zitlaudatosi.cz\/index.php\/texty\/modlit-se-a-jednat-solidarne\/","title":{"rendered":"Modlit se a jednat solid\u00e1rn\u011b"},"content":{"rendered":"<p>[et_pb_section fb_built=&#8220;1&#8243; _builder_version=&#8220;3.0.47&#8243;][et_pb_row custom_padding=&#8220;4px|0px|25px|0px|false|false&#8220; _builder_version=&#8220;3.0.48&#8243; background_size=&#8220;initial&#8220; background_position=&#8220;top_left&#8220; background_repeat=&#8220;repeat&#8220;][et_pb_column type=&#8220;1_2&#8243; _builder_version=&#8220;3.0.47&#8243;][et_pb_text _builder_version=&#8220;3.15&#8243;]<\/p>\n<p style=\"background: 0px 0px; margin: 0px; padding: 0px 0px 14px; outline: 0px; border: 0px #666666; text-align: center; color: #666666; text-transform: none; line-height: 23.8px; text-indent: 0px; letter-spacing: normal; font-size: 14px; font-style: normal; font-variant: normal; text-decoration: none; word-spacing: 0px; vertical-align: baseline; white-space: normal; cursor: text; box-sizing: border-box; orphans: 2; -ms-text-size-adjust: auto; -webkit-text-stroke-width: 0px;\"><span style=\"font-size: large;\"><strong><span style=\"background: 0px 0px; margin: 0px; padding: 0px; outline: 0px; border: 0px #666666; font-family: Verdana; vertical-align: baseline; cursor: text; box-sizing: border-box; -ms-text-size-adjust: auto;\">Modlit se a jednat solid\u00e1rn\u011b<\/span><\/strong><\/span><\/p>\n<p style=\"background: 0px 0px; margin: 0px; padding: 0px; outline: 0px; border: 0px #666666; text-align: center; color: #666666; text-transform: none; line-height: 23.8px; text-indent: 0px; letter-spacing: normal; font-size: 14px; font-style: normal; font-variant: normal; text-decoration: none; word-spacing: 0px; vertical-align: baseline; white-space: normal; cursor: text; box-sizing: border-box; orphans: 2; -ms-text-size-adjust: auto; -webkit-text-stroke-width: 0px;\">Sv\u011btla Hanke Jaro\u0161ov\u00e1<\/p>\n<p>&nbsp;<\/p>\n<p><span style=\"margin: 0px; line-height: 115%; font-family: 'Calibri','sans-serif'; font-size: 11pt;\"><span style=\"color: #000000;\" color=\"#000000\">Kdy\u017e v\u00a0roce 2001 Jan Pavel II. jako prvn\u00ed pape\u017e v d\u011bjin\u00e1ch pou\u017eil v\u00fdraz \u201eekologick\u00e9 obr\u00e1cen\u00ed\u201c a vyz\u00fdval katolick\u00e9 k\u0159es\u0165any, aby jev zvy\u0161ov\u00e1n\u00ed ekologick\u00e9 vn\u00edmavosti, kter\u00fd pozoroval ve sv\u011bt\u011b, podporovali, bylo ji\u017e na stavu sv\u011bta z\u0159eteln\u011b patrn\u00e9, \u017ee v\u00a0n\u011bm lid\u00e9 nehospoda\u0159\u00ed dob\u0159e. S\u00a0postupuj\u00edc\u00edm \u010dasem je \u010d\u00edm d\u00e1l patrn\u011bj\u0161\u00ed tak\u00e9 to, \u017ee zp\u016fsob, jim\u017e lid\u00e9 zach\u00e1zej\u00ed se sv\u011btem, ohro\u017euje nejen sv\u011bt, ale i lidstvo samotn\u00e9. Zpr\u00e1va Organizace spojen\u00fdch n\u00e1rod\u016f z\u00a0\u0159\u00edjna 2018 ukazuje, jak zm\u011bna klimatu zp\u016fsoben\u00e1 \u017eivotn\u00edm stylem lid\u00ed v\u00a0bohat\u00fdch \u010d\u00e1stech sv\u011bta ji\u017e nyn\u00ed p\u0159ipravuje miliardy lid\u00ed v\u00a0nejchud\u0161\u00edch oblastech o domovy, zdroje ob\u017eivy a vody. A\u00a0varuje, \u017ee nedojde-li v\u00a0bohat\u00fdch oblastech sv\u011bta b\u011bhem n\u011bkolika m\u00e1lo let k\u00a0radik\u00e1ln\u00edm zm\u011bn\u00e1m, jako je \u00fapln\u00e9 opu\u0161t\u011bn\u00ed spalov\u00e1n\u00ed fosiln\u00edch paliv a velk\u00e9 omezen\u00ed spot\u0159eby masa z\u00a0krmn\u00e9ho dobytka, za\u010dnou \u00fa\u010dinky zm\u011bny klimatu, kter\u00e9 zat\u00edm dopadaj\u00ed nejh\u016f\u0159e na obyvatele chud\u00fdch zem\u00ed, tvrd\u011b poci\u0165ovat v\u0161ichni lid\u00e9, i\u00a0ti nejbohat\u0161\u00ed. Lidsk\u00e9 sobectv\u00ed, jeho\u017e projevem je neomezen\u00e1, st\u00e1le rostouc\u00ed spot\u0159eba lid\u00ed v\u00a0privilegovan\u00fdch \u010d\u00e1stech sv\u011bta, se tak ukazuje jako h\u0159\u00edch proti Bohu, proti lidem i proti sob\u011b, nebo\u0165 nejen ur\u00e1\u017e\u00ed Stvo\u0159itele a\u00a0t\u011b\u017ece po\u0161kozuje bli\u017en\u00ed, ale nakonec se obrac\u00ed i proti tomu, kdo se mu odd\u00e1.<\/span><\/span><\/p>\n<p>[\/et_pb_text][\/et_pb_column][et_pb_column type=&#8220;1_2&#8243; _builder_version=&#8220;3.0.47&#8243;][et_pb_text _builder_version=&#8220;3.15&#8243; inline_fonts=&#8220;Verdana&#8220;]<\/p>\n<p style=\"text-align: right;\"><span style=\"color: #000000;\" color=\"#000000\"><span style=\"margin: 0px; line-height: 115%; font-family: 'Calibri','sans-serif'; font-size: 11pt;\">\u010cty\u0159i roky po vyd\u00e1n\u00ed encykliky <i>Laudato si<\/i><\/span><i><span style=\"margin: 0px; line-height: 115%; font-family: 'Calibri','sans-serif'; font-size: 11pt;\">&#8218;<\/span><\/i><span style=\"margin: 0px; line-height: 115%; font-family: 'Calibri','sans-serif'; font-size: 11pt;\"> jsou soci\u00e1ln\u00ed a\u00a0environment\u00e1ln\u00ed probl\u00e9my, k jejich\u017e \u0159e\u0161en\u00ed encyklika vyz\u00fdv\u00e1, \u010d\u00edm d\u00e1l t\u00edm pal\u010div\u011bj\u0161\u00ed. Vyvol\u00e1vaj\u00ed po cel\u00e9m sv\u011bt\u011b vlny solidarity, jich\u017e se \u00fa\u010dastn\u00ed lid\u00e9 v\u011b\u0159\u00edc\u00ed i nev\u011b\u0159\u00edc\u00ed.<\/span><\/span><\/p>\n<p>[\/et_pb_text][et_pb_divider show_divider=&#8220;off&#8220; _builder_version=&#8220;3.21&#8243;][\/et_pb_divider][et_pb_image src=&#8220;https:\/\/www.zitlaudatosi.cz\/wp-content\/uploads\/2019\/06\/ve-v\u00eddni.jpg&#8220; show_bottom_space=&#8220;off&#8220; align=&#8220;center&#8220; force_fullwidth=&#8220;on&#8220; _builder_version=&#8220;3.21&#8243;]&nbsp;<br \/>\n[\/et_pb_image][et_pb_code _builder_version=&#8220;3.21&#8243; text_orientation=&#8220;center&#8220;]\u00da\u010dastn\u00edci Klimakempu u V\u00eddn\u011b se modl\u00ed r\u016f\u017eenec \u201eza klima\u201c. V jejich modlitb\u011b jsou zahrnuti obyvatel\u00e9 chud\u00fdch \u010d\u00e1st\u00ed sv\u011bta, na kter\u00e9 \u00fa\u010dinky zm\u011bny klimatu ji\u017e nyn\u00ed tvrd\u011b dopadaj\u00ed, a tak\u00e9 v\u0161echny d\u011bti, kter\u00e9 ponesou t\u00edhu d\u016fsledk\u016f na\u0161ich nyn\u011bj\u0161\u00edch rozhodnut\u00ed. [\/et_pb_code][\/et_pb_column][\/et_pb_row][et_pb_row custom_padding=&#8220;0|0px|24px|0px|false|false&#8220; _builder_version=&#8220;3.0.48&#8243; background_size=&#8220;initial&#8220; background_position=&#8220;top_left&#8220; background_repeat=&#8220;repeat&#8220;][et_pb_column type=&#8220;4_4&#8243; _builder_version=&#8220;3.0.47&#8243;][et_pb_text _builder_version=&#8220;3.15&#8243;]<\/p>\n<p><span style=\"font-size: large;\"><span style=\"color: #000000; font-family: Calibri;\">Hlubok\u00fd rozpor<\/span><\/span><\/p>\n<p><span style=\"color: #000000;\" color=\"#000000\"><span style=\"margin: 0px; line-height: 115%; font-family: 'Calibri','sans-serif'; font-size: 11pt;\">Environment\u00e1ln\u00ed probl\u00e9my, jim\u017e lidstvo \u010del\u00ed, jako je oteplov\u00e1n\u00ed planety a s\u00a0n\u00edm souvisej\u00edc\u00ed extr\u00e9mn\u00ed klimatick\u00e9 jevy, vym\u00edr\u00e1n\u00ed voln\u011b \u017eij\u00edc\u00edch \u017eivo\u010di\u0161n\u00fdch druh\u016f, ztr\u00e1ta biologick\u00e9 rozmanitosti a z\u00a0n\u00ed vypl\u00fdvaj\u00edc\u00ed\u00a0ohro\u017een\u00ed potravinov\u00e9ho bezpe\u010d\u00ed lidstva, se p\u0159i bli\u017e\u0161\u00edm zkoum\u00e1n\u00ed ukazuj\u00ed jako projevy ur\u010dit\u00e9 hodnotov\u00e9 orientace, jako d\u016fsledky zp\u016fsobu, j\u00edm\u017e jsme se jako spole\u010dnost nau\u010dili vn\u00edmat sebe a sv\u011bt. Zvykli jsme si odd\u011blovat od sebe r\u016fzn\u00e9 ot\u00e1zky, abychom je mohli jednotliv\u011b l\u00e9pe uchopit, p\u0159itom jsme ale ztratili ze z\u0159etele celek, p\u0159edivo vztah\u016f a\u00a0souvislost\u00ed. V\u00a0katolick\u00e9 c\u00edrkvi si dlouhodob\u011b uv\u011bdomujeme nal\u00e9havost pot\u0159eby chr\u00e1nit lidsk\u00fd \u017eivot od po\u010det\u00ed, zat\u00edmco p\u00e9\u010de o sv\u011bt, kter\u00fd je Bo\u017e\u00edm darem, zjeven\u00edm Bo\u017e\u00ed kr\u00e1sy a\u00a0prost\u0159ed\u00edm, do n\u011bj\u017e se nov\u011b po\u010dat\u00ed lid\u00e9 rod\u00ed, byla dlouho opom\u00edjena. Skute\u010dnost, \u017ee c\u00edrkev m\u00e1 odpov\u011bdnost ke stvo\u0159en\u00e9mu sv\u011btu jako celku a m\u00e1 povinnost uplat\u0148ovat svou odpov\u011bdnost ve ve\u0159ejn\u00e9m prostoru, p\u0159ipomn\u011bl pape\u017e Benedikt XVI. v\u00a0odstavci 51\u00a0encykliky <i>Caritas in veritate<\/i>. C\u00edrkev je podle n\u011bj povinna nejen chr\u00e1nit p\u016fdu, vodu a vzduch jako dary stvo\u0159en\u00ed, kter\u00e9 pat\u0159\u00ed v\u0161em, ale p\u0159edev\u0161\u00edm chr\u00e1nit lidstvo p\u0159ed sebezni\u010den\u00edm. Benedikt XVI. poukazuje na \u201ehlubok\u00fd rozpor\u201c, kter\u00fd spo\u010d\u00edv\u00e1 v\u00a0tom, \u017ee se jeden soubor povinnost\u00ed prosazuje a jin\u00fd zanedb\u00e1v\u00e1, a p\u0159edj\u00edm\u00e1 tak koncept \u201eintegr\u00e1ln\u00ed ekologie\u201c, kter\u00fd se stal \u00fast\u0159edn\u00edm pojmem encykliky <i>Laudato si<\/i><\/span><i><span style=\"margin: 0px; line-height: 115%; font-family: 'Calibri','sans-serif'; font-size: 11pt;\">&#8218;<\/span><\/i><span style=\"margin: 0px; line-height: 115%; font-family: 'Calibri','sans-serif'; font-size: 11pt;\"> pape\u017ee Franti\u0161ka. J\u00ed pape\u017e Franti\u0161ek vol\u00e1 k\u00a0\u00fapln\u00e9 prom\u011bn\u011b mysl\u00ed a srdc\u00ed, k\u00a0obr\u00e1cen\u00ed od d\u00edl\u010d\u00edch pohled\u016f k\u00a0ekologick\u00e9 vizi \u010dlov\u011bka, stvo\u0159en\u00ed a Stvo\u0159itele.<\/span><\/span><\/p>\n<p><span style=\"font-size: large;\"><span style=\"color: #000000; font-family: Calibri;\">Integr\u00e1ln\u00ed ekologie<\/span><\/span><\/p>\n<p><span style=\"color: #000000; font-family: Calibri;\"><span style=\"color: #000000;\" color=\"#000000\"><span style=\"margin: 0px; line-height: 115%; font-family: 'Calibri','sans-serif'; font-size: 11pt;\">Integr\u00e1ln\u00ed ekologie nen\u00ed nov\u00fdm u\u010den\u00edm. Sp\u00ed\u0161e ji lze pova\u017eovat za novou formulaci p\u0159irozen\u00e9ho z\u00e1kona, kter\u00fd je z\u00e1kladem velk\u00e9 \u010d\u00e1sti mor\u00e1ln\u00edho u\u010den\u00ed c\u00edrkve. Vyjas\u0148uje toti\u017e, \u017ee katolick\u00e1 mor\u00e1lka m\u00e1 p\u0159edev\u0161\u00edm co do \u010din\u011bn\u00ed se vztahy, po\u010d\u00ednaje vztahem ke Stvo\u0159iteli, a s\u00a0v\u011bdom\u00edm toto\u017enosti Bo\u017e\u00edch d\u011bt\u00ed, kterou n\u00e1m v\u00a0Je\u017e\u00ed\u0161i Kristu daruje. Vize, ji\u017e pape\u017e Franti\u0161ek v\u00a0encyklice <i>Laudato si&#8216;<\/i> p\u0159edkl\u00e1d\u00e1, je vize spr\u00e1vn\u00fdch vztah\u016f ve stvo\u0159en\u00e9m \u0159\u00e1du. <\/span><span style=\"margin: 0px; line-height: 115%; font-family: 'Calibri','sans-serif'; font-size: 11pt;\">Vyb\u00edz\u00ed k\u00a0rozv\u00edjen\u00ed celostn\u00edho pohledu na na\u0161e vztahy k\u00a0Zemi, k\u00a0sob\u011b navz\u00e1jem a ke Stvo\u0159iteli, proto\u017ee takov\u00fd pohled<\/span><span style=\"margin: 0px; line-height: 115%; font-family: 'Calibri','sans-serif'; font-size: 11pt;\"> je p\u0159\u00edzniv\u00fd k\u00a0p\u0159\u00edrodn\u00edmu sv\u011btu a\u00a0spravedliv\u00fd k\u00a0lidem, kte\u0159\u00ed jej ob\u00fdvaj\u00ed. Proto\u017ee v\u0161echny v\u011bci jsou stvo\u0159eny dobr\u00fdm a \u0161t\u011bdr\u00fdm Bohem, maj\u00ed v\u0161echny v\u011bci svou vlastn\u00ed vnit\u0159n\u00ed hodnotu. Sv\u011bt nen\u00ed surovina, kter\u00e1 se n\u00e1m hod\u00ed p\u0159i sledov\u00e1n\u00ed na\u0161ich c\u00edl\u016f, ale v\u00fdraz Bo\u017e\u00ed kr\u00e1sy a\u00a0dobroty. Konceptem integr\u00e1ln\u00ed ekologie propojuje pape\u017e Franti\u0161ek \u00fasil\u00ed o ochranu p\u0159\u00edrodn\u00edho sv\u011bta s tradi\u010dn\u00ed katolickou obranou nenarozen\u00e9ho \u017eivota i s\u00a0obecn\u00fdm z\u00e1jmem c\u00edrkve o\u00a0soci\u00e1ln\u00ed spravedlnost a poukazuje na to, \u017ee i v\u011bci, u kter\u00fdch na prvn\u00ed pohled nen\u00ed z\u0159ejm\u00e1 \u017e\u00e1dn\u00e1 souvislost, jsou ve skute\u010dnosti sou\u010d\u00e1st\u00ed tajemn\u00e9ho p\u0159ediva Bo\u017e\u00edho proz\u0159eteln\u00e9ho pl\u00e1nu.<\/span><\/span><\/span><\/p>\n<p><span style=\"font-size: large;\"><span style=\"color: #000000; font-family: Calibri;\">Nechat se prom\u011bnit<\/span><\/span><\/p>\n<p><span style=\"color: #000000;\" color=\"#000000\"><span style=\"margin: 0px; line-height: 115%; font-family: 'Calibri','sans-serif'; font-size: 11pt;\">O ekologick\u00e9 krizi se v\u00a0z\u00e1padn\u00edm sv\u011bt\u011b mluv\u00ed nejm\u00e9n\u011b od osmdes\u00e1t\u00fdch let minul\u00e9ho stolet\u00ed a na prahu nov\u00e9ho tis\u00edcilet\u00ed konstatoval pape\u017e Jan Pavel II., \u017ee ve sv\u011bt\u011b doch\u00e1z\u00ed k\u00a0zvy\u0161ov\u00e1n\u00ed ekologick\u00e9 vn\u00edmavosti. V\u00a0encyklice <i>Laudato si<\/i><\/span><i><span style=\"margin: 0px; line-height: 115%; font-family: 'Calibri','sans-serif'; font-size: 11pt;\">&#8218;<\/span><\/i><span style=\"margin: 0px; line-height: 115%; font-family: 'Calibri','sans-serif'; font-size: 11pt;\"> v\u00a0roce 2015 v\u0161ak pape\u017e Franti\u0161ek pouk\u00e1zal na to, \u017ee \u201eekologick\u00e1 vn\u00edmavost snad vzrostla, tento n\u00e1r\u016fst v\u0161ak nen\u00ed prov\u00e1zen zm\u011bnou \u0161kodliv\u00fdch n\u00e1vyk\u016f spot\u0159eby, kter\u00e9 nejsou na \u00fastupu, ale \u0161\u00ed\u0159\u00ed se a\u00a0rozv\u00edjej\u00ed,\u201c (<i>Laudato si<\/i><\/span><i><span style=\"margin: 0px; line-height: 115%; font-family: 'Calibri','sans-serif'; font-size: 11pt;\">&#8218;<\/span><\/i><span style=\"margin: 0px; line-height: 115%; font-family: 'Calibri','sans-serif'; font-size: 11pt;\"> 55) a zd\u016fraznil, \u017ee \u201ev\u011bdom\u00ed z\u00e1va\u017enosti kulturn\u00ed a ekologick\u00e9 krize se mus\u00ed p\u0159etavit do nov\u00fdch n\u00e1vyk\u016f\u201c (<i>Laudato si<\/i><\/span><i><span style=\"margin: 0px; line-height: 115%; font-family: 'Calibri','sans-serif'; font-size: 11pt;\">&#8218;<\/span><\/i><span style=\"margin: 0px; line-height: 115%; font-family: 'Calibri','sans-serif'; font-size: 11pt;\"> 209). To p\u0159edstavuje v\u00fdzvu nejen pro ty druh\u00e9, kte\u0159\u00ed \u017eij\u00ed sv\u00e9 \u017eivoty bez v\u011bdom\u00e9ho pro\u017e\u00edv\u00e1n\u00ed vztahu k\u00a0Otci Stvo\u0159iteli, ale p\u0159edev\u0161\u00edm pro ka\u017ed\u00e9ho, kdo si ji\u017e nyn\u00ed je v\u011bdom toho, \u017ee je p\u0159ijat za Bo\u017e\u00ed d\u00edt\u011b.<\/span><span style=\"margin: 0px; line-height: 115%; font-family: 'Calibri','sans-serif'; font-size: 11pt;\"> Integr\u00e1ln\u00ed ekologie znamen\u00e1, \u017ee jsme nej\u0161\u0165astn\u011bj\u0161\u00ed, kdy\u017e jsou na\u0161e \u017eivoty sjednocen\u00e9, ne rozd\u011blen\u00e9 na vz\u00e1jemn\u011b nepropojen\u00e9 segmenty, kdy\u017e dovol\u00edme, aby pravdy, jim\u017e v\u011b\u0159\u00edme, utv\u00e1\u0159ely v\u0161echny aspekty na\u0161ich \u017eivot\u016f, ne jen n\u011bkter\u00e9 z\u00a0nich. Kdy\u017e jsme p\u0159ijali odpu\u0161t\u011bn\u00ed a byli jsme p\u0159ijati za Bo\u017e\u00ed syny a dcery, m\u016f\u017eeme \u010derpat radost nejen z\u00a0toho sam\u00e9ho, ale p\u0159edev\u0161\u00edm z\u00a0bratrsk\u00e9ho a sestersk\u00e9ho vztahu ke v\u0161em ostatn\u00edm Bo\u017e\u00edm tvor\u016fm, kte\u0159\u00ed spolu s\u00a0n\u00e1mi tvo\u0159\u00ed podivuhodnou vztahovou s\u00ed\u0165 stvo\u0159en\u00e9ho sv\u011bta. Ve vztahu k\u00a0Bohu Otci se m\u016f\u017eeme u\u010dit nejen vd\u011b\u010dnosti za dary ud\u011blen\u00e9 n\u00e1m a na\u0161im nejbli\u017e\u0161\u00edm, ale tak\u00e9 \u0161t\u011bdrosti ke v\u0161em ostatn\u00edm tvor\u016fm, kter\u00e1 z\u00a0vd\u011b\u010dnosti vyv\u011br\u00e1. A pr\u00e1v\u011b takov\u00e1 vd\u011b\u010dn\u00e1 \u0161t\u011bdrost je pot\u0159eba k\u00a0tomu, aby se jaz\u00fd\u010dek vah p\u0159ehoupl od sobectv\u00ed a zk\u00e1zy na druhou stranu \u2013 na stranu nov\u00e9ho \u017eivota v\u00a0l\u00e1sce, jak n\u00e1m jej ukl\u00e1d\u00e1 evangelium, nebo\u0165 \u201erytmus spot\u0159eby, pl\u00fdtv\u00e1n\u00ed a alterace \u017eivotn\u00edho prost\u0159ed\u00ed p\u0159ekro\u010dil mo\u017enosti planety takov\u00fdm zp\u016fsobem, \u017ee nyn\u011bj\u0161\u00ed neudr\u017eiteln\u00fd \u017eivotn\u00ed styl m\u016f\u017ee vy\u00fastit pouze do katastrof\u201c (<i>Laudato si&#8216;<\/i> 161).<\/span><\/span><\/p>\n<p><span style=\"font-size: large;\"><span style=\"color: #000000; font-family: Calibri;\">Strach anebo nad\u011bje?<\/span><\/span><\/p>\n<p><span style=\"margin: 0px; line-height: 115%; font-family: 'Calibri','sans-serif'; font-size: 11pt;\"><span style=\"color: #000000;\" color=\"#000000\">Skute\u010dnost, \u017ee lid\u00e9 svou \u010dinnost\u00ed t\u011b\u017ece po\u0161kozuj\u00ed sv\u011bt, v\u00a0n\u011bm\u017e \u017eij\u00ed, je zn\u00e1ma ji\u017e \u0159adu desetilet\u00ed. V\u00a0posledn\u00edch letech je jej\u00ed pal\u010divost st\u00e1le nal\u00e9hav\u011bji vyjad\u0159ov\u00e1na celosv\u011btov\u00fdmi vlnami nen\u00e1siln\u00fdch protest\u016f a tv\u016fr\u010d\u00edch kampan\u00ed, kter\u00e9 se r\u016fzn\u00fdmi zp\u016fsoby sna\u017e\u00ed upozor\u0148ovat na to, \u017ee pokud velmi rychle nedojde k\u00a0hlubok\u00fdm zm\u011bn\u00e1m, lidsk\u00fd \u017eivot na t\u00e9to planet\u011b, jak ho zn\u00e1me, se zhrout\u00ed. Ji\u017e osm m\u011bs\u00edc\u016f vede \u0161estn\u00e1ctilet\u00e1 Greta Thunberg \u0161koln\u00ed st\u00e1vky \u201eza klima\u201c. Za\u010dala sama p\u0159ed \u0161v\u00e9dsk\u00fdm parlamentem, kde ka\u017ed\u00fd p\u00e1tek vyz\u00fdvala vl\u00e1dy sv\u011bta, aby p\u0159ijaly odpov\u011bdnost za d\u016fsledky klimatick\u00e9 zm\u011bny a za\u010daly rychle jednat k\u00a0jejich zm\u00edrn\u011bn\u00ed. Postupn\u011b se k\u00a0n\u00ed p\u0159ipojili mlad\u00ed lid\u00e9 v\u00a0r\u016fzn\u00fdch \u010d\u00e1stech sv\u011bta a celosv\u011btov\u00e9 st\u00e1vky 24. kv\u011btna 2019, kter\u00fd byl z\u00e1rove\u0148 \u010dtvrt\u00fdm v\u00fdro\u010d\u00edm vyhl\u00e1\u0161en\u00ed encykliky Laudato si&#8216;, se z\u00fa\u010dastnily statis\u00edce lid\u00ed v\u00a01\u00a0600 m\u011bstech. Svou \u00fa\u010dast\u00ed na \u201est\u00e1vk\u00e1ch\u201c tito lid\u00e9 nal\u00e9hav\u011b vyjad\u0159uj\u00ed svou opr\u00e1vn\u011bnou obavu z\u00a0budoucnosti, v\u00a0n\u00ed\u017e je \u010dekaj\u00ed dal\u0161\u00ed prudk\u00e9 zm\u011bny klimatu zp\u016fsoben\u00e9 jedn\u00e1n\u00edm p\u0159edchoz\u00edch generac\u00ed i jejich vlastn\u00edm. Ka\u017ed\u00fd p\u00e1tek se v\u00a0r\u016fzn\u00fdch m\u011bstech sv\u011bta shroma\u017e\u010fuj\u00ed tis\u00edce lid\u00ed, kte\u0159\u00ed vyz\u00fdvaj\u00ed ostatn\u00ed, aby se probudili a v\u0161imli si toho, co se stalo \u201ena\u0161\u00ed sest\u0159e, matce Zemi, kter\u00e1 \u2026 protestuje proti zlu, kter\u00e9 j\u00ed p\u016fsob\u00edme nezodpov\u011bdn\u00fdm u\u017e\u00edv\u00e1n\u00edm a zneu\u017e\u00edv\u00e1n\u00edm dober, kter\u00e1 do n\u00ed vlo\u017eil B\u016fh\u201c (<i>Laudato si&#8216;<\/i> 1,2). A\u010dkoliv je Greta Thunberg mnoh\u00fdmi vn\u00edm\u00e1na jako symbol nad\u011bje, sama \u0159\u00edk\u00e1, \u017ee od n\u00e1s nechce nad\u011bji \u2013 chce, abychom poc\u00edtili strach, kter\u00fd ona sama poci\u0165uje ka\u017ed\u00fd den, abychom se probudili a za\u010dali jednat solid\u00e1rn\u011b nejen s\u00a0chud\u00fdmi lidmi, na kter\u00e9 ji\u017e nyn\u00ed dopadaj\u00ed \u00fa\u010dinky klimatick\u00e9 zm\u011bny, ale p\u0159edev\u0161\u00edm se sv\u00fdmi vlastn\u00edmi d\u011btmi, jim\u017e \u2013 jak Greta \u0159\u00edk\u00e1 \u2013 dosp\u011bl\u00ed sv\u00fdm jedn\u00e1n\u00edm kradou budoucnost p\u0159ed o\u010dima.<\/span><\/span><\/p>\n<p><span style=\"font-size: large;\"><span style=\"color: #000000; font-family: Calibri;\">P\u0159ijmout odpov\u011bdnost<\/span><\/span><\/p>\n<p><span style=\"color: #000000;\" color=\"#000000\"><span style=\"margin: 0px; line-height: 115%; font-family: 'Calibri','sans-serif'; font-size: 11pt;\">Ti, kdo st\u00e1vky organizuj\u00ed, adresuj\u00ed sv\u00e9 v\u00fdzvy t\u011bm, kdo podle nich mohou ve sv\u011bt\u011b n\u011bco zm\u011bnit, tedy p\u0159edev\u0161\u00edm n\u00e1rodn\u00edm a region\u00e1ln\u00edm vl\u00e1d\u00e1m, a v\u00a0kontextu Evropsk\u00e9 unie u\u017e dos\u00e1hli \u0159ady d\u00edl\u010d\u00edch zm\u011bn. Sv\u00fdm jedn\u00e1n\u00edm tak napl\u0148uj\u00ed v\u00fdzvy pape\u017ee Franti\u0161ka, kter\u00fd v\u00a0encyklice <i>Laudato si&#8216;<\/i> vydan\u00e9 o Slavnosti sesl\u00e1n\u00ed Ducha svat\u00e9ho v\u00a0roce 2015 nav\u00e1zal na tradici soci\u00e1ln\u00edho u\u010den\u00ed c\u00edrkve. <\/span><span style=\"margin: 0px; line-height: 115%; font-family: 'Calibri','sans-serif'; font-size: 11pt;\">Av\u0161ak zat\u00edmco pape\u017eov\u00e9 p\u0159ed n\u00edm volali k odpov\u011bdnosti za sv\u011bt vl\u00e1dy st\u00e1t\u016f a sv\u011btovou politickou autoritu, pape\u017e Franti\u0161ek <\/span><span style=\"margin: 0px; line-height: 115%; font-family: 'Calibri','sans-serif'; font-size: 11pt;\">v\u00a0encyklice <i>Laudato si&#8216;<\/i> <\/span><span style=\"margin: 0px; line-height: 115%; font-family: 'Calibri','sans-serif'; font-size: 11pt;\">vol\u00e1 k odpov\u011bdnosti za sv\u011bt ka\u017ed\u00e9ho jednotliv\u00e9ho \u010dlov\u011bka, kter\u00fd se m\u016f\u017ee a m\u00e1 st\u00e1t sou\u010d\u00e1st\u00ed komunitn\u00edch s\u00edt\u00ed a skrze n\u011b ovliv\u0148ovat b\u011bh d\u011bjin. Tak se ti, kdo jsou sami o sob\u011b bezmocn\u00ed, spojuj\u00ed, aby spole\u010dn\u011b dos\u00e1hli takov\u00e9 soci\u00e1ln\u00ed prom\u011bny, <\/span><span style=\"margin: 0px; line-height: 115%; font-family: 'Calibri','sans-serif'; font-size: 11pt;\">aby \u201ese na na\u0161i dobu vzpom\u00ednalo jako na \u010das procitnut\u00ed k\u00a0nov\u00e9 \u00fact\u011b k\u00a0\u017eivotu, pevn\u00fdch odhodl\u00e1n\u00ed dos\u00e1hnout udr\u017eiteln\u00e9ho zp\u016fsobu \u017eivota, usp\u00ed\u0161en\u00ed z\u00e1pasu o spravedlnost a m\u00edr a radostn\u00e9 oslavy \u017eivota\u201c (<i>Charta Zem\u011b<\/i> z\u00a0roku 2000, citov\u00e1no v encyklice\u00a0<i>Laudato si&#8216;<\/i> 207). K\u00a0napln\u011bn\u00ed tohoto \u00fakolu by ov\u0161em bylo pot\u0159eba, aby se radik\u00e1ln\u00edm zp\u016fsobem prom\u011bnil cel\u00fd sou\u010dasn\u00fd socio-ekonomick\u00fd syst\u00e9m, kter\u00fd je \u201enenasytn\u00fd, zam\u011b\u0159en\u00fd na zisk, kr\u00e1tkozrak\u00fd a zalo\u017een\u00fd na myln\u00e9 p\u0159edstav\u011b neomezen\u00e9ho ekonomick\u00e9ho r\u016fstu\u201c (pape\u017e Franti\u0161ek p\u0159i promluv\u011b k\u00a0\u00fa\u010dastn\u00edk\u016fm setk\u00e1n\u00ed o t\u011b\u017eebn\u00edm pr\u016fmyslu po\u0159\u00e1dan\u00e9m Dikasteriem pro integr\u00e1ln\u00ed lidsk\u00fd rozvoj, 3. kv\u011btna 2019). Setk\u00e1n\u00ed a rozhovory, kter\u00e9 st\u00e1vkov\u00e9 hnut\u00ed iniciovalo, mohou b\u00fdt \u010diniteli\u00a0takov\u00e9 prom\u011bny. <\/span><\/span><\/p>\n<p><span style=\"font-size: large;\"><span style=\"color: #000000; font-family: Calibri;\">Volat k Hospodinu<\/span><\/span><\/p>\n<p><span style=\"margin: 0px; line-height: 115%; font-family: 'Calibri','sans-serif'; font-size: 11pt;\"><span style=\"color: #000000;\" color=\"#000000\">P\u0159\u00ed\u0161t\u00ed celosv\u011btov\u00e1 st\u00e1vkov\u00e1 vlna je napl\u00e1nov\u00e1na na posledn\u00ed t\u0159etinu z\u00e1\u0159\u00ed 2019. Zat\u00edmco n\u011bkte\u0159\u00ed lid\u00e9 se st\u00e1vek \u00fa\u010dastn\u00ed p\u0159\u00edmo, obsazuj\u00ed mosty a nos\u00ed transparenty na n\u00e1m\u011bst\u00edch, mohou se jin\u00ed k\u00a0jejich touze po spravedliv\u00e9 budoucnosti p\u0159ipojit solid\u00e1rn\u00edm sm\u00fd\u0161len\u00edm, psychickou podporou \u010di modlitbou, proto\u017ee \u201etalenty a zapojen\u00ed v\u0161ech jsou nezbytn\u00e9 k n\u00e1prav\u011b \u0161kod zp\u016fsoben\u00fdch lidmi na Bo\u017e\u00edm stvo\u0159en\u00ed\u201c (<i>Pastora\u010dn\u00ed prohl\u00e1\u0161en\u00ed Biskupsk\u00e9 konference Jihoafrick\u00e9 republiky k\u00a0environment\u00e1ln\u00ed krizi<\/i> z\u00a0roku 1999, citov\u00e1no v\u00a0encyklice <i>Laudato si&#8216;<\/i> 14). Projevem solidarity s\u00a0trp\u00edc\u00edm stvo\u0159en\u00edm, se sou\u010dasn\u00fdmi\u00a0ob\u011b\u0165mi klimatick\u00e9 zm\u011bny i s\u00a0d\u011btmi, jejich\u017e budoucnost je ohro\u017eena t\u00e1n\u00edm ledovc\u016f, zaplavov\u00e1n\u00edm pob\u0159e\u017en\u00edch oblast\u00ed a vysych\u00e1n\u00edm vnitrozem\u00ed, m\u016f\u017ee b\u00fdt tich\u00e1 modlitba za klimatickou spravedlnost, setk\u00e1n\u00ed ve farnosti \u010di v\u00a0komunitn\u00edm centru i\u00a0spole\u010dn\u00e9 zasl\u00e1n\u00ed dopisu m\u00edstn\u00edm \u010di region\u00e1ln\u00edm zastupitel\u016fm. M\u016f\u017ee j\u00edm b\u00fdt i vyhrazen\u00ed soukrom\u00e9ho \u010dasu k\u00a0\u010detb\u011b encykliky <i>Laudato si&#8216;<\/i>, kter\u00e1 o ohro\u017een\u00ed planety Zem\u011b i lidsk\u00e9ho druhu, kter\u00fd ji ob\u00fdv\u00e1, mluv\u00ed v\u00a0kontextu k\u0159es\u0165ansk\u00e9 n\u00e1bo\u017eensk\u00e9 tradice. Ostatn\u011b v\u00a0judeo-k\u0159es\u0165ansk\u00e9 tradici je mo\u017en\u00e9 cel\u00e9 sv\u011btov\u00e9 st\u00e1vkov\u00e9 hnut\u00ed ch\u00e1pat jako \u00fap\u011bnliv\u00fd v\u00fdk\u0159ik, jako nal\u00e9hav\u00e9 vol\u00e1n\u00ed k\u00a0Hospodinu,\u00a0Bohu z\u00e1stup\u016f, kter\u00fd se uj\u00edm\u00e1 utla\u010dovan\u00fdch, sirotk\u016f a vdov. Velk\u00e1 \u010d\u00e1st lid\u00ed, kte\u0159\u00ed se st\u00e1vek \u00fa\u010dastn\u00ed, pravd\u011bpodobn\u011b nen\u00ed zvykl\u00e1 obracet se k\u00a0Bohu a sv\u011b\u0159ovat probl\u00e9my sv\u011bta do p\u00e9\u010de Jemu. I v\u00a0tom jim m\u016f\u017eeme b\u00fdt n\u00e1pomocni.<\/span><\/span><\/p>\n<p>[\/et_pb_text][et_pb_text _builder_version=&#8220;3.15&#8243;]<\/p>\n<p style=\"text-align: right;\"><em>Katolick\u00fd t\u00fdden\u00edk<\/em> 2019\/24, Perspektivy, s. 7.<\/p>\n<p>[\/et_pb_text][\/et_pb_column][\/et_pb_row][\/et_pb_section]<\/p>\n","protected":false},"excerpt":{"rendered":"<p>Modlit se a jednat solid\u00e1rn\u011b Sv\u011btla Hanke Jaro\u0161ov\u00e1 &nbsp; Kdy\u017e v\u00a0roce 2001 Jan Pavel II. jako prvn\u00ed pape\u017e v d\u011bjin\u00e1ch pou\u017eil v\u00fdraz \u201eekologick\u00e9 obr\u00e1cen\u00ed\u201c a vyz\u00fdval katolick\u00e9 k\u0159es\u0165any, aby jev zvy\u0161ov\u00e1n\u00ed ekologick\u00e9 vn\u00edmavosti, kter\u00fd pozoroval ve sv\u011bt\u011b, podporovali, bylo ji\u017e na stavu sv\u011bta z\u0159eteln\u011b patrn\u00e9, \u017ee v\u00a0n\u011bm lid\u00e9 nehospoda\u0159\u00ed dob\u0159e. S\u00a0postupuj\u00edc\u00edm \u010dasem je \u010d\u00edm d\u00e1l [&hellip;]<\/p>\n","protected":false},"author":1,"featured_media":1126,"parent":464,"menu_order":0,"comment_status":"closed","ping_status":"closed","template":"","meta":{"_et_pb_use_builder":"on","_et_pb_old_content":"","_et_gb_content_width":""},"_links":{"self":[{"href":"https:\/\/www.zitlaudatosi.cz\/index.php\/wp-json\/wp\/v2\/pages\/1117"}],"collection":[{"href":"https:\/\/www.zitlaudatosi.cz\/index.php\/wp-json\/wp\/v2\/pages"}],"about":[{"href":"https:\/\/www.zitlaudatosi.cz\/index.php\/wp-json\/wp\/v2\/types\/page"}],"author":[{"embeddable":true,"href":"https:\/\/www.zitlaudatosi.cz\/index.php\/wp-json\/wp\/v2\/users\/1"}],"replies":[{"embeddable":true,"href":"https:\/\/www.zitlaudatosi.cz\/index.php\/wp-json\/wp\/v2\/comments?post=1117"}],"version-history":[{"count":15,"href":"https:\/\/www.zitlaudatosi.cz\/index.php\/wp-json\/wp\/v2\/pages\/1117\/revisions"}],"predecessor-version":[{"id":1137,"href":"https:\/\/www.zitlaudatosi.cz\/index.php\/wp-json\/wp\/v2\/pages\/1117\/revisions\/1137"}],"up":[{"embeddable":true,"href":"https:\/\/www.zitlaudatosi.cz\/index.php\/wp-json\/wp\/v2\/pages\/464"}],"wp:featuredmedia":[{"embeddable":true,"href":"https:\/\/www.zitlaudatosi.cz\/index.php\/wp-json\/wp\/v2\/media\/1126"}],"wp:attachment":[{"href":"https:\/\/www.zitlaudatosi.cz\/index.php\/wp-json\/wp\/v2\/media?parent=1117"}],"curies":[{"name":"wp","href":"https:\/\/api.w.org\/{rel}","templated":true}]}}