{"id":102,"date":"2018-12-18T08:21:21","date_gmt":"2018-12-18T08:21:21","guid":{"rendered":"http:\/\/www.zitlaudatosi.cz\/?page_id=102"},"modified":"2023-01-07T18:04:43","modified_gmt":"2023-01-07T18:04:43","slug":"ekologicke-obraceni","status":"publish","type":"page","link":"https:\/\/www.zitlaudatosi.cz\/index.php\/ekologicke-obraceni\/","title":{"rendered":"Ekologick\u00e9 obr\u00e1cen\u00ed"},"content":{"rendered":"<p>[et_pb_section fb_built=&#8220;1&#8243; _builder_version=&#8220;4.16&#8243; global_colors_info=&#8220;{}&#8220;][et_pb_row _builder_version=&#8220;4.16&#8243; custom_padding=&#8220;24px|0px|4px|0px|false|false&#8220; global_colors_info=&#8220;{}&#8220;][et_pb_column type=&#8220;4_4&#8243; _builder_version=&#8220;4.16&#8243; custom_padding=&#8220;|||&#8220; global_colors_info=&#8220;{}&#8220; custom_padding__hover=&#8220;|||&#8220;][et_pb_text admin_label=&#8220;LS 218&#8243; _builder_version=&#8220;4.19.4&#8243; global_colors_info=&#8220;{}&#8220;]<\/p>\n<p style=\"text-align: center;\"><span style=\"color: #000000;\"><span style=\"margin: 0px; line-height: 115%; font-family: 'Calibri','sans-serif'; font-size: 17pt;\">\u201eMus\u00edme zkoumat sv\u00e9 \u017eivoty a uznat, jak jsme sv\u00fdm jedn\u00e1n\u00edm a nejedn\u00e1n\u00edm po\u0161kozovali Bo\u017e\u00ed stvo\u0159en\u00ed.\u201c<\/span> <\/span><\/p>\n<p><span style=\"color: #000000;\"><\/span><\/p>\n<p>[\/et_pb_text][et_pb_text admin_label=&#8220;LS 218&#8243; _builder_version=&#8220;4.19.4&#8243; custom_margin=&#8220;-32px|||||&#8220; custom_padding=&#8220;0px||10px|||&#8220; global_colors_info=&#8220;{}&#8220;]<\/p>\n<p style=\"text-align: right;\">Franti\u0161ek, encyklika <em>Laudato si&#8216;,<\/em> 218<\/p>\n<p><span style=\"color: #000000;\"><\/span><\/p>\n<p>[\/et_pb_text][\/et_pb_column][\/et_pb_row][et_pb_row column_structure=&#8220;3_5,2_5&#8243; _builder_version=&#8220;4.16&#8243; global_colors_info=&#8220;{}&#8220;][et_pb_column type=&#8220;3_5&#8243; _builder_version=&#8220;4.16&#8243; custom_padding=&#8220;|||&#8220; global_colors_info=&#8220;{}&#8220; custom_padding__hover=&#8220;|||&#8220;][et_pb_text _builder_version=&#8220;4.16&#8243; global_colors_info=&#8220;{}&#8220;]<\/p>\n<p><strong>Od Jana Pavla II. vyb\u00edzej\u00ed pape\u017eov\u00e9 k tomu, co naz\u00fdvaj\u00ed &#8222;ekologick\u00e9 obr\u00e1cen\u00ed&#8220;. M\u00e1 to b\u00fdt prom\u011bna k\u0159es\u0165ansk\u00e9ho \u017eivota motivovan\u00e1 lidmi zp\u016fsobenou degradac\u00ed sv\u011bta, kter\u00e1 je v sou\u010dasnosti velmi z\u0159eteln\u00e1.<\/strong><\/p>\n<p><strong>Encyklika <em>Laudato si&#8216;<\/em> pape\u017ee Franti\u0161ka up\u0159es\u0148uje zp\u016fsob, j\u00edm\u017e by se ekologick\u00e9 obr\u00e1cen\u00ed m\u011blo uskute\u010d\u0148ovat, a zd\u016fraz\u0148uje, \u017ee to nen\u00ed \u00fakol pro jednotlivce, ale pro spole\u010denstv\u00ed. Ekologick\u00e9 obr\u00e1cen\u00ed podle n\u00ed obn\u00e1\u0161\u00ed vd\u011b\u010dnost a nezi\u0161tnost, v\u011bdom\u00ed, \u017ee sv\u011bt je Bo\u017e\u00ed l\u00e1skypln\u00fd dar a \u017ee jsme povol\u00e1ni ti\u0161e napodobovat jeho \u0161t\u011bdrost. Obn\u00e1\u0161\u00ed tak\u00e9 miluj\u00edc\u00ed v\u011bdom\u00ed, \u017ee nejsme odd\u011bleni od ostatn\u00edch tvor\u016f, ale spojeni v n\u00e1dhern\u00e9m univerz\u00e1ln\u00edm spole\u010denstv\u00ed &#8211; v\u011bdom\u00ed pout, jimi\u017e n\u00e1s Otec sv\u00e1zal, se v\u0161\u00edm, co spolu s n\u00e1mi je. D<\/strong><strong>ohromady to tvo\u0159\u00ed ducha \u0161t\u011bdr\u00e9 laskav\u00e9 p\u00e9\u010de.<\/strong><\/p>\n<p>[\/et_pb_text][et_pb_text _builder_version=&#8220;4.16&#8243; custom_margin=&#8220;41px||14px|||&#8220; global_colors_info=&#8220;{}&#8220;]Cestu ekologick\u00e9ho obr\u00e1cen\u00ed podle encykliky <em>Laudato si&#8216;<\/em> nazna\u010duje toto video:[\/et_pb_text][et_pb_video src=&#8220;https:\/\/youtu.be\/uFLc81a1uog&#8220; _builder_version=&#8220;4.16&#8243; max_width=&#8220;92%&#8220; global_colors_info=&#8220;{}&#8220;][\/et_pb_video][\/et_pb_column][et_pb_column type=&#8220;2_5&#8243; _builder_version=&#8220;4.16&#8243; custom_padding=&#8220;|||&#8220; global_colors_info=&#8220;{}&#8220; custom_padding__hover=&#8220;|||&#8220;][et_pb_image src=&#8220;https:\/\/www.zitlaudatosi.cz\/wp-content\/uploads\/2023\/01\/windmill-scaled.jpg&#8220; title_text=&#8220;windmill&#8220; align_tablet=&#8220;center&#8220; align_phone=&#8220;center&#8220; align_last_edited=&#8220;on|desktop&#8220; _builder_version=&#8220;4.19.4&#8243; global_colors_info=&#8220;{}&#8220;][\/et_pb_image][et_pb_text _builder_version=&#8220;4.16&#8243; global_colors_info=&#8220;{}&#8220;]<\/p>\n<h3 style=\"text-align: center;\"><span style=\"margin: 0px; line-height: 115%; font-family: 'Calibri','sans-serif'; font-size: 15pt;\"><span style=\"color: #000000;\">\u201eRozhodnut\u00ed ka\u017ed\u00e9ho jednotlivce maj\u00ed dopady na \u017eivoty v\u0161ech ostatn\u00edch.\u201c<\/span><\/span><\/h3>\n<p style=\"text-align: center;\">Pape\u017e Franti\u0161ek na Twitteru 16. 9. 2018<\/p>\n<p>[\/et_pb_text][\/et_pb_column][\/et_pb_row][et_pb_row _builder_version=&#8220;4.16&#8243; custom_margin=&#8220;39px|auto|-42px|auto||&#8220; custom_padding=&#8220;19px|0px|24px|0px|false|false&#8220; global_colors_info=&#8220;{}&#8220;][et_pb_column type=&#8220;4_4&#8243; _builder_version=&#8220;4.16&#8243; custom_padding=&#8220;|||&#8220; global_colors_info=&#8220;{}&#8220; custom_padding__hover=&#8220;|||&#8220;][et_pb_text _builder_version=&#8220;4.16&#8243; min_height=&#8220;112.7px&#8220; custom_padding=&#8220;19px|||||&#8220; global_colors_info=&#8220;{}&#8220;]<\/p>\n<p><strong>Zat\u00edmco d\u0159\u00edv\u011bj\u0161\u00ed pape\u017eov\u00e9 ve sv\u00fdch soci\u00e1ln\u00edch encyklik\u00e1ch volali k odpov\u011bdnosti za d\u011bn\u00ed ve sv\u011bt\u011b vl\u00e1dy st\u00e1t\u016f a glob\u00e1ln\u00ed politickou autoritu (pro n\u011bkter\u00e9 z nich m\u011blo tuto \u00falohu plnit OSN, pozd\u011bji za\u010dali volat po vzniku nov\u00e9, \u00fa\u010dinn\u011bj\u0161\u00ed autority), Franti\u0161ek v soci\u00e1ln\u00ed encyklice <em>Laudato si&#8216;<\/em> vol\u00e1 k odpov\u011bdnosti za sv\u011bt ka\u017ed\u00e9ho jednotliv\u00e9ho \u010dlov\u011bka, kter\u00fd se m\u016f\u017ee a m\u00e1 st\u00e1t sou\u010d\u00e1st\u00ed komunitn\u00edch s\u00edt\u00ed a skrze n\u011b ovliv\u0148ovat b\u011bh d\u011bjin. Podobn\u011b jako pape\u017eov\u00e9 p\u0159ed n\u00edm upozor\u0148uje, \u017ee sou\u010dasn\u00ed lid\u00e9 jsou p\u0159esyceni zmanipulovan\u00fdmi informacemi a je pro n\u011b pro to obt\u00ed\u017en\u00e9 rozli\u0161ovat, co je spr\u00e1vn\u00e9 a dobr\u00e9, a co nen\u00ed, proto je povinnost\u00ed ka\u017ed\u00e9ho \u010dlov\u011bka b\u00fdt bd\u011bl\u00fd s\u00e1m\u00a0 k sob\u011b. Kdy\u017e sleduje sou\u010dasnou celosv\u011btovou situaci, vid\u00ed, \u017ee plod\u00ed pocit nejistoty, kter\u00fd se m\u016f\u017ee st\u00e1vat \u017eivnou p\u016fdou pro kolektivn\u00ed sobectv\u00ed (<em>Laudato si&#8216;<\/em> 204, cituje Jana Pavla II., <a href=\"http:\/\/w2.vatican.va\/content\/john-paul-ii\/en\/messages\/peace\/documents\/hf_jp-ii_mes_19891208_xxiii-world-day-for-peace.html\"><em>Poselstv\u00ed k\u00a0sv\u011btov\u00e9mu dni m\u00edru<\/em><\/a> 1990). Av\u0161ak zat\u00edmco pape\u017eov\u00e9 p\u0159ed n\u00edm popisovali situaci sv\u011bta a n\u00e1pravu \u017e\u00e1dali od politick\u00fdch v\u016fdc\u016f, pape\u017e Franti\u0161ek vol\u00e1 k n\u00e1prav\u011b a k radik\u00e1ln\u00edmu obr\u00e1cen\u00ed ka\u017ed\u00e9ho jednotliv\u00e9ho \u010dlov\u011bka, proto\u017ee i tam, kde vl\u00e1dy st\u00e1t\u016f selh\u00e1vaj\u00ed, m\u00e1 ka\u017ed\u00fd \u010dlov\u011bk Bohem danou schopnost odpov\u00eddat na Bo\u017e\u00ed milost, kter\u00e1 p\u016fsob\u00ed v jeho srdci (<em>Laudato si&#8216;<\/em> 205).<\/strong><\/p>\n<p>[\/et_pb_text][\/et_pb_column][\/et_pb_row][et_pb_row _builder_version=&#8220;4.16&#8243; custom_padding=&#8220;24px|0px|3px|0px|false|false&#8220; global_colors_info=&#8220;{}&#8220;][et_pb_column type=&#8220;4_4&#8243; _builder_version=&#8220;4.16&#8243; custom_padding=&#8220;|||&#8220; global_colors_info=&#8220;{}&#8220; custom_padding__hover=&#8220;|||&#8220;][et_pb_text admin_label=&#8220;CV 51&#8243; _builder_version=&#8220;4.19.4&#8243; custom_padding=&#8220;44px|||||&#8220; global_colors_info=&#8220;{}&#8220;]<\/p>\n<p style=\"text-align: center;\"><span style=\"color: #000000; font-size: x-large;\"><span style=\"margin: 0px; line-height: 115%; font-family: 'Calibri','sans-serif';\">\u201eTo, jak se lidstvo chov\u00e1 k\u00a0\u017eivotn\u00edmu prost\u0159ed\u00ed, ovliv\u0148uje to, jak se chov\u00e1 k\u00a0sob\u011b \u2013 a\u00a0naopak.<span style=\"background: 0px 0px; margin: 0px; padding: 0px; outline: 0px; border: 0px #000000; text-align: left; color: #000000; text-transform: none; text-indent: 0px; letter-spacing: normal; font-style: normal; font-variant: normal; font-weight: 500; text-decoration: none; word-spacing: 0px; vertical-align: baseline; white-space: normal; cursor: text; box-sizing: border-box; orphans: 2; -ms-text-size-adjust: auto; -webkit-text-stroke-width: 0px;\"><span style=\"background: 0px 0px; margin: 0px; padding: 0px; outline: 0px; border: 0px #000000; line-height: 26.66px; vertical-align: baseline; cursor: text; box-sizing: border-box; -ms-text-size-adjust: auto;\">\u201c<\/span><\/span><\/span><\/span><\/p>\n<p>[\/et_pb_text][\/et_pb_column][\/et_pb_row][et_pb_row column_structure=&#8220;3_4,1_4&#8243; _builder_version=&#8220;4.19.4&#8243; custom_padding=&#8220;16px|0px|24px|0px|false|false&#8220; global_colors_info=&#8220;{}&#8220;][et_pb_column type=&#8220;3_4&#8243; _builder_version=&#8220;4.16&#8243; custom_padding=&#8220;|||&#8220; global_colors_info=&#8220;{}&#8220; custom_padding__hover=&#8220;|||&#8220;][et_pb_text _builder_version=&#8220;4.19.4&#8243; custom_margin=&#8220;||14px|||&#8220; custom_padding=&#8220;5px||5px|||&#8220; global_colors_info=&#8220;{}&#8220;]<\/p>\n<p style=\"text-align: right;\">Benedikt XVI., encyklika <em>Caritas in veritate<\/em> 51<\/p>\n<p>[\/et_pb_text][et_pb_text _builder_version=&#8220;4.19.4&#8243; _module_preset=&#8220;default&#8220; inline_fonts=&#8220;ABeeZee,Gafata&#8220; global_colors_info=&#8220;{}&#8220;]<\/p>\n<p><span style=\"font-size: medium; font-family: Gafata; font-weight: normal;\"><span style=\"color: #0c2ad3;\">&#8222;V\u0161ichni jsme zodpov\u011bdn\u00ed za ochranu a p\u00e9\u010di o \u017eivotn\u00ed prost\u0159ed\u00ed. Tato odpov\u011bdnost nezn\u00e1 hranic. V souladu se z\u00e1sadou subsidiarity je d\u016fle\u017eit\u00e9, aby se ka\u017ed\u00fd anga\u017eoval na sv\u00e9 vlastn\u00ed \u00farovni a pracoval na p\u0159ekon\u00e1n\u00ed p\u0159evahy partikul\u00e1rn\u00edch z\u00e1jm\u016f. Zvl\u00e1\u0161tn\u00ed \u00faloha p\u0159i zvy\u0161ov\u00e1n\u00ed pov\u011bdom\u00ed a p\u0159i formov\u00e1n\u00ed n\u00e1le\u017e\u00ed r\u016fzn\u00fdm skupin\u00e1m v ob\u010dansk\u00e9 spole\u010dnosti a nevl\u00e1dn\u00edm organizac\u00edm, kter\u00e9 odhodlan\u011b a velkoryse pracuj\u00ed na \u0161\u00ed\u0159en\u00ed ekologick\u00e9 odpov\u011bdnosti, odpov\u011bdnosti, kter\u00e1 by m\u011bla b\u00fdt st\u00e1le hloub\u011bji zakotvena v respektu<\/span><span style=\"color: #0c2ad3;\"> k \u201elidsk\u00e9 ekologii\u201c. M\u00e9dia maj\u00ed v tomto ohledu rovn\u011b\u017e odpov\u011bdnost nab\u00edzet pozitivn\u00ed a inspirativn\u00ed vzory. Stru\u010dn\u011b \u0159e\u010deno, p\u00e9\u010de o \u017eivotn\u00ed prost\u0159ed\u00ed vy\u017eaduje \u0161irokou glob\u00e1ln\u00ed vizi sv\u011bta; odpov\u011bdn\u00e9 spole\u010dn\u00e9 \u00fasil\u00ed o p\u0159ekon\u00e1n\u00ed p\u0159\u00edstup\u016f zalo\u017een\u00fdch na sobeck\u00fdch nacionalistick\u00fdch z\u00e1jmech sm\u011brem k vizi neust\u00e1le otev\u0159en\u00e9 pot\u0159eb\u00e1m v\u0161ech n\u00e1rod\u016f. Nem\u016f\u017eeme z\u016fstat lhostejn\u00ed k tomu, co se d\u011bje kolem n\u00e1s, proto\u017ee zhor\u0161ov\u00e1n\u00ed stavu kter\u00e9koli \u010d\u00e1sti planety se t\u00fdk\u00e1 n\u00e1s v\u0161ech. &#8230; <strong>Proto ochotn\u011b podporuji \u00fasil\u00ed o v\u011bt\u0161\u00ed smysl pro ekologickou odpov\u011bdnost, kter\u00e1 by &#8230; chr\u00e1nila autentickou \u201elidskou ekologii\u201c, a tak d\u016frazn\u011b potvrdila nedotknutelnost lidsk\u00e9ho \u017eivota<\/strong>\u00a0 \u00a0 \u00a0 v ka\u017ed\u00e9 f\u00e1zi a v ka\u017ed\u00e9m stavu, d\u016fstojnost osoby <strong>a jedine\u010dn\u00e9 posl\u00e1n\u00ed rodiny<\/strong>, kde se \u010dlov\u011bk vychov\u00e1v\u00e1 v l\u00e1sce k bli\u017en\u00edmu a \u00fact\u011b k p\u0159\u00edrod\u011b. <strong>Toto d\u011bdictv\u00ed hodnot m\u00e1 sv\u016fj p\u016fvod v p\u0159irozen\u00e9m mravn\u00edm z\u00e1kon\u011b, kter\u00fd je z\u00e1kladem \u00facty k lidsk\u00e9 osob\u011b a stvo\u0159en\u00ed, a je jeho sou\u010d\u00e1st\u00ed.<\/strong>&#8222;<\/span><\/span><\/p>\n<p><span style=\"color: #0ab213; font-size: medium; font-family: Gafata; font-weight: normal;\"><a href=\"https:\/\/www.vatican.va\/content\/benedict-xvi\/en\/messages\/peace\/documents\/hf_ben-xvi_mes_20091208_xliii-world-day-peace.html\">Poselstv\u00ed k Sv\u011btov\u00e9mu dni m\u00edru 2010<\/a>, &#8222;Chcete-li d\u00e1t vyr\u016fst m\u00edru, chra\u0148te stvo\u0159en\u00ed&#8220;, odst. 11-12<\/span><\/p>\n<p><span style=\"color: #0c2ad3;\"><strong><span style=\"font-size: medium;\"><span style=\"font-family: inherit;\"><\/span><\/span><\/strong><\/span><\/p>\n<p>[\/et_pb_text][\/et_pb_column][et_pb_column type=&#8220;1_4&#8243; _builder_version=&#8220;4.16&#8243; custom_padding=&#8220;|||&#8220; global_colors_info=&#8220;{}&#8220; custom_padding__hover=&#8220;|||&#8220;][et_pb_divider show_divider=&#8220;off&#8220; _builder_version=&#8220;4.19.4&#8243; _module_preset=&#8220;default&#8220; global_colors_info=&#8220;{}&#8220;][\/et_pb_divider][et_pb_image src=&#8220;https:\/\/www.zitlaudatosi.cz\/wp-content\/uploads\/2019\/01\/pope-benedict-xvi-84230.jpg&#8220; align_tablet=&#8220;center&#8220; align_phone=&#8220;center&#8220; align_last_edited=&#8220;on|desktop&#8220; _builder_version=&#8220;4.16&#8243; global_colors_info=&#8220;{}&#8220;][\/et_pb_image][et_pb_button button_url=&#8220;https:\/\/www.zitlaudatosi.cz\/index.php\/poselstvi-benedikta-xvi\/&#8220; url_new_window=&#8220;on&#8220; button_text=&#8220;pln\u00fd text poselstv\u00ed Benedikta XVI.&#8220; button_alignment=&#8220;center&#8220; admin_label=&#8220;Poselstv\u00ed Benedikta XVI.&#8220; _builder_version=&#8220;4.19.4&#8243; _module_preset=&#8220;default&#8220; custom_button=&#8220;on&#8220; button_text_size=&#8220;15px&#8220; global_colors_info=&#8220;{}&#8220;][\/et_pb_button][\/et_pb_column][\/et_pb_row][\/et_pb_section]<\/p>\n","protected":false},"excerpt":{"rendered":"<p>\u201eMus\u00edme zkoumat sv\u00e9 \u017eivoty a uznat, jak jsme sv\u00fdm jedn\u00e1n\u00edm a nejedn\u00e1n\u00edm po\u0161kozovali Bo\u017e\u00ed stvo\u0159en\u00ed.\u201c Franti\u0161ek, encyklika Laudato si&#8216;, 218 Od Jana Pavla II. vyb\u00edzej\u00ed pape\u017eov\u00e9 k tomu, co naz\u00fdvaj\u00ed &#8222;ekologick\u00e9 obr\u00e1cen\u00ed&#8220;. M\u00e1 to b\u00fdt prom\u011bna k\u0159es\u0165ansk\u00e9ho \u017eivota motivovan\u00e1 lidmi zp\u016fsobenou degradac\u00ed sv\u011bta, kter\u00e1 je v sou\u010dasnosti velmi z\u0159eteln\u00e1. Encyklika Laudato si&#8216; pape\u017ee Franti\u0161ka up\u0159es\u0148uje [&hellip;]<\/p>\n","protected":false},"author":1,"featured_media":0,"parent":0,"menu_order":0,"comment_status":"closed","ping_status":"closed","template":"","meta":{"_et_pb_use_builder":"on","_et_pb_old_content":"","_et_gb_content_width":""},"_links":{"self":[{"href":"https:\/\/www.zitlaudatosi.cz\/index.php\/wp-json\/wp\/v2\/pages\/102"}],"collection":[{"href":"https:\/\/www.zitlaudatosi.cz\/index.php\/wp-json\/wp\/v2\/pages"}],"about":[{"href":"https:\/\/www.zitlaudatosi.cz\/index.php\/wp-json\/wp\/v2\/types\/page"}],"author":[{"embeddable":true,"href":"https:\/\/www.zitlaudatosi.cz\/index.php\/wp-json\/wp\/v2\/users\/1"}],"replies":[{"embeddable":true,"href":"https:\/\/www.zitlaudatosi.cz\/index.php\/wp-json\/wp\/v2\/comments?post=102"}],"version-history":[{"count":59,"href":"https:\/\/www.zitlaudatosi.cz\/index.php\/wp-json\/wp\/v2\/pages\/102\/revisions"}],"predecessor-version":[{"id":3072,"href":"https:\/\/www.zitlaudatosi.cz\/index.php\/wp-json\/wp\/v2\/pages\/102\/revisions\/3072"}],"wp:attachment":[{"href":"https:\/\/www.zitlaudatosi.cz\/index.php\/wp-json\/wp\/v2\/media?parent=102"}],"curies":[{"name":"wp","href":"https:\/\/api.w.org\/{rel}","templated":true}]}}